{"id":29,"date":"2018-11-07T17:35:42","date_gmt":"2018-11-07T17:35:42","guid":{"rendered":"https:\/\/estudiosdeldesarrollo.mx\/observatoriodeldesarrollo\/?page_id=29"},"modified":"2022-03-28T17:51:46","modified_gmt":"2022-03-28T17:51:46","slug":"objetivo","status":"publish","type":"page","link":"https:\/\/estudiosdeldesarrollo.mx\/observatoriodeldesarrollo\/objetivo\/","title":{"rendered":"Objetivo"},"content":{"rendered":"<p>Difundir an\u00e1lisis cient\u00edficos y cr\u00edticos que contribuyan a debatir diversos t\u00f3picos relevantes para la sociedad en general, a trav\u00e9s de las m\u00faltiples perspectivas de los estudios del desarrollo con enfoques que van desde el \u00e1mbito local hasta el mundial. Se abordan temas que abarcan aspectos pol\u00edticos de coyuntura en una geograf\u00eda espec\u00edfica y discusiones te\u00f3ricas sobre el desarrollo en todas sus dimensiones. Los art\u00edculos son breves y tanto su formato como su lenguaje pretenden ser accesibles para aquellos lectores que no son necesariamente expertos en una determinada \u00e1rea de especializaci\u00f3n.<\/p>\n","protected":false},"excerpt":{"rendered":"<p>Difundir an\u00e1lisis cient\u00edficos y cr\u00edticos que contribuyan a debatir diversos t\u00f3picos relevantes para la sociedad en general, a trav\u00e9s de las m\u00faltiples perspectivas de los estudios del desarrollo con enfoques que van desde el \u00e1mbito local hasta el mundial. Se<\/p>\n","protected":false},"author":2,"featured_media":0,"parent":0,"menu_order":0,"comment_status":"closed","ping_status":"closed","template":"","meta":{"footnotes":""},"class_list":["post-29","page","type-page","status-publish","hentry"],"_links":{"self":[{"href":"https:\/\/estudiosdeldesarrollo.mx\/observatoriodeldesarrollo\/wp-json\/wp\/v2\/pages\/29","targetHints":{"allow":["GET"]}}],"collection":[{"href":"https:\/\/estudiosdeldesarrollo.mx\/observatoriodeldesarrollo\/wp-json\/wp\/v2\/pages"}],"about":[{"href":"https:\/\/estudiosdeldesarrollo.mx\/observatoriodeldesarrollo\/wp-json\/wp\/v2\/types\/page"}],"author":[{"embeddable":true,"href":"https:\/\/estudiosdeldesarrollo.mx\/observatoriodeldesarrollo\/wp-json\/wp\/v2\/users\/2"}],"replies":[{"embeddable":true,"href":"https:\/\/estudiosdeldesarrollo.mx\/observatoriodeldesarrollo\/wp-json\/wp\/v2\/comments?post=29"}],"version-history":[{"count":4,"href":"https:\/\/estudiosdeldesarrollo.mx\/observatoriodeldesarrollo\/wp-json\/wp\/v2\/pages\/29\/revisions"}],"predecessor-version":[{"id":1637,"href":"https:\/\/estudiosdeldesarrollo.mx\/observatoriodeldesarrollo\/wp-json\/wp\/v2\/pages\/29\/revisions\/1637"}],"wp:attachment":[{"href":"https:\/\/estudiosdeldesarrollo.mx\/observatoriodeldesarrollo\/wp-json\/wp\/v2\/media?parent=29"}],"curies":[{"name":"wp","href":"https:\/\/api.w.org\/{rel}","templated":true}]}}