{"id":2868,"date":"2026-08-18T18:07:45","date_gmt":"2026-08-18T18:07:45","guid":{"rendered":"https:\/\/estudiosdeldesarrollo.mx\/migracionydesarrollo\/?page_id=2868"},"modified":"2026-08-18T18:07:46","modified_gmt":"2026-08-18T18:07:46","slug":"numero-45-texto-completo-jvs","status":"publish","type":"page","link":"https:\/\/estudiosdeldesarrollo.mx\/migracionydesarrollo\/numero-45-texto-completo-jvs\/","title":{"rendered":"Numero 45 texto completo jvs"},"content":{"rendered":"<div id=\"contenedor30\">\n<div style=\"float: left;\">\n<div>\n<p><a href=\"https:\/\/estudiosdeldesarrollo.mx\/migracionydesarrollo\/numero-45\/\"><img loading=\"lazy\" decoding=\"async\" class=\" wp-image-111 alignleft\" src=\"https:\/\/estudiosdeldesarrollo.mx\/migracionydesarrollo\/wp-content\/uploads\/2026\/07\/MyD45portada.jpg\" alt=\"\" width=\"177\" height=\"246\" \/><\/a><\/p>\n<p><span style=\"color: #831f82;\"><strong><em>Migraci\u00f3n y Desarrollo<\/em>, volumen 23, n\u00famero 45, segundo semestre 2025<\/strong><\/span>, es una publicaci\u00f3n semestral editada por la Universidad Aut\u00f3noma de Zacatecas \u00abFrancisco Garc\u00eda Salinas\u00bb, a trav\u00e9s de la Unidad Acad\u00e9mica de Estudios del Desarrollo, Jard\u00edn Ju\u00e1rez 147, colonia Centro, Zacatecas, C.P. 98000, Tel. (01492) 922 91 09, www.uaz.edu.mx, www.estudiosdeldesarrollo.net, revistamyd@estudiosdeldesarrollo.net. Editor responsable: Ra\u00fal Delgado Wise. Reserva de Derechos al Uso Exclusivo V\u00eda Red C\u00f3mputo No. 04-2015-060212200400-203. ISSN: 2448-7783, ambos otorgados por el Instituto Nacional del Derecho de Autor. Responsable de \u00faltima actualizaci\u00f3n: Unidad Acad\u00e9mica de Estudios del Desarrollo, Maximino Gerardo Luna Estrada, Campus Universitario II, avenida Preparatoria s\/n, fraccionamiento Progreso, Zacatecas, C.P. 98065. Fecha de la \u00faltima modificaci\u00f3n, septiembre de 2025.<\/p>\n<p>Las opiniones expresadas por los autores no necesariamente reflejan la postura del editor de la publicaci\u00f3n. Queda estrictamente prohibida la reproducci\u00f3n total o parcial de los contenidos e im\u00e1genes de la publicaci\u00f3n sin previa autorizaci\u00f3n de la Universidad Aut\u00f3noma de Zacatecas \u00abFrancisco Garc\u00eda Salinas\u00bb a trav\u00e9s de la Unidad Acad\u00e9mica de Estudios del Desarrollo.<\/p>\n<p><a style=\"color: #999999;\" href=\"https:\/\/doi.org\/10.35533\/myd.numero45\"> https:\/\/doi.org\/10.35533\/myd.numero45<\/a><\/p>\n<\/div>\n<\/div>\n<div style=\"float: left; background-color: #f2f2f2; padding: 10px; width: 100%;\">\n<h2 class=\"p1\"><span style=\"color: #000000;\">La reestructuraci\u00f3n neoliberal y la exportaci\u00f3n de fuerza de trabajo dominicana altamente calificada hacia Estados Unidos<\/span><\/h2>\n<h4 class=\"p3\" style=\"text-align: right;\"><span style=\"color: #808080;\">Neoliberal restructuring and the export of highly skilled Dominican labor to the United States<\/span><\/h4>\n<p class=\"p1\" style=\"text-align: right;\">Recibido <span class=\"s1\">08<\/span>\/<span class=\"s1\">07<\/span>\/<span class=\"s1\">25<\/span> | Aceptado <span class=\"s1\">29<\/span>;\/<span class=\"s1\">07<\/span>\/<span class=\"s1\">25<\/span><\/p>\n<h6 class=\"p5\"><span style=\"color: #000000;\">Jorge V\u00e1squez Sena*<\/span><\/h6>\n<p class=\"p1\" style=\"text-align: right; padding-left: 40px;\"><span class=\"s1\">*<\/span><span class=\"s1\">* Dominicano. Licenciado en Sociolog\u00eda, Asociaci\u00f3n Dominicana de Estudiantes de Sociolog\u00eda. Correo-e: jorgevasquez654@gmail.com<\/span><\/p>\n<p class=\"p1\"><strong><span class=\"s1\">Resumen. <\/span><\/strong>Este trabajo analiza, desde una perspectiva hist\u00f3rico-estructural y contrahegem\u00f3nica, la emigraci\u00f3n de profesionales dominicanos altamente calificados hacia Estados Unidos bajo la reestructuraci\u00f3n neoliberal global. Tras la crisis de 1970-1980, la Rep\u00fablica Dominicana sustituy\u00f3 su modelo agroexportador tradicional por una econom\u00eda de servicios (turismo y zonas francas). Esta transici\u00f3n, guiada por organismos internacionales, precariz\u00f3 el mercado laboral local e increment\u00f3 la informalidad, impulsando la migraci\u00f3n incluso de sectores con educaci\u00f3n superior. A trav\u00e9s de fuentes documentales y estad\u00edsticas, se evidencia el crecimiento exponencial de esta cohorte calificada en territorio estadounidense, insertada en sectores estrat\u00e9gicos como administraci\u00f3n, finanzas y \u00e1reas CTIM (Ciencia, Tecnolog\u00eda, Ingenier\u00eda y Matem\u00e1ticas). El estudio concluye que este flujo migratorio representa una exportaci\u00f3n directa de fuerza de trabajo que transfiere valor neto desde la periferia subordinada hacia el centro hegem\u00f3nico, subsidiando la vanguardia tecnol\u00f3gica global y reproduciendo lazos de dependencia e intercambio desigual.<\/p>\n<p class=\"p1\"><span class=\"s1\"><b>Palabras clave:\u00a0<\/b><\/span>reestructuraci\u00f3n neoliberal, dependencia, enfoque hist\u00f3rico-estructural, fuerza de trabajo, exportaci\u00f3n de fuerza de trabajo.<\/p>\n<p class=\"p1\"><span class=\"s4\"><b>Abstract.\u00a0<\/b><\/span><span class=\"s1\">This paper analyzes, from a historical-structural and counter-hegemonic perspective, the emigration of highly qualified Dominican professionals to the United States under global neoliberal restructuring. Following the 1970-1980 crisis, the Dominican Republic replaced its traditional agro-export model with a service-based economy (tourism and free-trade zones). This transition, guided by international organizations, rendered the local labor market precarious and increased informality, driving migration even among those with higher education. Through documentary and statistical sources, the study highlights the exponential growth of this qualified cohort within US territory, integrated into strategic sectors such as administration, finance, and STEM (Science, Technology, Engineering, and Mathematics) fields. The study concludes that this migratory flow represents a direct export of labor that transfers net value from the subordinated periphery to the hegemonic center, subsidizing the global technological vanguard and reproducing ties of dependency and unequal exchange.<\/span><\/p>\n<p class=\"p1\"><span class=\"s1\"><b>Keywords:\u00a0<\/b><\/span>neoliberal restructuring, dependency, historical-structural approach, labor force, export of labor.<\/p>\n<p>&nbsp;<\/p>\n<h3 class=\"p1\" style=\"text-align: center;\"><span style=\"color: #333333;\">Introducci\u00f3n<\/span><\/h3>\n<p class=\"p3\"><span style=\"color: #333333;\">La configuraci\u00f3n del sistema capitalista mundial se ha sustentado hist\u00f3ricamente sobre relaciones asim\u00e9tricas que dictan din\u00e1micas polarizadas para las naciones. La divisi\u00f3n internacional del trabajo no constituye un escenario nivelado de oportunidades, sino una estructura jer\u00e1rquica que contrapone un centro hegem\u00f3nico a una periferia subordinada, donde el subdesarrollo no representa una fase previa al desarrollo, sino un producto directo de una integraci\u00f3n dependiente.<\/span><\/p>\n<p class=\"p4\"><span style=\"color: #333333;\"><span class=\"s1\">Desde los centros metropolitanos industrializados, la expansi\u00f3n del capitalismo hacia las regiones perif\u00e9ricas sent\u00f3 las bases de un entramado interestatal profundamente asim\u00e9trico. Como se argumenta desde la literatura sociol\u00f3gica, la estructura de las relaciones econ\u00f3micas internacionales condiciona de forma insoslayable las caracter\u00edsticas internas de los mercados nacionales (Del B\u00fafalo, <\/span><span class=\"s2\">2002<\/span><span class=\"s1\">). La coexistencia de un bloque desarrollado frente a un polo dependiente y subdesarrollado no responde a fallas fortuitas o locales en la aplicaci\u00f3n de los modelos liberales, sino que el subdesarrollo es funcional para el mantenimiento de las estructuras globales de dominaci\u00f3n imperialista (Gunder, <\/span><span class=\"s2\">1966<\/span><span class=\"s1\">).<\/span><\/span><\/p>\n<p class=\"p4\"><span style=\"color: #333333;\"><span class=\"s1\">La crisis de los <\/span><span class=\"s2\">1970<\/span><span class=\"s1\"> y la subsecuente reestructuraci\u00f3n neoliberal propiciaron innovaciones cient\u00edfico-tecnol\u00f3gicas (lideradas por la microelectr\u00f3nica y conglomerados transnacionales) que reorganizaron la producci\u00f3n mundial a trav\u00e9s de tres operaciones complementarias: la relocalizaci\u00f3n del capital hacia la periferia para aprovechar la mano de obra de bajo costo, la aceleraci\u00f3n tecnol\u00f3gica y la atracci\u00f3n selectiva de inmigrantes hacia las econom\u00edas centrales con el fin de abaratar los costes laborales (Delgado, <\/span><span class=\"s2\">1993<\/span><span class=\"s1\">; Forcinito y Tol\u00f3n, <\/span><span class=\"s2\">2009<\/span><span class=\"s1\">; Delgado <\/span><em><span class=\"s3\">et al.<\/span><\/em><span class=\"s1\">, <\/span><span class=\"s2\">2009<\/span><span class=\"s1\">).<\/span><\/span><\/p>\n<p class=\"p4\"><span style=\"color: #333333;\"><span class=\"s1\">Esta din\u00e1mica consolid\u00f3 la \u00abexportaci\u00f3n indirecta o incorp\u00f3rea de fuerza de trabajo\u00bb mediante enclaves de ensamble (maquiladoras o zonas francas), donde el valor se transfiere al exterior y se genera de manera dial\u00e9ctica una subsecuente exportaci\u00f3n directa v\u00eda migraci\u00f3n laboral (Delgado <\/span><span class=\"s3\"><em>et al<\/em>.<\/span><span class=\"s1\">, <\/span><span class=\"s2\">2009<\/span><span class=\"s1\">). La exportaci\u00f3n directa de fuerza de trabajo calificada impone graves perjuicios a las naciones perif\u00e9ricas, debido a que el pa\u00eds emisor asume los costes de reproducci\u00f3n y formaci\u00f3n de estos profesionales, mientras que se anulan las capacidades de innovaci\u00f3n local, limitando el desarrollo aut\u00f3nomo (Delgado <\/span><em><span class=\"s3\">et al.<\/span><\/em><span class=\"s1\">, <\/span><span class=\"s2\">2009<\/span><span class=\"s1\">).<\/span><\/span><\/p>\n<p class=\"p4\"><span class=\"s1\" style=\"color: #333333;\">Para Rep\u00fablica Dominicana, este periodo cr\u00edtico signific\u00f3 el colapso del modelo de sustituci\u00f3n de importaciones y de la industria azucarera, forzando un vuelco guiado hacia los servicios (turismo y zonas francas). Dicha transici\u00f3n consolid\u00f3 un esquema de exportaci\u00f3n indirecta de fuerza de trabajo caracterizado por la precariedad y el d\u00e9bil encadenamiento productivo local. El consecuente deterioro de las condiciones de vida potenci\u00f3 un \u00e9xodo migratorio que, paulatinamente, incorpor\u00f3 de forma creciente a profesionales de alta cualificaci\u00f3n, como se detallar\u00e1 a continuaci\u00f3n.<\/span><\/p>\n<p class=\"p4\"><span style=\"color: #333333;\"><span class=\"s1\">Frente a este panorama, se estima pertinente plantear la siguiente cuesti\u00f3n: <\/span><span class=\"s4\">\u00f8<\/span><span class=\"s1\">qu\u00e9 implicaciones estructurales reviste para Rep\u00fablica Dominicana la contempor\u00e1nea exportaci\u00f3n directa de fuerza de trabajo altamente calificada hacia Estados Unidos<\/span><span class=\"s4\">?<\/span><span class=\"s1\"> Asimismo, resulta de inter\u00e9s indagar sobre las modalidades de inserci\u00f3n laboral que asumen estos profesionales en el mercado de trabajo estadounidense.<\/span><\/span><\/p>\n<p class=\"p4\"><span style=\"color: #333333;\"><span class=\"s1\">Se asume como hip\u00f3tesis central de este trabajo que la exportaci\u00f3n de fuerza de trabajo altamente calificada de Rep\u00fablica Dominicana hacia Estados Unidos se encuentra vinculada de manera directa al proceso de reestructuraci\u00f3n neoliberal implementado en el pa\u00eds bajo las directrices de organismos multilaterales como el Fondo Monetario Internacional. Se entiende que, como describe Delgado Wise (<\/span><span class=\"s2\">2023<\/span><span class=\"s1\">) para el caso mexicano, las medidas de ajuste estructural tienden a degradar de manera sistem\u00e1tica la calidad del empleo y los niveles de vida internos, operando como un resorte de expulsi\u00f3n que empuja a los profesionales de alta calificaci\u00f3n a satisfacer las demandas de trabajo tecnificado del capital central, profundizando el intercambio desigual y los lazos hist\u00f3ricos de dependencia entre Rep\u00fablica Dominicana y Estados Unidos.<\/span><\/span><\/p>\n<h3 class=\"p1\" style=\"text-align: center;\"><span style=\"color: #333333;\">El desarrollo y las migraciones desde <\/span><span style=\"color: #333333;\">los enfoques hist\u00f3rico-estructurales<\/span><\/h3>\n<p class=\"p3\"><span style=\"color: #333333;\"><span class=\"s1\">Frente a las interpretaciones funcionalistas y desarrollistas que entend\u00edan el desarrollo como un tr\u00e1nsito lineal, progresivo y homog\u00e9neo hacia la industrializaci\u00f3n, las teor\u00edas de la dependencia demostraron que la expansi\u00f3n del capitalismo internacional se asienta en una asimetr\u00eda de poder que perpet\u00faa la subordinaci\u00f3n de la periferia (Bambirra, <\/span><span class=\"s2\">1978<\/span><span class=\"s1\">; Massey, <\/span><span class=\"s2\">2017<\/span><span class=\"s1\">). Cardoso y Faletto (<\/span><span class=\"s2\">1977<\/span><span class=\"s1\">) argumentaron que las situaciones de subdesarrollo se consolidaron hist\u00f3ricamente cuando los mercados perif\u00e9ricos se vincularon de modo desigual a la estructura capitalista global, ocupando posiciones subordinadas que condicionan su autonom\u00eda pol\u00edtica y econ\u00f3mica en favor de los intereses de las econom\u00edas del centro.<\/span><\/span><\/p>\n<p class=\"p4\"><span style=\"color: #333333;\"><span class=\"s1\">Desde la perspectiva de la Teor\u00eda Marxista de la Dependencia, Ruy Mauro Marini (<\/span><span class=\"s2\">2008<\/span><span class=\"s1\">) situ\u00f3 el origen de este fen\u00f3meno en la divisi\u00f3n internacional del trabajo impuesta desde la expansi\u00f3n mercantil europea. En este marco de subordinaci\u00f3n, las relaciones de producci\u00f3n internas de las naciones perif\u00e9ricas son modificadas o reajustadas para asegurar la reproducci\u00f3n ampliada del capital central mediante mecanismos de transferencia de valor, intercambio desigual y la superexplotaci\u00f3n del trabajo, din\u00e1micas potenciadas por la penetraci\u00f3n de corporaciones imperialistas.<\/span><\/span><\/p>\n<p class=\"p4\"><span style=\"color: #333333;\"><span class=\"s1\">Por su parte, la teor\u00eda de los sistemas-mundo de Immanuel Wallerstein (<\/span><span class=\"s2\">2011<\/span><span class=\"s1\">a y <\/span><span class=\"s2\">2011<\/span><span class=\"s1\">b) define la econom\u00eda-mundo capitalista como una entidad econ\u00f3mica unificada por lazos mercantiles, pero pol\u00edticamente fragmentada, dividida estructuralmente en centro, semiperiferia y periferia. El sistema opera mediante una din\u00e1mica de desarrollo desigual que distribuye de forma asim\u00e9trica las recompensas y excedentes econ\u00f3micos, explotando mano de obra barata en las regiones perif\u00e9ricas para financiar la acumulaci\u00f3n de capital en el centro (Wallerstein, <\/span><span class=\"s2\">2011<\/span><span class=\"s1\">a; Arango, <\/span><span class=\"s2\">2003<\/span><span class=\"s1\">). La semiperiferia cumple la funci\u00f3n pol\u00edtica de suavizar o velar las contradicciones sist\u00e9micas, simulando una fluidez o movilidad ascendente dentro de la jerarqu\u00eda global (Wallerstein, <\/span><span class=\"s2\">1974<\/span><span class=\"s1\">; J. Petras, <\/span><span class=\"s2\">1981<\/span><span class=\"s1\">). El subdesarrollo es, por tanto, una consecuencia sociohist\u00f3rica intr\u00ednseca a la estructura del capitalismo global (Gunder, <\/span><span class=\"s2\">1966<\/span><span class=\"s1\">).<\/span><\/span><\/p>\n<p class=\"p4\"><span style=\"color: #333333;\"><span class=\"s1\">Bajo la \u00f3ptica hist\u00f3rico-estructural, los movimientos migratorios internacionales no constituyen simples agregados de decisiones individuales guiadas por la racionalidad econ\u00f3mica, sino desplazamientos condicionados por las relaciones de dominaci\u00f3n centro-periferia y las distorsiones de la divisi\u00f3n internacional del trabajo (Arango, <\/span><span class=\"s2\">2003<\/span><span class=\"s1\">; Massey, <\/span><span class=\"s2\">2017<\/span><span class=\"s1\">). Las econom\u00edas perif\u00e9ricas volcadas hacia la exportaci\u00f3n primaria o dependientes de la inversi\u00f3n extranjera directa sufren severas disrupciones en sus mercados de trabajo internos, lo que genera desarticulaci\u00f3n laboral y desplazamientos internos de mano de obra (Fiala, <\/span><span class=\"s2\">1992<\/span><span class=\"s1\">).<\/span><\/span><\/p>\n<p class=\"p4\"><span style=\"color: #333333;\"><span class=\"s1\">Elizabeth McLean (<\/span><span class=\"s2\">1981<\/span><span class=\"s1\">) sostiene que el mercado laboral mundial est\u00e1 configurado por la contradicci\u00f3n capital-trabajo en una escala global, operando bajo dos fuerzas concurrentes. Primero, el desarrollo desigual establece una marcada jerarqu\u00eda salarial geogr\u00e1fica que atrae mano de obra de todas las cualificaciones hacia los salarios nominalmente elevados del centro. Segundo, el capital implementa estrategias de importaci\u00f3n y relocalizaci\u00f3n de fuerza de trabajo para acceder a las reservas laborales de menores costes de la periferia a fin de contrarrestar presiones salariales internas.<\/span><\/span><\/p>\n<p class=\"p4\"><span style=\"color: #333333;\"><span class=\"s1\">Sassen (<\/span><span class=\"s2\">2004<\/span><span class=\"s1\">, <\/span><span class=\"s2\">2020<\/span><span class=\"s1\">) complementa este enfoque evidenciando que la penetraci\u00f3n de corporaciones multinacionales y la aplicaci\u00f3n de programas de ajuste estructural del FMI desarticulan los tejidos econ\u00f3micos locales en la periferia, tornando inhabitables determinados entornos socioecon\u00f3micos y forzando flujos transfronterizos en pos de la subsistencia. Asimismo, la relocalizaci\u00f3n manufacturera hacia el Sur global (maquiladoras) act\u00faa como un mecanismo para mitigar la tendencia decreciente de la tasa de ganancia de los monopolios del Norte, erosionando las din\u00e1micas agrarias y locales y constituyendo una reserva de mano de obra migrante superexplotable (Villarespe, <\/span><span class=\"s2\">1981<\/span><span class=\"s1\">; Crossa, <\/span><span class=\"s2\">2016<\/span><span class=\"s1\">; Vidal, <\/span><span class=\"s2\">2020<\/span><span class=\"s1\">). En s\u00edntesis, el expansionismo del capitalismo central incursiona en las econom\u00edas perif\u00e9ricas, modificando las estructuras econ\u00f3micas locales y moldeando relaciones de subordinaci\u00f3n en procura del propio crecimiento, a expensas de la desintegraci\u00f3n de las din\u00e1micas locales de vida material.<\/span><\/span><\/p>\n<p class=\"p4\"><span style=\"color: #333333;\"><span class=\"s1\">En la teor\u00eda econ\u00f3mica ortodoxa se ha abordado tradicionalmente la migraci\u00f3n de profesionales mediante la noci\u00f3n del <\/span><em><span class=\"s3\">brain drain<\/span><\/em><span class=\"s1\"> o fuga de cerebros, vinculada a la teor\u00eda de capital humano de Gary Becker y Theodore Schultz, interpret\u00e1ndola como una b\u00fasqueda individual de optimizaci\u00f3n de ingresos frente a factores de expulsi\u00f3n locales como inestabilidad pol\u00edtica o falta de crecimiento (Montuschi, <\/span><span class=\"s2\">1999<\/span><span class=\"s1\">; Brandi, <\/span><span class=\"s2\">2006<\/span><span class=\"s1\">; Johnson, <\/span><span class=\"s2\">2008<\/span><span class=\"s1\">; Docquier, <\/span><span class=\"s2\">2014<\/span><span class=\"s1\">). No obstante, este enfoque adolece de un sesgo individualista y ahist\u00f3rico que invisibiliza los imperativos de reproducci\u00f3n del capital global.<\/span><\/span><\/p>\n<p class=\"p4\"><span style=\"color: #333333;\"><span class=\"s1\">Desde una postura cr\u00edtica, los enfoques hist\u00f3rico-estructurales proponen una lectura del fen\u00f3meno atendiendo a los contextos en los cuales tienen lugar, proponiendo una interpretaci\u00f3n del mismo como parte de un complejo sistema de relaciones sociales, hist\u00f3ricas, econ\u00f3micas y pol\u00edticas. As\u00ed, la teor\u00eda de los sistemas-mundo, por ejemplo, concibe la migraci\u00f3n altamente capacitada como un proceso de atracci\u00f3n selectiva donde el capital prioriza la calidad del conocimiento t\u00e9cnico por encima de la cantidad (McLean, <\/span><span class=\"s2\">1981<\/span><span class=\"s1\">). Al absorber estos contingentes, los pa\u00edses centrales agrandan la brecha cient\u00edfica y tecnol\u00f3gica respecto a la periferia, limitando el desarrollo interno de los pa\u00edses emisores. La reestructuraci\u00f3n neoliberal, desde esta perspectiva, reconfigur\u00f3 el mercado global laboral mediante pol\u00edticas que facilitan la inserci\u00f3n selectiva de profesionales del Sur global en sectores estrat\u00e9gicos (como la salud, las finanzas o la innovaci\u00f3n), bajo l\u00f3gicas de diferenciaci\u00f3n \u00e9tnica, de g\u00e9nero y estatus legal (Castles, <\/span><span class=\"s2\">2013<\/span><span class=\"s1\">; Gandini, <\/span><span class=\"s2\">2019<\/span><span class=\"s1\">).<\/span><\/span><\/p>\n<p class=\"p4\"><span style=\"color: #333333;\"><span class=\"s1\">Delgado Wise (<\/span><span class=\"s2\">2020<\/span><span class=\"s1\">) demuestra que los ecosistemas de innovaci\u00f3n hegem\u00f3nicos (por ejemplo, Silicon Valley en Estados Unidos) se reestructuraron mediante redes transnacionales que monopolizan patentes y mercantilizan el conocimiento socialmente producido. Estos sat\u00e9lites corporativos absorben fuerza laboral altamente calificada formada en \u00e1reas CTIM (Ciencia, Tecnolog\u00eda, Ingenier\u00eda y Matem\u00e1ticas) proveniente del Sur global (OIM, <\/span><span class=\"s2\">2016<\/span><span class=\"s1\">; Delgado, <\/span><span class=\"s2\">2020<\/span><span class=\"s1\">). Se institucionaliza de esta forma un intercambio desigual de nuevo tipo: los pa\u00edses de la periferia asumen los costos hist\u00f3ricos de formaci\u00f3n y reproducci\u00f3n de profesionales, mientras que las corporaciones imperialistas del centro se benefician de las capacidades de innovaci\u00f3n tecnol\u00f3gica que poseen estos trabajadores migrantes.<\/span><\/span><\/p>\n<h3 class=\"p1\" style=\"text-align: center;\"><span style=\"color: #333333;\">La reestructuraci\u00f3n neoliberal en Rep\u00fablica Dominicana<\/span><\/h3>\n<p class=\"p3\"><span style=\"color: #333333;\">La reconfiguraci\u00f3n del capitalismo dependiente dominicano tuvo su punto de quiebre en la d\u00e9cada de <span class=\"s5\">1980<\/span>, periodo en el que colapsa finalmente el modelo de sustituci\u00f3n de importaciones (Santana, <span class=\"s5\">1992<\/span>; Ceara-Hatton, <span class=\"s5\">2018<\/span>a). Siguiendo las categor\u00edas hist\u00f3ricas de Vania Bambirra (<span class=\"s5\">1974<\/span>), Rep\u00fablica Dominicana se encuadraba dentro de los pa\u00edses de \u00abTipo B\u00bb, caracterizados por una industrializaci\u00f3n tard\u00eda de posguerra sustentada sobre una base econ\u00f3mica primario-exportadora, donde el sector azucarero constitu\u00eda el eje central de acumulaci\u00f3n y la principal fuente de divisas nacionales (Ceara-Hatton, <span class=\"s5\">2018<\/span>b). Dicha especializaci\u00f3n productiva vinculaba de manera estructural la estabilidad del Estado-naci\u00f3n a las fluctuaciones de precios internacionales y a las cuotas de importaci\u00f3n dictadas por el mercado de los Estados Unidos (Wiarda y Kryzanek, <span class=\"s5\">1992<\/span>). El agotamiento del modelo de sustituci\u00f3n de importaciones coincidi\u00f3 con transformaciones en el mercado alimentario norteamericano, donde los subsidios estatales a la producci\u00f3n de ma\u00edz propiciaron la introducci\u00f3n del jarabe de ma\u00edz como sustituto de la ca\u00f1a en las industrias de bebidas y alimentos (Ceara-Hatton, <span class=\"s5\">2018<\/span>b). Como consecuencia directa, Estados Unidos redujo las importaciones de az\u00facar en <span class=\"s5\">75<\/span>%, hundiendo los precios internacionales por debajo de los costos de producci\u00f3n locales y comprometiendo la viabilidad econ\u00f3mica del modelo agroexportador dominicano (Ceara-Hatton, <span class=\"s5\">2018<\/span>b).<\/span><\/p>\n<p class=\"p4\"><span style=\"color: #333333;\"><span class=\"s1\">Ante la imposibilidad de cumplir con el pago de la deuda externa en un contexto de crisis generalizada, los gobiernos dominicanos firmaron tres acuerdos sucesivos de ajuste con el Fondo Monetario Internacional (FMI) entre <\/span><span class=\"s2\">1983<\/span><span class=\"s1\"> y <\/span><span class=\"s2\">1986<\/span><span class=\"s1\"> (Ceara-Hatton, <\/span><span class=\"s2\">1991<\/span><span class=\"s1\">). Las condiciones impuestas implicaron una devaluaci\u00f3n monetaria dr\u00e1stica, disminuci\u00f3n del gasto social per c\u00e1pita en salud y educaci\u00f3n, recesi\u00f3n inducida de la manufactura nacional y una p\u00e9rdida sustancial del poder adquisitivo de las clases trabajadoras, desembocando en masivos estallidos de protesta social en <\/span><span class=\"s2\">1984<\/span><span class=\"s1\"> (Ceara-Hatton, <\/span><span class=\"s2\">1991<\/span><span class=\"s1\">; Espinal, <\/span><span class=\"s2\">1995<\/span><span class=\"s1\">). Las reformas impulsaron de forma planificada la terciarizaci\u00f3n de la econom\u00eda, reorientando el aparato productivo hacia el sector servicios, donde el turismo pas\u00f3 a capturar la mayor proporci\u00f3n de los ingresos por exportaci\u00f3n en <\/span><span class=\"s2\">1990<\/span><span class=\"s1\">, relegando al az\u00facar a la marginalidad (Ceara-Hatton, <\/span><span class=\"s2\">1991<\/span><span class=\"s1\">). El proceso se agudiz\u00f3 con los programas de privatizaci\u00f3n de las empresas p\u00fablicas heredadas del aparato corporativo estatal trujillista y el capitalismo de Estado de las d\u00e9cadas previas (Veloz, <\/span><span class=\"s2\">2000<\/span><span class=\"s1\">). El proceso de desplazamiento del az\u00facar y sus manufacturas a favor de una estrategia econ\u00f3mica fundamentada principalmente en el turismo puede observarse detalladamente en la gr\u00e1fica <\/span><span class=\"s2\">1<\/span><span class=\"s1\">.<\/span><\/span><\/p>\n<h4 class=\"p7\" style=\"text-align: center;\"><span style=\"color: #333333;\">Gr\u00e1fica <span class=\"s6\">1<br \/>\n<\/span><\/span><span style=\"color: #333333;\">Principales productos de exportaci\u00f3n de Rep\u00fablica Dominicana, <span class=\"s6\">1981<\/span>&#8211;<span class=\"s6\">1992\u00a0<\/span><\/span><span style=\"color: #333333;\">(millones de d\u00f3lares)<\/span><\/h4>\n<\/div>\n<div style=\"float: left; background-color: #f2f2f2; padding: 10px; width: 100%;\">\n<p><img loading=\"lazy\" decoding=\"async\" class=\"aligncenter  wp-image-2875\" src=\"https:\/\/estudiosdeldesarrollo.mx\/migracionydesarrollo\/wp-content\/uploads\/2026\/08\/grafica1jvs-1024x413.png\" alt=\"\" width=\"603\" height=\"243\" srcset=\"https:\/\/estudiosdeldesarrollo.mx\/migracionydesarrollo\/wp-content\/uploads\/2026\/08\/grafica1jvs-1024x413.png 1024w, https:\/\/estudiosdeldesarrollo.mx\/migracionydesarrollo\/wp-content\/uploads\/2026\/08\/grafica1jvs-300x121.png 300w, https:\/\/estudiosdeldesarrollo.mx\/migracionydesarrollo\/wp-content\/uploads\/2026\/08\/grafica1jvs-768x310.png 768w, https:\/\/estudiosdeldesarrollo.mx\/migracionydesarrollo\/wp-content\/uploads\/2026\/08\/grafica1jvs-1536x620.png 1536w, https:\/\/estudiosdeldesarrollo.mx\/migracionydesarrollo\/wp-content\/uploads\/2026\/08\/grafica1jvs.png 1616w\" sizes=\"auto, (max-width: 603px) 100vw, 603px\" \/><\/p>\n<p class=\"p10\" style=\"text-align: center;\"><span style=\"color: #333333;\">Fuente: Reyes y Dom\u00ednguez (<span class=\"s7\">1993<\/span>), con datos del Centro Dominicano <\/span><span style=\"color: #333333;\">de Datos y Documentos.<\/span><\/p>\n<p class=\"p4\"><span style=\"color: #333333;\"><span class=\"s1\">Presentada por intelectuales conservadores como una reforma orientada a desmantelar el clientelismo burocr\u00e1tico y la dinamizaci\u00f3n de la econom\u00eda dominicana (Wiarda y Kryzanek, <\/span><span class=\"s2\">1992<\/span><span class=\"s1\">), la privatizaci\u00f3n transfiri\u00f3 activos estrat\u00e9gicos a conglomerados e inversionistas extranjeros directos, profundizando las relaciones de dependencia y reconfigurando la subordinaci\u00f3n econ\u00f3mica del pa\u00eds frente al capital internacional (Veloz, <\/span><span class=\"s2\">2000<\/span><span class=\"s1\">).<\/span><\/span><\/p>\n<p class=\"p4\"><span style=\"color: #333333;\"><span class=\"s1\">El n\u00facleo manufacturero del modelo neoliberal dominicano se construy\u00f3 sobre el auge de las zonas francas industriales, estimuladas por ventajas impositivas excepcionales introducidas mediante la Ley <\/span><span class=\"s2\">8<\/span><span class=\"s1\">&#8211;<\/span><span class=\"s2\">90<\/span><span class=\"s1\"> y disposiciones de la Junta Monetaria (Reyes y Dom\u00ednguez, <\/span><span class=\"s2\">1993<\/span><span class=\"s1\">). Dicho marco legal otorg\u00f3 exenciones totales del impuesto sobre la renta, aranceles de importaci\u00f3n de bienes de capital, insumos corporativos y transporte, configurando uno de los reg\u00edmenes regulatorios m\u00e1s flexibles y atractivos de la regi\u00f3n (Reyes y Dom\u00ednguez, <\/span><span class=\"s2\">1993<\/span><span class=\"s1\">).<\/span><\/span><\/p>\n<p class=\"p4\"><span style=\"color: #333333;\"><span class=\"s1\">Estructuralmente, estas corporaciones operaron bajo la propiedad de capital extranjero: hacia inicios de la d\u00e9cada de <\/span><span class=\"s2\">1990<\/span><span class=\"s1\">, de las <\/span><span class=\"s2\">362<\/span><span class=\"s1\"> zonas francas registradas, s\u00f3lo <\/span><span class=\"s2\">20<\/span><span class=\"s1\">.<\/span><span class=\"s2\">54<\/span><span class=\"s1\">% correspond\u00eda a inversionistas dominicanos, mientras que Estados Unidos hegemonizaba <\/span><span class=\"s2\">53<\/span><span class=\"s1\">.<\/span><span class=\"s2\">86<\/span><span class=\"s1\">% del stock de inversi\u00f3n, seguido de Corea del Sur (<\/span><span class=\"s2\">10<\/span><span class=\"s1\">.<\/span><span class=\"s2\">22<\/span><span class=\"s1\">%) y Taiw\u00e1n (<\/span><span class=\"s2\">3<\/span><span class=\"s1\">.<\/span><span class=\"s2\">31<\/span><span class=\"s1\">%) (Reyes y Dom\u00ednguez, <\/span><span class=\"s2\">1993<\/span><span class=\"s1\">).<\/span><\/span><\/p>\n<p class=\"p4\"><span style=\"color: #333333;\"><span class=\"s1\">Las zonas francas se caracterizaron por un nulo eslabonamiento productivo con la econom\u00eda nacional; para <\/span><span class=\"s2\">1992<\/span><span class=\"s1\">, la industria nacional supl\u00eda apenas <\/span><span class=\"s2\">2<\/span><span class=\"s1\">.<\/span><span class=\"s2\">5<\/span><span class=\"s1\">% de los insumos y materias primas demandados por estas plantas de ensamble, requiriendo la importaci\u00f3n total del remanente (Reyes y Dom\u00ednguez, <\/span><span class=\"s2\">1993<\/span><span class=\"s1\">). En esencia, lo que estas corporaciones exportaban bajo la apariencia de manufacturas textiles o bienes f\u00edsicos era la fuerza de trabajo incorp\u00f3rea de los obreros dominicanos (Delgado, <\/span><span class=\"s2\">2023<\/span><span class=\"s1\">).<\/span><\/span><\/p>\n<p class=\"p4\"><span style=\"color: #333333;\"><span class=\"s1\">A lo largo de las d\u00e9cadas de <\/span><span class=\"s2\">1990<\/span><span class=\"s1\"> y <\/span><span class=\"s2\">2000<\/span><span class=\"s1\">, la composici\u00f3n interna del valor exportado vari\u00f3 dr\u00e1sticamente en funci\u00f3n de los reg\u00edmenes regulatorios de los pa\u00edses centrales. Seg\u00fan los datos del Banco Central de la Rep\u00fablica Dominicana (<\/span><span class=\"s2\">2014<\/span><span class=\"s1\">), para <\/span><span class=\"s2\">1996<\/span><span class=\"s1\"> las confecciones textiles representaban <\/span><span class=\"s2\">56<\/span><span class=\"s1\">% de las exportaciones de las zonas francas. Esto coincide con la vigencia de ciertos mecanismos de incentivo, como el Acuerdo Multifibras (<\/span><span class=\"s2\">1974<\/span><span class=\"s1\">&#8211;<\/span><span class=\"s2\">1994<\/span><span class=\"s1\">).<\/span><\/span><\/p>\n<p class=\"p4\"><span style=\"color: #333333;\"><span class=\"s1\">Con la entrada en vigor del Acuerdo de Textiles y Vestidos (<\/span><span class=\"s2\">1995<\/span><span class=\"s1\">&#8211;<\/span><span class=\"s2\">2005<\/span><span class=\"s1\">), la liberalizaci\u00f3n mundial de cuotas desplaz\u00f3 la producci\u00f3n textil hacia competidores asi\u00e1ticos y centroamericanos con menores costos, reduciendo la participaci\u00f3n de las manufacturas en la estructura de las importaciones a <\/span><span class=\"s2\">26<\/span><span class=\"s1\">% para <\/span><span class=\"s2\">2012<\/span><span class=\"s1\"> (Banco Central de la Rep\u00fablica Dominicana, <\/span><span class=\"s2\">2014<\/span><span class=\"s1\">). Para <\/span><span class=\"s2\">2024<\/span><span class=\"s1\">, los productos de mayor peso relativo en la composici\u00f3n interna de las exportaciones son de car\u00e1cter m\u00e9dico-farmac\u00e9utico (<\/span><span class=\"s2\">21<\/span><span class=\"s1\">.<\/span><span class=\"s2\">48<\/span><span class=\"s1\">%).<strong>1<\/strong><\/span><\/span><\/p>\n<p class=\"p4\"><span style=\"color: #333333;\"><span class=\"s1\">La dependencia del modelo dominicano de las necesidades de las econom\u00edas centrales, se refleja en su sensibilidad y vulnerabilidad frente a las contracciones de los centros hegem\u00f3nicos, como ejemplifica la contracci\u00f3n de las exportaciones en <\/span><span class=\"s2\">2009<\/span><span class=\"s1\"> derivada de la crisis inmobiliaria norteamericana o la ca\u00edda del turismo en <\/span><span class=\"s2\">2020<\/span><span class=\"s1\"> a ra\u00edz de la pandemia de covid-<\/span><span class=\"s2\">19<\/span><span class=\"s1\"> (v\u00e9ase gr\u00e1fica <\/span><span class=\"s2\">2<\/span><span class=\"s1\">).<\/span><\/span><\/p>\n<h4 class=\"p7\" style=\"text-align: center;\"><span style=\"color: #333333;\">Gr\u00e1fica <span class=\"s6\">2<br \/>\n<\/span><\/span><span style=\"color: #333333;\">Principales productos de exportaci\u00f3n de Rep\u00fablica Dominicana, <\/span><span style=\"color: #333333;\"><span class=\"s6\">1997<\/span>&#8211;<span class=\"s6\">2024<\/span> (millones de d\u00f3lares)<\/span><\/h4>\n<p><img loading=\"lazy\" decoding=\"async\" class=\"aligncenter  wp-image-2876\" src=\"https:\/\/estudiosdeldesarrollo.mx\/migracionydesarrollo\/wp-content\/uploads\/2026\/08\/grafica2jvs-1024x509.png\" alt=\"\" width=\"660\" height=\"328\" srcset=\"https:\/\/estudiosdeldesarrollo.mx\/migracionydesarrollo\/wp-content\/uploads\/2026\/08\/grafica2jvs-1024x509.png 1024w, https:\/\/estudiosdeldesarrollo.mx\/migracionydesarrollo\/wp-content\/uploads\/2026\/08\/grafica2jvs-300x149.png 300w, https:\/\/estudiosdeldesarrollo.mx\/migracionydesarrollo\/wp-content\/uploads\/2026\/08\/grafica2jvs-768x382.png 768w, https:\/\/estudiosdeldesarrollo.mx\/migracionydesarrollo\/wp-content\/uploads\/2026\/08\/grafica2jvs-1536x764.png 1536w, https:\/\/estudiosdeldesarrollo.mx\/migracionydesarrollo\/wp-content\/uploads\/2026\/08\/grafica2jvs.png 1592w\" sizes=\"auto, (max-width: 660px) 100vw, 660px\" \/><\/p>\n<p class=\"p10\" style=\"text-align: center;\"><span style=\"color: #333333;\">Fuente: Banco Central de la Rep\u00fablica Dominicana.<\/span><\/p>\n<h3 class=\"p1\" style=\"text-align: center;\"><span style=\"color: #333333;\">Degradaci\u00f3n y precarizaci\u00f3n del mercado de trabajo interno<\/span><\/h3>\n<p class=\"p3\"><span style=\"color: #333333;\">La desregulaci\u00f3n laboral inherente a la reestructuraci\u00f3n neoliberal degrad\u00f3 de forma sistem\u00e1tica la calidad del empleo nacional. Los estudios emp\u00edricos del mercado laboral de Santo Domingo a principios de la d\u00e9cada de <span class=\"s5\">1980<\/span> ya reportaban un crecimiento de la informalidad urbana, la cual aument\u00f3 de <span class=\"s5\">27<\/span>% en <span class=\"s5\">1980<\/span> a <span class=\"s5\">33<\/span>% en <span class=\"s5\">1983<\/span>, constituyendo una expansi\u00f3n de la sobrepoblaci\u00f3n relativa funcional a la disminuci\u00f3n de los salarios reales (Duarte, <span class=\"s5\">1983<\/span>). La agudizaci\u00f3n de la crisis empuj\u00f3 a sectores de las capas medias urbanas y profesionales calificados a asumir la emigraci\u00f3n internacional como estrategia de reproducci\u00f3n material (B\u00e1ez y D\u2019Oleo, <span class=\"s5\">1985<\/span>). La persistencia estructural de la informalidad laboral se evidencia al observar el comportamiento macroecon\u00f3mico reciente (<span class=\"s5\">2015<\/span>&#8211;<span class=\"s5\">2024<\/span>), donde los \u00edndices de empleo informal permanecen estancados en torno a <span class=\"s5\">50<\/span>% de la fuerza de trabajo ocupada total (gr\u00e1fica <span class=\"s5\">3<\/span>).<\/span><\/p>\n<h4 class=\"p7\" style=\"text-align: center;\"><span style=\"color: #333333;\">Gr\u00e1fica <span class=\"s6\">3<br \/>\n<\/span><\/span><span style=\"color: #333333;\">Sectores formal e informal del mercado de trabajo <\/span><span style=\"color: #333333;\">de Rep\u00fablica Dominicana, <span class=\"s6\">2015<\/span>&#8211;<span class=\"s6\">2024<\/span><\/span><\/h4>\n<p><img loading=\"lazy\" decoding=\"async\" class=\"aligncenter  wp-image-2877\" src=\"https:\/\/estudiosdeldesarrollo.mx\/migracionydesarrollo\/wp-content\/uploads\/2026\/08\/grafica3jvs-1024x527.png\" alt=\"\" width=\"655\" height=\"337\" srcset=\"https:\/\/estudiosdeldesarrollo.mx\/migracionydesarrollo\/wp-content\/uploads\/2026\/08\/grafica3jvs-1024x527.png 1024w, https:\/\/estudiosdeldesarrollo.mx\/migracionydesarrollo\/wp-content\/uploads\/2026\/08\/grafica3jvs-300x154.png 300w, https:\/\/estudiosdeldesarrollo.mx\/migracionydesarrollo\/wp-content\/uploads\/2026\/08\/grafica3jvs-768x395.png 768w, https:\/\/estudiosdeldesarrollo.mx\/migracionydesarrollo\/wp-content\/uploads\/2026\/08\/grafica3jvs.png 1474w\" sizes=\"auto, (max-width: 655px) 100vw, 655px\" \/><\/p>\n<p class=\"p10\" style=\"text-align: center;\"><span style=\"color: #333333;\">Fuente: Banco Central de la Rep\u00fablica Dominicana.<\/span><\/p>\n<p class=\"p4\"><span style=\"color: #333333;\">Lejos de limitarse a los sectores del mercado laboral de baja instrucci\u00f3n, la precariedad perme\u00f3 con fuerza a los segmentos profesionales con educaci\u00f3n superior. En <span class=\"s5\">2016<\/span>, <span class=\"s5\">8<\/span>.<span class=\"s5\">6<\/span>% del total de los trabajadores con nivel educativo universitario se insertaba en el sector informal, distribuy\u00e9ndose de forma desigual por g\u00e9nero: <span class=\"s5\">5<\/span>.<span class=\"s5\">8<\/span>% para los hombres frente a un alarmante <span class=\"s5\">15<\/span>.<span class=\"s5\">7<\/span>% para las mujeres (gr\u00e1fica <span class=\"s5\">4<\/span>). Hacia el a\u00f1o <span class=\"s5\">2022<\/span>, la informalidad entre el personal calificado escal\u00f3 a su punto m\u00e1ximo con una media de <span class=\"s5\">12<\/span>.<span class=\"s5\">6<\/span>% (<span class=\"s5\">8<\/span>.<span class=\"s5\">8<\/span>% en hombres y <span class=\"s5\">21<\/span>.<span class=\"s5\">3<\/span>% en mujeres), cerrando el ciclo en <span class=\"s5\">2024<\/span> con <span class=\"s5\">11<\/span>.<span class=\"s5\">9<\/span>% total (<span class=\"s5\">8<\/span>.<span class=\"s5\">2<\/span>% hombres y <span class=\"s5\">20<\/span>.<span class=\"s5\">5<\/span>% mujeres).<\/span><\/p>\n<p class=\"p4\"><span style=\"color: #333333;\"><span class=\"s1\">Estas tendencias confirman las conclusiones del \u00cdndice de Calidad del Empleo (<\/span><span class=\"s2\">2016<\/span><span class=\"s1\">&#8211;<\/span><span class=\"s2\">2023<\/span><span class=\"s1\">), el cual evidencia que el mercado laboral dominicano tiende a la generaci\u00f3n de puestos altamente precarizados, cuyos componentes m\u00e1s cr\u00edticos radican en la privaci\u00f3n de beneficios sociolaborales m\u00ednimos, jornadas desreguladas y exclusi\u00f3n de las redes formales de seguridad social (G\u00f3mez, Majluta y Blanco, <\/span><span class=\"s2\">2024<\/span><span class=\"s1\">). Mientras que los funcionarios p\u00fablicos y los trabajadores del sector privado formal se insertan en puestos relativamente menos precarios, los trabajadores independientes, entre otros, enfrentan mayores niveles de desprotecci\u00f3n y vulnerabilidad ante la precariedad (G\u00f3mez, Majluta y Blanco, <\/span><span class=\"s2\">2024<\/span><span class=\"s1\">). Aquellos profesionales de alta calificaci\u00f3n que no logran ser absorbidos por el trabajo formal, padecen los reveces de la precariedad y desprotecci\u00f3n de la informalidad, lo cual se constituye en un factor estructural de constante expulsi\u00f3n de este sector de la fuerza de trabajo dominicana hacia mercados laborales en el exterior.<\/span><\/span><\/p>\n<h4 class=\"p7\" style=\"text-align: center;\"><span style=\"color: #333333;\">Gr\u00e1fica <span class=\"s6\">4<br \/>\n<\/span><\/span><span style=\"color: #333333;\">Porcentaje de trabajadores con un nivel educativo superior <\/span><span style=\"color: #333333;\">en el sector informal por sexo, <span class=\"s6\">2016<\/span>&#8211;<span class=\"s6\">2024<\/span><\/span><\/h4>\n<p><img loading=\"lazy\" decoding=\"async\" class=\"aligncenter  wp-image-2878\" src=\"https:\/\/estudiosdeldesarrollo.mx\/migracionydesarrollo\/wp-content\/uploads\/2026\/08\/grafica4jvs-1024x426.png\" alt=\"\" width=\"649\" height=\"270\" srcset=\"https:\/\/estudiosdeldesarrollo.mx\/migracionydesarrollo\/wp-content\/uploads\/2026\/08\/grafica4jvs-1024x426.png 1024w, https:\/\/estudiosdeldesarrollo.mx\/migracionydesarrollo\/wp-content\/uploads\/2026\/08\/grafica4jvs-300x125.png 300w, https:\/\/estudiosdeldesarrollo.mx\/migracionydesarrollo\/wp-content\/uploads\/2026\/08\/grafica4jvs-768x320.png 768w, https:\/\/estudiosdeldesarrollo.mx\/migracionydesarrollo\/wp-content\/uploads\/2026\/08\/grafica4jvs-1536x639.png 1536w, https:\/\/estudiosdeldesarrollo.mx\/migracionydesarrollo\/wp-content\/uploads\/2026\/08\/grafica4jvs.png 1538w\" sizes=\"auto, (max-width: 649px) 100vw, 649px\" \/><\/p>\n<p class=\"p10\" style=\"text-align: center;\"><span style=\"color: #333333;\">Fuente: Banco Central de la Rep\u00fablica Dominicana.<\/span><\/p>\n<h3 class=\"p1\" style=\"text-align: center;\"><span style=\"color: #333333;\">Inserci\u00f3n laboral de la fuerza de trabajo dominicana <\/span><span style=\"color: #333333;\">altamente calificada en Estados Unidos<\/span><\/h3>\n<p class=\"p3\"><span style=\"color: #333333;\">Si bien la literatura registra una presencia marginal de profesionales dominicanos en Estados Unidos desde la d\u00e9cada de <span class=\"s5\">1970<\/span>, registr\u00e1ndose un contingente de <span class=\"s5\">105<\/span> cient\u00edficos e ingenieros en <span class=\"s5\">1967<\/span>, predominantemente concentrados en el sector m\u00e9dico y sanitario (<span class=\"s5\">67<\/span>%) con fines de cobertura de demandas desatendidas por el mercado laboral nativo norteamericano (U.S. Congress, <span class=\"s5\">1967<\/span>; Lopes, <span class=\"s5\">1970<\/span>), el salto cualitativo y exponencial se materializ\u00f3 a partir de la d\u00e9cada de <span class=\"s5\">1990<\/span>.<\/span><\/p>\n<p class=\"p4\"><span style=\"color: #333333;\"><span class=\"s1\">El an\u00e1lisis hist\u00f3rico basado en la Current Population Survey (CPS-ASEC, <\/span><span class=\"s2\">1994<\/span><span class=\"s1\">&#8211;<\/span><span class=\"s2\">2024<\/span><span class=\"s1\">) documenta la consolidaci\u00f3n de este flujo migratorio altamente calificado como un fen\u00f3meno estructural de gran envergadura (gr\u00e1fica <\/span><span class=\"s2\">5<\/span><span class=\"s1\">). El volumen de inmigrantes dominicanos con estudios de licenciatura en territorio estadounidense se multiplic\u00f3 m\u00e1s de diez veces a lo largo del periodo, pasando de <\/span><span class=\"s2\">20<\/span><span class=\"s1\"> mil <\/span><span class=\"s2\">470<\/span><span class=\"s1\"> individuos en <\/span><span class=\"s2\">1994<\/span><span class=\"s1\"> a un pico de <\/span><span class=\"s2\">223<\/span><span class=\"s1\"> mil <\/span><span class=\"s2\">75<\/span><span class=\"s1\"> en <\/span><span class=\"s2\">2022<\/span><span class=\"s1\">, estabiliz\u00e1ndose en <\/span><span class=\"s2\">177<\/span><span class=\"s1\"> mil <\/span><span class=\"s2\">568<\/span><span class=\"s1\"> hacia el a\u00f1o <\/span><span class=\"s2\">2024<\/span><span class=\"s1\">.<\/span><\/span><\/p>\n<h4 class=\"p7\" style=\"text-align: center;\"><span style=\"color: #333333;\">Gr\u00e1fica <span class=\"s6\">5<br \/>\n<\/span><\/span><span style=\"color: #333333;\">Inmigrantes de <span class=\"s6\">22<\/span> a\u00f1os o m\u00e1s de Rep\u00fablica Dominicana <\/span><span style=\"color: #333333;\">en Estados Unidos por nivel de escolaridad superior, <span class=\"s6\">1994<\/span>&#8211;<span class=\"s6\">2024<\/span> (miles)<\/span><\/h4>\n<p><img loading=\"lazy\" decoding=\"async\" class=\"aligncenter  wp-image-2879\" src=\"https:\/\/estudiosdeldesarrollo.mx\/migracionydesarrollo\/wp-content\/uploads\/2026\/08\/grafica5jvs-1024x544.png\" alt=\"\" width=\"660\" height=\"350\" srcset=\"https:\/\/estudiosdeldesarrollo.mx\/migracionydesarrollo\/wp-content\/uploads\/2026\/08\/grafica5jvs-1024x544.png 1024w, https:\/\/estudiosdeldesarrollo.mx\/migracionydesarrollo\/wp-content\/uploads\/2026\/08\/grafica5jvs-300x159.png 300w, https:\/\/estudiosdeldesarrollo.mx\/migracionydesarrollo\/wp-content\/uploads\/2026\/08\/grafica5jvs-768x408.png 768w, https:\/\/estudiosdeldesarrollo.mx\/migracionydesarrollo\/wp-content\/uploads\/2026\/08\/grafica5jvs-1536x816.png 1536w, https:\/\/estudiosdeldesarrollo.mx\/migracionydesarrollo\/wp-content\/uploads\/2026\/08\/grafica5jvs.png 1544w\" sizes=\"auto, (max-width: 660px) 100vw, 660px\" \/><\/p>\n<p class=\"p10\" style=\"text-align: center;\"><span style=\"color: #333333;\">Fuente: estimaciones con base en Current Population Survey (cps-asec), <span class=\"s7\">1994<\/span>&#8211;<span class=\"s7\">2024<\/span>.<\/span><\/p>\n<p class=\"p4\"><span style=\"color: #333333;\"><span class=\"s1\">Por su parte, el segmento de profesionales con grado de maestr\u00eda registr\u00f3 una tasa de crecimiento anual promedio de <\/span><span class=\"s2\">24<\/span><span class=\"s1\">%, expandi\u00e9ndose de un stock de <\/span><span class=\"s2\">6<\/span><span class=\"s1\"> mil <\/span><span class=\"s2\">692<\/span><span class=\"s1\"> en <\/span><span class=\"s2\">1994<\/span><span class=\"s1\"> a un volumen consolidado de <\/span><span class=\"s2\">61<\/span><span class=\"s1\"> mil <\/span><span class=\"s2\">666<\/span><span class=\"s1\"> profesionales en <\/span><span class=\"s2\">2024<\/span><span class=\"s1\">. Los registros de doctores (Ph.D.), pr\u00e1cticamente marginales y cercanos a cero durante la d\u00e9cada de <\/span><span class=\"s2\">1990<\/span><span class=\"s1\">, iniciaron un ascenso progresivo a partir de <\/span><span class=\"s2\">2000<\/span><span class=\"s1\">, anotando un volumen significativo de <\/span><span class=\"s2\">7<\/span><span class=\"s1\"> mil <\/span><span class=\"s2\">511<\/span><span class=\"s1\"> doctores en <\/span><span class=\"s2\">2006<\/span><span class=\"s1\"> y alcanzando un techo de <\/span><span class=\"s2\">14<\/span><span class=\"s1\"> mil <\/span><span class=\"s2\">645<\/span><span class=\"s1\"> en <\/span><span class=\"s2\">2016<\/span><span class=\"s1\">, manteniendo una oscilaci\u00f3n vol\u00e1til entre <\/span><span class=\"s2\">5<\/span><span class=\"s1\"> mil y <\/span><span class=\"s2\">10<\/span><span class=\"s1\"> mil profesionales en el \u00faltimo quinquenio.<\/span><\/span><\/p>\n<h3 class=\"p1\" style=\"text-align: center;\"><span style=\"color: #333333;\">Inserci\u00f3n por \u00e1reas de conocimiento y g\u00e9nero<\/span><\/h3>\n<p class=\"p3\"><span style=\"color: #333333;\"><span class=\"s1\">La distribuci\u00f3n sectorial de los profesionales dominicanos en Estados Unidos seg\u00fan la American Community Survey (<\/span><span class=\"s2\">2023<\/span><span class=\"s1\">) refleja procesos de absorci\u00f3n diferenciados por g\u00e9nero y \u00e1rea del saber. Seg\u00fan los datos compilados en Gaspar Olvera y Delgado Wise (<\/span><span class=\"s2\">2024<\/span><span class=\"s1\">) y reproducidos en el cuadro <\/span><span class=\"s2\">1<\/span><span class=\"s1\">, <\/span><span class=\"s2\">21<\/span><span class=\"s1\">.<\/span><span class=\"s2\">7<\/span><span class=\"s1\">% de los inmigrantes dominicanos con educaci\u00f3n superior se concentra de forma directa en las disciplinas estrat\u00e9gicas CTIM.<\/span><\/span><\/p>\n<p class=\"p4\"><span style=\"color: #333333;\"><span class=\"s1\">Al analizar la desagregaci\u00f3n por sexo, se evidencia una fuerte asimetr\u00eda de g\u00e9nero: mientras que <\/span><span class=\"s2\">38<\/span><span class=\"s1\">.<\/span><span class=\"s2\">5<\/span><span class=\"s1\">% de los hombres graduados se ubica en ramas CTIM, s\u00f3lo <\/span><span class=\"s2\">11<\/span><span class=\"s1\">.<\/span><span class=\"s2\">6<\/span><span class=\"s1\">% de las mujeres calificadas se especializa en esas \u00e1reas. Si se incorporan al an\u00e1lisis las Ciencias de la Salud y la Medicina, el bloque cient\u00edfico-t\u00e9cnico concentra a <\/span><span class=\"s2\">30<\/span><span class=\"s1\">.<\/span><span class=\"s2\">7<\/span><span class=\"s1\">% del total de la di\u00e1spora universitaria (<\/span><span class=\"s2\">43<\/span><span class=\"s1\">.<\/span><span class=\"s2\">2<\/span><span class=\"s1\">% de los hombres y <\/span><span class=\"s2\">23<\/span><span class=\"s1\">.<\/span><span class=\"s2\">1<\/span><span class=\"s1\">% de las mujeres).<\/span><\/span><\/p>\n<h4 class=\"p7\" style=\"text-align: center;\"><span style=\"color: #333333;\">Cuadro <span class=\"s6\">1<br \/>\n<\/span><\/span><span style=\"color: #333333;\">Inmigrantes nacidos en Rep\u00fablica Dominicana con estudios <\/span><span style=\"color: #333333;\">superiores por \u00e1rea de conocimiento, <span class=\"s6\">2023<\/span><\/span><\/h4>\n<p><img loading=\"lazy\" decoding=\"async\" class=\"aligncenter  wp-image-2880\" src=\"https:\/\/estudiosdeldesarrollo.mx\/migracionydesarrollo\/wp-content\/uploads\/2026\/08\/cuadro1jvs-1024x656.png\" alt=\"\" width=\"600\" height=\"384\" srcset=\"https:\/\/estudiosdeldesarrollo.mx\/migracionydesarrollo\/wp-content\/uploads\/2026\/08\/cuadro1jvs-1024x656.png 1024w, https:\/\/estudiosdeldesarrollo.mx\/migracionydesarrollo\/wp-content\/uploads\/2026\/08\/cuadro1jvs-300x192.png 300w, https:\/\/estudiosdeldesarrollo.mx\/migracionydesarrollo\/wp-content\/uploads\/2026\/08\/cuadro1jvs-768x492.png 768w, https:\/\/estudiosdeldesarrollo.mx\/migracionydesarrollo\/wp-content\/uploads\/2026\/08\/cuadro1jvs.png 1510w\" sizes=\"auto, (max-width: 600px) 100vw, 600px\" \/><\/p>\n<p class=\"p17\" style=\"text-align: center;\"><span style=\"color: #333333;\">Fuente: estimaci\u00f3n con base en Bureau Census, American Community Survey (<span class=\"s9\">ACS).<\/span><\/span><\/p>\n<p class=\"p4\"><span style=\"color: #333333;\"><span class=\"s1\">El segmento mayoritario de la fuerza laboral calificada dominicana se agrupa en torno a las disciplinas de Administraci\u00f3n de negocios y finanzas, capturando <\/span><span class=\"s2\">29<\/span><span class=\"s1\">.<\/span><span class=\"s2\">8<\/span><span class=\"s1\">% del <em>stock<\/em> total. En este sector, la representaci\u00f3n femenina supera a la masculina, concentrando a <\/span><span class=\"s2\">31<\/span><span class=\"s1\">.<\/span><span class=\"s2\">6<\/span><span class=\"s1\">% de las mujeres frente a <\/span><span class=\"s2\">26<\/span><span class=\"s1\">.<\/span><span class=\"s2\">9<\/span><span class=\"s1\">% de los hombres. Asimismo, en el resto de las \u00e1reas, a excepci\u00f3n de las artes y humanidades, las mujeres tienden a estar m\u00e1s representadas que los hombres.<\/span><\/span><\/p>\n<h3 class=\"p1\" style=\"text-align: center;\"><span style=\"color: #333333;\">Estatus de ocupaci\u00f3n y estructura institucional de inserci\u00f3n<\/span><\/h3>\n<p class=\"p3\"><span style=\"color: #333333;\">Los datos emp\u00edricos de <span class=\"s5\">2023<\/span> permiten apreciar que la di\u00e1spora dominicana calificada participa activamente en el mercado laboral estadounidense. Seg\u00fan datos de la ACS, <span class=\"s5\">76<\/span>% de los inmigrantes dominicanos con educaci\u00f3n superior en Estados Unidos se encuentra activamente incorporados al mercado laboral en calidad de poblaci\u00f3n ocupada formal. S\u00f3lo <span class=\"s5\">3<\/span>% se registra bajo la categor\u00eda de desempleo abierto, mientras que <span class=\"s5\">21<\/span>% restante se cataloga como fuera de la fuerza de trabajo laboral, condici\u00f3n vinculada a procesos de especializaci\u00f3n acad\u00e9mica, jubilaci\u00f3n o dedicaci\u00f3n exclusiva a las econom\u00edas del cuidado dom\u00e9stico no remunerado.<\/span><\/p>\n<p class=\"p4\"><span style=\"color: #333333;\"><span class=\"s1\">En lo relativo a la estructura institucional del empleo, el sector privado se erige como el principal empleador de estos trabajadores, capturando a <\/span><span class=\"s2\">46<\/span><span class=\"s1\">% del personal dominicano altamente calificado. En segundo orden de importancia se sit\u00faan las burocracias de los gobiernos locales de los estados receptores, las cuales emplean a <\/span><span class=\"s2\">14<\/span><span class=\"s1\">% de esta cohorte profesional. Las organizaciones y asociaciones sin fines de lucro asumen un peso relativo de <\/span><span class=\"s2\">12<\/span><span class=\"s1\">% en la composici\u00f3n del empleo formal, mientras que las agencias de los gobiernos estatales y del gobierno federal absorben apenas <\/span><span class=\"s2\">4<\/span><span class=\"s1\">% y <\/span><span class=\"s2\">3<\/span><span class=\"s1\">% de los profesionales, respectivamente.<\/span><\/span><\/p>\n<p class=\"p4\"><span style=\"color: #333333;\"><span class=\"s1\">Finalmente, <\/span><span class=\"s2\">8<\/span><span class=\"s1\">% opera bajo la modalidad de trabajo independiente, subdividido en un segmento incorporado formalmente y <\/span><span class=\"s2\">4<\/span><span class=\"s1\">% de profesionales independientes no incorporados que enfrentan condiciones de mayor vulnerabilidad y desprotecci\u00f3n frente a los sistemas regulatorios de seguridad social estadounidenses.<\/span><\/span><\/p>\n<h3 class=\"p1\" style=\"text-align: center;\"><span style=\"color: #333333;\">A modo de conclusi\u00f3n<\/span><\/h3>\n<p class=\"p3\"><span style=\"color: #333333;\">La contrastaci\u00f3n emp\u00edrica y el an\u00e1lisis de los datos desde una perspectiva hist\u00f3rico-estructural permiten corroborar formalmente la hip\u00f3tesis cient\u00edfica de esta investigaci\u00f3n: la exportaci\u00f3n directa de fuerza de trabajo dominicana altamente calificada hacia Estados Unidos se encuentra en estrecha vinculaci\u00f3n con el modelo de acumulaci\u00f3n neoliberal implantado en el pa\u00eds a partir de la d\u00e9cada de <span class=\"s5\">1980<\/span> y es funcional al sostenimiento de la l\u00f3gica de acumulaci\u00f3n capitalista de los centros hegem\u00f3nicos de la econom\u00eda mundial. La reestructuraci\u00f3n econ\u00f3mica tutelada por los programas de ajuste del FMI desarticul\u00f3 las bases productivas tradicionales de la naci\u00f3n sin construir un mercado laboral formal capaz de absorber y remunerar dignamente a las cohortes profesionales formadas en los centros universitarios locales. La informalidad y la precarizaci\u00f3n laboral, exacerbadas por las din\u00e1micas del capitalismo dependiente dominicano operan como mecanismos estructurales de expulsi\u00f3n, transformando la migraci\u00f3n internacional, desde el punto de vista del trabajador, en una estrategia de supervivencia material para las capas medias y profesionales.<\/span><\/p>\n<p class=\"p4\"><span class=\"s1\" style=\"color: #333333;\">Esta expulsi\u00f3n no representa una simple e individual \u00abfuga de cerebros\u00bb, sino un sofisticado mecanismo contempor\u00e1neo de intercambio desigual y transferencia neta de valor desde la periferia subordinada hacia el centro imperialista hegem\u00f3nico. Rep\u00fablica Dominicana asume la totalidad de la carga presupuestaria que reviste la reproducci\u00f3n y cualificaci\u00f3n t\u00e9cnica de su poblaci\u00f3n; sin embargo, las potencialidades creativas derivadas de esa cualificaci\u00f3n, la capacidad innovadora y las patentes tecnol\u00f3gicas derivadas de la aplicaci\u00f3n de este conocimiento son monopolizadas de forma privada por las corporaciones del mercado central estadounidense.<\/span><\/p>\n<p class=\"p4\"><span class=\"s1\" style=\"color: #333333;\">La aludida din\u00e1mica de extracci\u00f3n de valor debilita el tejido t\u00e9cnico interno de la periferia, castrando las posibilidades hist\u00f3ricas de articular un desarrollo industrial aut\u00f3nomo, end\u00f3geno y denso en tecnolog\u00eda, condenando a la naci\u00f3n emisora a la esterilidad de su especializaci\u00f3n, relegada a servicios de bajo valor a\u00f1adido. La superaci\u00f3n de este drenaje estructural de capacidades cr\u00edticas va m\u00e1s all\u00e1 de soluciones superficiales o paliativas basadas exclusivamente en redes de remesas o vinculaciones culturales de la di\u00e1spora. Exige un cuestionamiento radical del modelo de acumulaci\u00f3n neoliberal y la formulaci\u00f3n de un proyecto hist\u00f3rico de naci\u00f3n alternativo que priorice la soberan\u00eda productiva, la inversi\u00f3n masiva en ciencia, tecnolog\u00eda e investigaci\u00f3n end\u00f3gena, y la planificaci\u00f3n de mercados de empleo formal y digno que transformen la migraci\u00f3n transfronteriza en un acto de libre opci\u00f3n humana y no en un imperativo de supervivencia dictado por la exclusi\u00f3n del capital global.<\/span><\/p>\n<h3 class=\"p1\" style=\"text-align: center;\"><span style=\"color: #333333;\">Referencias<\/span><\/h3>\n<p class=\"p19\"><span style=\"color: #333333;\"><span class=\"s1\">Arango, J. (<\/span><span class=\"s10\">2003<\/span><span class=\"s1\">). \u00abLa explicaci\u00f3n te\u00f3rica de las migraciones: luz y sombra\u00bb. <\/span><em><span class=\"s11\">Migraci\u00f3n y Desarrollo<\/span><\/em><span class=\"s1\"> (1). Recuperado de https:\/\/www.redalyc.org\/pdf\/<\/span><span class=\"s10\">660<\/span><span class=\"s1\">\/<\/span><span class=\"s10\">66000102<\/span><span class=\"s1\">.pdf<\/span><\/span><\/p>\n<p class=\"p20\"><span style=\"color: #333333;\"><span class=\"s2\">Bambirra, V. (<\/span><span class=\"s10\">1974<\/span><span class=\"s2\">). <\/span><em><span class=\"s1\">El capitalismo dependiente latinoamericano<\/span><\/em><span class=\"s2\"><em>.<\/em> M\u00e9xico: Siglo XXI.<\/span><\/span><\/p>\n<p class=\"p19\"><span style=\"color: #333333;\"><span class=\"s1\">Bambirra, V. (<\/span><span class=\"s10\">1978<\/span><span class=\"s1\">). <\/span><em><span class=\"s11\">Teor\u00eda de la dependencia: una anticr\u00edtica<\/span><\/em><span class=\"s1\"><em>.<\/em> M\u00e9xico: Era. Recuperado de https:\/\/sociologiadeldesarrolloi.wordpress.com\/wp-content\/uploads\/<\/span><span class=\"s10\">2014<\/span><span class=\"s1\">\/ <\/span><span class=\"s10\">11<\/span><span class=\"s1\">\/<\/span><span class=\"s10\">104250818<\/span><span class=\"s1\">-teoria-de-la-dependencia-una-anticritica-vania-bambirra.pdf<\/span><\/span><\/p>\n<p class=\"p19\"><span style=\"color: #333333;\"><span class=\"s1\">Banco Central de la Rep\u00fablica Dominicana (<\/span><span class=\"s10\">2014<\/span><span class=\"s1\">). \u00abCenso Econ\u00f3mico del Sector de Zonas Francas\u00bb. Departamento Internacional.<\/span><\/span><\/p>\n<p class=\"p20\"><span style=\"color: #333333;\"><span class=\"s2\">Brandi, M. (<\/span><span class=\"s10\">2006<\/span><span class=\"s2\">). \u00abLa historia del <\/span><span class=\"s1\">brain drain<\/span><span class=\"s2\">\u00bb. <\/span><em><span class=\"s1\">Revista Iberoamericana de Ciencia Tecnolog\u00eda y Sociedad<\/span><span class=\"s2\">, <\/span><\/em><span class=\"s10\">3<\/span><span class=\"s2\">(<\/span><span class=\"s10\">7<\/span><span class=\"s2\">), pp. <\/span><span class=\"s10\">65<\/span><span class=\"s2\">&#8211;<\/span><span class=\"s10\">85<\/span><span class=\"s2\">.<\/span><\/span><\/p>\n<p class=\"p19\"><span style=\"color: #333333;\"><span class=\"s1\">Cardoso, F.H. y Faletto, E. (<\/span><span class=\"s10\">1977<\/span><span class=\"s1\">). <\/span><em><span class=\"s11\">Dependencia y desarrollo en Am\u00e9rica Latina<\/span><\/em><span class=\"s1\">. Buenos Aires: Siglo XXI. Recuperado de https:\/\/educacioncivicamep.wordpress.com\/wp-content\/uploads\/<\/span><span class=\"s10\">2013<\/span><span class=\"s1\">\/<\/span><span class=\"s10\">10<\/span><span class=\"s1\">\/<\/span><span class=\"s10\">04<\/span><span class=\"s1\">-cardosoyfaletto<\/span><span class=\"s10\">1<\/span><span class=\"s1\">.pdf<\/span><\/span><\/p>\n<p class=\"p19\"><span style=\"color: #333333;\"><span class=\"s1\">Castles, S. (<\/span><span class=\"s10\">2013<\/span><span class=\"s1\">). \u00abMigraci\u00f3n, trabajo y derechos precarios: perspectivas hist\u00f3rica y actual\u00bb. <\/span><em><span class=\"s11\">Migraci\u00f3n y Desarrollo<\/span><span class=\"s1\">, <\/span><\/em><span class=\"s10\">11<\/span><span class=\"s1\">(<\/span><span class=\"s10\">20<\/span><span class=\"s1\">), pp. <\/span><span class=\"s10\">8<\/span><span class=\"s1\">&#8211;<\/span><span class=\"s10\">42<\/span><span class=\"s1\">. Recuperado de https:\/\/www.scielo.org.mx\/pdf\/myd\/v<\/span><span class=\"s10\">11<\/span><span class=\"s1\">n<\/span><span class=\"s10\">20<\/span><span class=\"s1\">\/v<\/span><span class=\"s10\">11<\/span><span class=\"s1\">n<\/span><span class=\"s10\">20<\/span><span class=\"s1\">a<\/span><span class=\"s10\">2<\/span><span class=\"s1\">.pdf<\/span><\/span><\/p>\n<p class=\"p19\"><span style=\"color: #333333;\"><span class=\"s1\">Ceara-Hatton, M. (<\/span><span class=\"s10\">1993<\/span><span class=\"s1\">). \u00abLa econom\u00eda dominicana, <\/span><span class=\"s10\">1980<\/span><span class=\"s1\">&#8211;<\/span><span class=\"s10\">1990<\/span><span class=\"s1\">\u00bb. En <\/span><em><span class=\"s11\">Reestructuraci\u00f3n, crisis y crecimiento: la experiencia caribe\u00f1a<\/span><\/em><span class=\"s1\"> (pp. <\/span><span class=\"s10\">195<\/span><span class=\"s1\">&#8211;<\/span><span class=\"s10\">251<\/span><span class=\"s1\">). Puerto Rico: Asociaci\u00f3n de Economistas del Caribe\/Editorial de la Universidad de Puerto Rico.<\/span><\/span><\/p>\n<p class=\"p19\"><span style=\"color: #333333;\"><span class=\"s1\">Ceara-Hatton, M. (<\/span><span class=\"s10\">2018<\/span><span class=\"s1\">a). \u00abLos modelos de reproducci\u00f3n econ\u00f3mico, social e institucional en la Rep\u00fablica Dominicana (<\/span><span class=\"s10\">1978<\/span><span class=\"s1\">&#8211;<\/span><span class=\"s10\">2000<\/span><span class=\"s1\">)\u00bb. <\/span><em><span class=\"s11\">Revista Dominicana de Econom\u00eda<\/span><\/em><span class=\"s1\"> (<\/span><span class=\"s10\">9<\/span><span class=\"s1\">).<\/span><\/span><\/p>\n<p class=\"p19\"><span style=\"color: #333333;\"><span class=\"s1\">Ceara-Hatton, M. (<\/span><span class=\"s10\">2018<\/span><span class=\"s1\">b). \u00abLa econom\u00eda dominicana en transici\u00f3n <\/span><span class=\"s10\">1980<\/span><span class=\"s1\">&#8211;<\/span><span class=\"s10\">1996<\/span><span class=\"s1\">\u00bb. En <\/span><em><span class=\"s11\">Historia general del pueblo dominicano<\/span><\/em><span class=\"s1\">. Volumen VI (pp. <\/span><span class=\"s10\">383<\/span><span class=\"s1\">&#8211;<\/span><span class=\"s10\">453<\/span><span class=\"s1\">). Santo Domingo: Academia Dominicana de la Historia.<\/span><\/span><\/p>\n<p class=\"p19\"><span style=\"color: #333333;\"><span class=\"s1\">Crossa Niell, M. (<\/span><span class=\"s10\">2016<\/span><span class=\"s1\">). \u00abReestructuraci\u00f3n productiva mundial: una nueva fase en la dial\u00e9ctica de la dependencia\u00bb. <\/span><em><span class=\"s11\">Estudios Cr\u00edticos del Desarrollo<\/span><\/em><span class=\"s1\">, VI(<\/span><span class=\"s10\">10<\/span><span class=\"s1\">).<\/span><\/span><\/p>\n<p class=\"p19\"><span style=\"color: #333333;\"><span class=\"s1\">Del Bufalo, E. (<\/span><span class=\"s10\">2002<\/span><span class=\"s1\">). <\/span><em><span class=\"s11\">La reestructuraci\u00f3n neoliberal y la globalizaci\u00f3n<\/span><\/em><span class=\"s1\"><em>.<\/em> CLACSO. Recuperado de https:\/\/d<\/span><span class=\"s10\">1<\/span><span class=\"s1\">wqtxts<\/span><span class=\"s10\">1<\/span><span class=\"s1\">xzle<\/span><span class=\"s10\">7<\/span><span class=\"s1\">.cloudfront.net\/<\/span><span class=\"s10\">18211631<\/span><span class=\"s1\">\/<\/span><span class=\"s10\">2<\/span><span class=\"s1\">bufalo-libre.pdf<\/span><\/span><\/p>\n<p class=\"p19\"><span style=\"color: #333333;\"><span class=\"s1\">Delgado Wise, R. (<\/span><span class=\"s10\">1993<\/span><span class=\"s1\">). \u00abEl cambio estructural en la industria petrolera internacional y el conflicto del Golfo P\u00e9rsico\u00bb. <\/span><em><span class=\"s11\">Problemas del Desarrollo. Revista Latinoamericana de Econom\u00eda<\/span><\/em><span class=\"s1\">, <\/span><span class=\"s10\">24<\/span><span class=\"s1\">(<\/span><span class=\"s10\">94<\/span><span class=\"s1\">). Recuperado de https:\/\/repositorio.unam.mx\/contenidos\/<\/span><span class=\"s10\">33384<\/span><\/span><\/p>\n<p class=\"p19\"><span style=\"color: #333333;\"><span class=\"s1\">Delgado Wise, R. (<\/span><span class=\"s10\">2020<\/span><span class=\"s1\">). \u00abReplanteando la cuesti\u00f3n del desarrollo y su relaci\u00f3n dial\u00e9ctica con la exportaci\u00f3n de fuerza de trabajo de cara al siglo XXI\u00bb. <\/span><em><span class=\"s11\">Migraci\u00f3n y Desarrollo<\/span><\/em><span class=\"s1\">, <\/span><span class=\"s10\">18<\/span><span class=\"s1\">(<\/span><span class=\"s10\">35<\/span><span class=\"s1\">), pp. <\/span><span class=\"s10\">7<\/span><span class=\"s1\">&#8211;<\/span><span class=\"s10\">24<\/span><span class=\"s1\">. DOI: https:\/\/doi.org\/<\/span><span class=\"s10\">10<\/span><span class=\"s1\">.<\/span><span class=\"s10\">35533<\/span><span class=\"s1\">\/myd.<\/span><span class=\"s10\">1835<\/span><span class=\"s1\">.rdw<\/span><\/span><\/p>\n<p class=\"p19\"><span style=\"color: #333333;\"><span class=\"s1\">Delgado Wise, R. (<\/span><span class=\"s10\">2023<\/span><span class=\"s1\">). \u00abLa cuesti\u00f3n de la migraci\u00f3n y el desarrollo de cara al siglo xxi: imperialismo y exportaci\u00f3n de fuerza de trabajo\u00bb. <\/span><em><span class=\"s11\">Revista Espa\u00f1ola de Desarrollo y Cooperaci\u00f3n<\/span><\/em><span class=\"s1\">, <\/span><span class=\"s10\">50<\/span><span class=\"s1\">(<\/span><span class=\"s10\">1<\/span><span class=\"s1\">), pp. <\/span><span class=\"s10\">11<\/span><span class=\"s1\">&#8211;<\/span><span class=\"s10\">22.<\/span><\/span><\/p>\n<p class=\"p19\"><span style=\"color: #333333;\"><span class=\"s1\">Delgado Wise, R., M\u00e1rquez Covarrubias, H. y Rodr\u00edguez Ram\u00edrez, H. (<\/span><span class=\"s10\">2009<\/span><span class=\"s1\">). \u00abSeis tesis para desmitificar el nexo entre migraci\u00f3n y desarrollo\u00bb. <\/span><em><span class=\"s11\">Migraci\u00f3n y Desarrollo<\/span><\/em><span class=\"s1\">, <\/span><span class=\"s10\">7<\/span><span class=\"s1\">(<\/span><span class=\"s10\">12<\/span><span class=\"s1\">), pp. <\/span><span class=\"s10\">27<\/span><span class=\"s1\">&#8211;<\/span><span class=\"s10\">52<\/span><span class=\"s1\">. Recuperado de http:\/\/www.scielo.org.mx\/scielo.php<\/span><span class=\"s12\">?<\/span><span class=\"s1\">script=sci_arttext&amp;pid=S<\/span><span class=\"s10\">1870<\/span><span class=\"s1\">&#8211;<\/span><span class=\"s10\">75992009000100002<\/span><span class=\"s1\">&amp;lng=es&amp;tlng=es<\/span><\/span><\/p>\n<p class=\"p19\"><span style=\"color: #333333;\"><span class=\"s1\">Docquier, F. (<\/span><span class=\"s10\">2014<\/span><span class=\"s1\">). \u00abThe brain drain from developing countries\u00bb. <\/span><em><span class=\"s11\">IZA World of Labor<\/span><\/em><span class=\"s1\"> (<\/span><span class=\"s10\">31<\/span><span class=\"s1\">). DOI: https:\/\/doi.org\/<\/span><span class=\"s10\">10<\/span><span class=\"s1\">.<\/span><span class=\"s10\">15185<\/span><span class=\"s1\">\/izawol.<\/span><span class=\"s10\">31<\/span><\/span><\/p>\n<p class=\"p19\"><span style=\"color: #333333;\"><span class=\"s1\">Duarte, I. (<\/span><span class=\"s10\">1983<\/span><span class=\"s1\">). \u00abFuerza laboral urbana en Santo Domingo: <\/span><span class=\"s10\">1980<\/span><span class=\"s1\">&#8211;<\/span><span class=\"s10\">1983<\/span><span class=\"s1\">\u00bb. <\/span><em><span class=\"s11\">Estudios Sociales<\/span><\/em><span class=\"s1\">, <\/span><span class=\"s10\">16<\/span><span class=\"s1\">(<\/span><span class=\"s10\">53<\/span><span class=\"s1\">). Recuperado de https:\/\/estudiossociales.bono.edu.do\/index.php\/es\/article\/view\/<\/span><span class=\"s10\">708<\/span><\/span><\/p>\n<p class=\"p19\"><span style=\"color: #333333;\"><span class=\"s1\">Espinal, R. (<\/span><span class=\"s10\">1995<\/span><span class=\"s1\">). \u00abEconomic restructuring, social protest, and democratization in the Dominican Republic\u00bb. <\/span><em><span class=\"s11\">Latin American Perspectives<\/span><\/em><span class=\"s1\">, <\/span><span class=\"s10\">22<\/span><span class=\"s1\">(<\/span><span class=\"s10\">3<\/span><span class=\"s1\">), pp. <\/span><span class=\"s10\">63<\/span><span class=\"s1\">&#8211;<\/span><span class=\"s10\">79<\/span><span class=\"s1\">. DOI: https:\/\/doi.org\/<\/span><span class=\"s10\">10<\/span><span class=\"s1\">.<\/span><span class=\"s10\">1177<\/span><span class=\"s1\">\/<\/span><span class=\"s10\">0094582<\/span><span class=\"s1\">x<\/span><span class=\"s10\">9502200304<\/span><\/span><\/p>\n<p class=\"p19\"><span style=\"color: #333333;\"><span class=\"s1\">Forcinito, K. y Tol\u00f3n Estarelles, G. (<\/span><span class=\"s10\">2009<\/span><span class=\"s1\">). <\/span><em><span class=\"s11\">Reestructuraci\u00f3n neoliberal y despu\u00e9s&#8230; <\/span><span class=\"s13\">1983<\/span><span class=\"s11\">&#8211;<\/span><span class=\"s13\">2008<\/span><span class=\"s11\">: <\/span><span class=\"s13\">25<\/span><span class=\"s11\"> a\u00f1os de econom\u00eda argentina<\/span><\/em><span class=\"s1\">. Argentina: Universidad Nacional de General Sarmiento.<\/span><\/span><\/p>\n<p class=\"p19\"><span style=\"color: #333333;\"><span class=\"s1\">Gandini, L. (<\/span><span class=\"s10\">2019<\/span><span class=\"s1\">). \u00abLas explicaciones de la migraci\u00f3n calificada: el papel de las mujeres desde la experiencia norteamericana. Estereotipos, sesgos y desaf\u00edos\u00bb. <\/span><em><span class=\"s11\">Norteam\u00e9rica<\/span><\/em><span class=\"s1\">, <\/span><span class=\"s10\">14<\/span><span class=\"s1\">(<\/span><span class=\"s10\">1<\/span><span class=\"s1\">). doi: https:\/\/doi.org\/<\/span><span class=\"s10\">10<\/span><span class=\"s1\">.<\/span><span class=\"s10\">22201<\/span><span class=\"s1\">\/cisan.<\/span><span class=\"s10\">24487228<\/span><span class=\"s1\">e.<\/span><span class=\"s10\">2019<\/span><span class=\"s1\">.<\/span><span class=\"s10\">1<\/span><span class=\"s1\">.<\/span><span class=\"s10\">371<\/span><\/span><\/p>\n<p class=\"p19\"><span style=\"color: #333333;\"><span class=\"s1\">G\u00f3mez Paulino, P., Majluta Yeb, M. y Blanco Garc\u00eda, Y. (<\/span><span class=\"s10\">2024<\/span><span class=\"s1\">). \u00ab\u00cdndice de calidad del empleo de Rep\u00fablica Dominicana\u00bb. Texto de discusi\u00f3n No. <\/span><span class=\"s10\">46<\/span><span class=\"s1\">. Viceministerio de An\u00e1lisis Econ\u00f3mico y Social. Recuperado de https:\/\/mepyd.gob.do\/publicaciones\/indice-de-calidad -del-empleo-de-republica-dominicana<\/span><\/span><\/p>\n<p class=\"p19\"><span style=\"color: #333333;\"><span class=\"s1\">Gunder Frank, A. (<\/span><span class=\"s10\">1966<\/span><span class=\"s1\">). \u00abThe development of underdevelopment\u00bb. <\/span><em><span class=\"s11\">Monthly Rewiew<\/span><\/em><span class=\"s1\">, pp. <\/span><span class=\"s10\">4<\/span><span class=\"s1\">&#8211;<\/span><span class=\"s10\">17<\/span><span class=\"s1\">.<\/span><\/span><\/p>\n<p class=\"p19\"><span style=\"color: #333333;\"><span class=\"s1\">Johnson, N. (<\/span><span class=\"s10\">2008<\/span><span class=\"s1\">). \u00abAnalysis and assessment of the \u2039brain drain\u203a phenomenon and its effects on caribbean countries\u00bb. <\/span><em><span class=\"s11\">Florida Atlantic Comparative Studies Journal<\/span><\/em><span class=\"s1\">, <\/span><span class=\"s10\">11<\/span><span class=\"s1\">, pp. <\/span><span class=\"s10\">1<\/span><span class=\"s1\">&#8211;<\/span><span class=\"s10\">16<\/span><span class=\"s1\">. Recuperado de https:\/\/home.fau.edu\/peralta\/web\/facs\/braindrain.pdf<\/span><\/span><\/p>\n<p class=\"p19\"><span style=\"color: #333333;\"><span class=\"s1\">Lopes, S. (<\/span><span class=\"s10\">1970<\/span><span class=\"s1\">). \u00ab\u2039Brain-drain!\u203a A fuga de c\u00e9rebros para os Estados Unidos\u00bb. <\/span><em><span class=\"s11\">An\u00e1lise Social<\/span><span class=\"s1\">, <\/span><\/em><span class=\"s10\">8<\/span><span class=\"s1\">(<\/span><span class=\"s10\">29<\/span><span class=\"s1\">), pp. <\/span><span class=\"s10\">157<\/span><span class=\"s1\">&#8211;<\/span><span class=\"s10\">166<\/span><span class=\"s1\">. Recuperado de http:\/\/www.jstor.org\/stable\/<\/span><span class=\"s10\">41008360<\/span><\/span><\/p>\n<p class=\"p19\"><span style=\"color: #333333;\"><span class=\"s1\">Marini, R.M. (<\/span><span class=\"s10\">2008<\/span><span class=\"s1\">). <\/span><em><span class=\"s11\">Dial\u00e9ctica de la dependencia<\/span><\/em><span class=\"s1\"><em>.<\/em> Bogot\u00e1: clacso\/Siglo del Hombre Editores. Recuperado de https:\/\/resistir.info\/livros\/marini_dialectica_de_la_dependencia.pdf<\/span><\/span><\/p>\n<p class=\"p19\"><span style=\"color: #333333;\"><span class=\"s1\">Massey, D.S. (<\/span><span class=\"s10\">2017<\/span><span class=\"s1\">). <\/span><em><span class=\"s11\">Comprender las migraciones internacionales<\/span><\/em><span class=\"s1\"><em>.<\/em> Barcelona: Bellaterra Edicions.<\/span><\/span><\/p>\n<p class=\"p19\"><span style=\"color: #333333;\"><span class=\"s1\">McLean Petras, E. (<\/span><span class=\"s10\">1981<\/span><span class=\"s1\">). \u00ab<\/span><span class=\"s10\">3<\/span><span class=\"s1\">: The global labor market in the modern world-economy\u00bb. <\/span><em><span class=\"s11\">International Migration Review<\/span><\/em><span class=\"s1\">, <\/span><span class=\"s10\">15<\/span><span class=\"s1\">(<\/span><span class=\"s10\">1<\/span><span class=\"s1\">), pp. <\/span><span class=\"s10\">44<\/span><span class=\"s1\">&#8211;<\/span><span class=\"s10\">63<\/span><span class=\"s1\">. DOI: https:\/\/doi.org\/<\/span><span class=\"s10\">10<\/span><span class=\"s1\">.<\/span><span class=\"s10\">1177<\/span><span class=\"s1\">\/<\/span><span class=\"s10\">019791838101501<\/span><span class=\"s1\">s<\/span><span class=\"s10\">05<\/span><\/span><\/p>\n<p class=\"p19\"><span style=\"color: #333333;\"><span class=\"s1\">Montuschi, L. (<\/span><span class=\"s10\">1999<\/span><span class=\"s1\">). \u00abUn replanteo del problema del brain drain. Las migraciones de capital humano en la sociedad de la informaci\u00f3n\u00bb. <\/span><em><span class=\"s11\">CEMA Working Papers<\/span><span class=\"s1\">. <\/span><span class=\"s11\">Serie Documentos de Trabajo<\/span><\/em><span class=\"s1\"> (<\/span><span class=\"s10\">155<\/span><span class=\"s1\">).<\/span><\/span><\/p>\n<p class=\"p19\"><span style=\"color: #333333;\"><span class=\"s1\">Organizaci\u00f3n Internacional para las Migraciones (<\/span><span class=\"s10\">2016<\/span><span class=\"s1\">). \u00abMigraci\u00f3n calificada y desarrollo: desaf\u00edos para Am\u00e9rica del Sur\u00bb. <\/span><em><span class=\"s11\">Cuadernos Migratorios<\/span><\/em><span class=\"s1\"> (<\/span><span class=\"s10\">7<\/span><span class=\"s1\">). Recuperado de https:\/\/www.iom.int\/sites\/g\/files\/tmzbdl<\/span><span class=\"s10\">486<\/span><span class=\"s1\">\/files\/press_release\/file\/oim-Migracion-Calificada-en-America-del-Sur.pdf<\/span><\/span><\/p>\n<p class=\"p19\"><span style=\"color: #333333;\"><span class=\"s1\">Petras, J. (<\/span><span class=\"s10\">1981<\/span><span class=\"s1\">). \u00abDependency and world system theory: a critique and new directions\u00bb. <\/span><em><span class=\"s11\">Latin American Perspectives<\/span><\/em><span class=\"s1\">, <\/span><span class=\"s10\">8<\/span><span class=\"s1\">(<\/span><span class=\"s10\">3<\/span><span class=\"s1\">\/<\/span><span class=\"s10\">4<\/span><span class=\"s1\">), pp. <\/span><span class=\"s10\">148<\/span><span class=\"s1\">&#8211;<\/span><span class=\"s10\">155<\/span><span class=\"s1\">. Recuperado de http:\/\/www.jstor.org\/stable\/<\/span><span class=\"s10\">2633477<\/span><\/span><\/p>\n<p class=\"p20\"><span style=\"color: #333333;\"><span class=\"s2\">Santana, J. (<\/span><span class=\"s10\">1992<\/span><span class=\"s2\">). <\/span><span class=\"s1\"><em>Zonas francas y proceso de urbanizaci\u00f3n en la regi\u00f3n del Cibao: el caso de Santiago<\/em>, Rep\u00fablica Dominicana<\/span><span class=\"s2\">. Santo Domingo: FLACSO.<\/span><\/span><\/p>\n<p class=\"p19\"><span style=\"color: #333333;\"><span class=\"s1\">Sassen, S. (<\/span><span class=\"s10\">2004<\/span><span class=\"s1\">). \u00abFormaci\u00f3n de los condicionantes econ\u00f3micos para las migraciones internacionales\u00bb.<\/span><em><span class=\"s11\"> Ecuador Debate. Econom\u00edas y Vidas de Migrantes<\/span><\/em><span class=\"s1\"> (<\/span><span class=\"s10\">63<\/span><span class=\"s1\">), pp. <\/span><span class=\"s10\">63<\/span><span class=\"s1\">&#8211;<\/span><span class=\"s10\">88<\/span><span class=\"s1\">. Recuperado de http:\/\/hdl.handle.net\/<\/span><span class=\"s10\">10469<\/span><span class=\"s1\">\/<\/span><span class=\"s10\">3791<\/span><\/span><\/p>\n<p class=\"p19\"><span style=\"color: #333333;\"><span class=\"s1\">Sassen, S. (<\/span><span class=\"s10\">2020<\/span><span class=\"s1\">). \u00abUn nuevo tipo de migrante: <\/span><span class=\"s12\">\u00f8<\/span><span class=\"s1\">escapando del \u2039desarrollo\u203a<\/span><span class=\"s12\">?<\/span><span class=\"s1\">\u00bb <\/span><em><span class=\"s11\">Forum. Revista Departamento de Ciencia Pol\u00edtica<\/span><\/em><span class=\"s1\"> (<\/span><span class=\"s10\">18<\/span><span class=\"s1\">), pp. <\/span><span class=\"s10\">124<\/span><span class=\"s1\">&#8211;<\/span><span class=\"s10\">144<\/span><span class=\"s1\">. DOI: https:\/\/doi.org\/<\/span><span class=\"s10\">10<\/span><span class=\"s1\">.<\/span><span class=\"s10\">15446<\/span><span class=\"s1\">\/frdcp.n<\/span><span class=\"s10\">18<\/span><span class=\"s1\">.<\/span><span class=\"s10\">82102<\/span><\/span><\/p>\n<p class=\"p19\"><span style=\"color: #333333;\"><span class=\"s1\">Congreso de los Estados Unidos (<\/span><span class=\"s10\">1967<\/span><span class=\"s1\">). \u00abHearing on research and technical programs\u00bb. U.S. Government Publishing Office.<\/span><\/span><\/p>\n<p class=\"p19\"><span style=\"color: #333333;\"><span class=\"s1\">Veloz, A. (<\/span><span class=\"s10\">2000<\/span><span class=\"s1\">). \u00abAlgunas ideas sobre privatizaci\u00f3n en la Rep\u00fablica Dominicana\u00bb. <\/span><em><span class=\"s11\">Revista Estudios Sociales<\/span><\/em><span class=\"s1\">, <\/span><span class=\"s10\">33<\/span><span class=\"s1\">(<\/span><span class=\"s10\">121<\/span><span class=\"s1\">). Recuperado de https:\/\/estudiossociales.bono.edu.do\/index.php\/es\/article\/view\/<\/span><span class=\"s10\">252<\/span><\/span><\/p>\n<p class=\"p19\"><span style=\"color: #333333;\"><span class=\"s1\">Vidal, G. (<\/span><span class=\"s10\">2020<\/span><span class=\"s1\">). \u00abEstados Unidos, las empresas transnacionales y el subdesarrollo: una lectura desde Furtado\u00bb. <\/span><em><span class=\"s11\">Revista De Ci\u00eancias Sociais<\/span><\/em><span class=\"s1\">, <\/span><span class=\"s10\">51<\/span><span class=\"s1\">(<\/span><span class=\"s10\">1<\/span><span class=\"s1\">), pp. <\/span><span class=\"s10\">75<\/span><span class=\"s1\">&#8211;<\/span><span class=\"s10\">105<\/span><span class=\"s1\">. DOI: https:\/\/doi.org\/<\/span><span class=\"s10\">10<\/span><span class=\"s1\">.<\/span><span class=\"s10\">36517<\/span><span class=\"s1\">\/rcs.<\/span><span class=\"s10\">51<\/span><span class=\"s1\">.<\/span><span class=\"s10\">1<\/span><span class=\"s1\">.d<\/span><span class=\"s10\">03<\/span><\/span><\/p>\n<p class=\"p19\"><span style=\"color: #333333;\"><span class=\"s1\">Villarespe, V. (<\/span><span class=\"s10\">1981<\/span><span class=\"s1\">). \u00abCorporaciones transnacionales y fuerza de trabajo en el mundo subdesarrollado: el caso de las maquiladoras de exportaci\u00f3n\u00bb. <\/span><em><span class=\"s11\">Problemas del Desarrollo<\/span><\/em><span class=\"s1\">, <\/span><span class=\"s10\">12<\/span><span class=\"s1\">(<\/span><span class=\"s10\">45<\/span><span class=\"s1\">), pp. <\/span><span class=\"s10\">145<\/span><span class=\"s1\">&#8211;<\/span><span class=\"s10\">168<\/span><span class=\"s1\">. Recuperado de http:\/\/www.jstor.org\/stable\/<\/span><span class=\"s10\">43906715<\/span><\/span><\/p>\n<p class=\"p19\"><span style=\"color: #333333;\"><span class=\"s1\">Wallerstein, I. (<\/span><span class=\"s10\">1974<\/span><span class=\"s1\">). \u00abDependence in an interdependent world: the limited possibilities of transformation within the capitalist world economy\u00bb. <\/span><em><span class=\"s11\">African Studies Review<\/span><\/em><span class=\"s1\">, <\/span><span class=\"s10\">17<\/span><span class=\"s1\">(<\/span><span class=\"s10\">1<\/span><span class=\"s1\">), pp. <\/span><span class=\"s10\">1<\/span><span class=\"s1\">&#8211;<\/span><span class=\"s10\">26<\/span><span class=\"s1\">. DOI: https:\/\/doi.org\/<\/span><span class=\"s10\">10<\/span><span class=\"s1\">.<\/span><span class=\"s10\">2307<\/span><span class=\"s1\">\/<\/span><span class=\"s10\">523574<\/span><\/span><\/p>\n<p class=\"p20\"><span style=\"color: #333333;\"><span class=\"s2\">Wallerstein, I. (<\/span><span class=\"s10\">2011<\/span><span class=\"s2\">a). <\/span><em><span class=\"s1\">El moderno sistema mundial I: la agricultura capitalista y los or\u00edgenes de la econom\u00eda-mundo europea en el siglo XVI<\/span><\/em><span class=\"s2\">. Madrid: Siglo XXI.<\/span><\/span><\/p>\n<p class=\"p20\"><span style=\"color: #333333;\"><span class=\"s2\">Wallerstein, I. (<\/span><span class=\"s10\">2011<\/span><span class=\"s2\">b). <\/span><em><span class=\"s1\">El moderno sistema mundial ii: el mercantilismo y la consolidaci\u00f3n de la econom\u00eda-mundo europea, <\/span><span class=\"s13\">1600<\/span><span class=\"s1\">&#8211;<\/span><span class=\"s13\">1750<\/span><\/em><span class=\"s2\">. Madrid: Siglo XXI.<\/span><\/span><\/p>\n<p class=\"p19\"><span style=\"color: #333333;\"><span class=\"s1\">Wiarda, H.J. y Kryzanek, M.J. (<\/span><span class=\"s10\">1992<\/span><span class=\"s1\">). <\/span><em><span class=\"s11\">The Dominican Republic: a caribbean crucible<\/span><\/em><span class=\"s1\"><em>.<\/em> Estados Unidos: Westview Press.<\/span><\/span><\/p>\n<p><strong><span style=\"color: #808080;\">Notas<\/span><\/strong><\/p>\n<p class=\"p1\"><span class=\"s1\" style=\"color: #808080;\">1 Datos del Consejo Nacional de Zonas Francas de Exportaci\u00f3n, accesibles a trav\u00e9s del siguiente enlace: https:\/\/cnzfe.gob.do\/datos-estadisticos<\/span><\/p>\n<\/div>\n<p>&nbsp;<\/p>\n<p>&nbsp;<\/p>\n<div style=\"float: left; background-color: #f2f2f2; padding: 10px; width: 100%;\">\n<p class=\"p1\"><span style=\"color: #000000;\"><a style=\"font-size: inherit; background-color: #ffffff; color: #000000;\" href=\"http:\/\/creativecommons.org\/licenses\/by-nc-nd\/4.0\/\" rel=\"license\"><img decoding=\"async\" style=\"border-width: 0;\" src=\"https:\/\/i.creativecommons.org\/l\/by-nc-nd\/4.0\/88x31.png\" alt=\"Licencia de Creative Commons\" \/><\/a><\/span><\/p>\n<\/div>\n<p><span style=\"color: #808080;\">Este obra est\u00e1 bajo una <a style=\"color: #808080;\" href=\"http:\/\/creativecommons.org\/licenses\/by-nc-nd\/4.0\/\" rel=\"license\">licencia de Creative Commons Reconocimiento-NoComercial-SinObraDerivada 4.0 Internacional<\/a>.<\/span><\/p>\n<\/div>\n","protected":false},"excerpt":{"rendered":"<p>Migraci\u00f3n y Desarrollo, volumen 23, n\u00famero 45, segundo semestre 2025, es una publicaci\u00f3n semestral editada por la Universidad Aut\u00f3noma de Zacatecas \u00abFrancisco Garc\u00eda Salinas\u00bb, a trav\u00e9s de la Unidad Acad\u00e9mica de Estudios del Desarrollo, Jard\u00edn Ju\u00e1rez 147, colonia Centro, Zacatecas,<\/p>\n","protected":false},"author":2,"featured_media":0,"parent":0,"menu_order":0,"comment_status":"closed","ping_status":"closed","template":"","meta":{"footnotes":""},"class_list":["post-2868","page","type-page","status-publish","hentry"],"_links":{"self":[{"href":"https:\/\/estudiosdeldesarrollo.mx\/migracionydesarrollo\/wp-json\/wp\/v2\/pages\/2868","targetHints":{"allow":["GET"]}}],"collection":[{"href":"https:\/\/estudiosdeldesarrollo.mx\/migracionydesarrollo\/wp-json\/wp\/v2\/pages"}],"about":[{"href":"https:\/\/estudiosdeldesarrollo.mx\/migracionydesarrollo\/wp-json\/wp\/v2\/types\/page"}],"author":[{"embeddable":true,"href":"https:\/\/estudiosdeldesarrollo.mx\/migracionydesarrollo\/wp-json\/wp\/v2\/users\/2"}],"replies":[{"embeddable":true,"href":"https:\/\/estudiosdeldesarrollo.mx\/migracionydesarrollo\/wp-json\/wp\/v2\/comments?post=2868"}],"version-history":[{"count":3,"href":"https:\/\/estudiosdeldesarrollo.mx\/migracionydesarrollo\/wp-json\/wp\/v2\/pages\/2868\/revisions"}],"predecessor-version":[{"id":2881,"href":"https:\/\/estudiosdeldesarrollo.mx\/migracionydesarrollo\/wp-json\/wp\/v2\/pages\/2868\/revisions\/2881"}],"wp:attachment":[{"href":"https:\/\/estudiosdeldesarrollo.mx\/migracionydesarrollo\/wp-json\/wp\/v2\/media?parent=2868"}],"curies":[{"name":"wp","href":"https:\/\/api.w.org\/{rel}","templated":true}]}}