{"id":2242,"date":"2024-01-26T21:45:12","date_gmt":"2024-01-26T21:45:12","guid":{"rendered":"https:\/\/estudiosdeldesarrollo.mx\/migracionydesarrollo\/?page_id=2242"},"modified":"2024-01-26T21:45:12","modified_gmt":"2024-01-26T21:45:12","slug":"numero-40-texto-completo-ppr","status":"publish","type":"page","link":"https:\/\/estudiosdeldesarrollo.mx\/migracionydesarrollo\/numero-40-texto-completo-ppr\/","title":{"rendered":"Numero 40 texto completo ppr"},"content":{"rendered":"<div style=\"float: left;\">\n<div>\n<p><a href=\"https:\/\/estudiosdeldesarrollo.mx\/migracionydesarrollo\/numero-40\/\"><img loading=\"lazy\" decoding=\"async\" class=\" wp-image-111 alignleft\" src=\"https:\/\/estudiosdeldesarrollo.mx\/migracionydesarrollo\/wp-content\/uploads\/2023\/12\/MyD40portada.jpg\" alt=\"\" width=\"177\" height=\"246\" \/><\/a><\/p>\n<p><span style=\"color: #028575;\"><strong><em>Migraci\u00f3n y Desarrollo<\/em>, volumen 21, n\u00famero 40, primer semestre 2023<\/strong><\/span>, es una publicaci\u00f3n semestral editada por la Universidad Aut\u00f3noma de Zacatecas \u00abFrancisco Garc\u00eda Salinas\u00bb, a trav\u00e9s de la Unidad Acad\u00e9mica de Estudios del Desarrollo, Jard\u00edn Ju\u00e1rez 147, colonia Centro, Zacatecas, C.P. 98000, Tel. (01492) 922 91 09, www.uaz.edu.mx, www.estudiosdeldesarrollo.net, revistamyd@estudiosdeldesarrollo.net. Editor responsable: Ra\u00fal Delgado Wise. Reserva de Derechos al Uso Exclusivo V\u00eda Red C\u00f3mputo No. 04-2015-060212200400-203. ISSN: 2448-7783, ambos otorgados por el Instituto Nacional del Derecho de Autor. Responsable de \u00faltima actualizaci\u00f3n: Unidad Acad\u00e9mica de Estudios del Desarrollo, Maximino Gerardo Luna Estrada, Campus Universitario II, avenida Preparatoria s\/n, fraccionamiento Progreso, Zacatecas, C.P. 98065. Fecha de la \u00faltima modificaci\u00f3n, julio de 2023.<\/p>\n<p>Las opiniones expresadas por los autores no necesariamente reflejan la postura del editor de la publicaci\u00f3n. Queda estrictamente prohibida la reproducci\u00f3n total o parcial de los contenidos e im\u00e1genes de la publicaci\u00f3n sin previa autorizaci\u00f3n de la Universidad Aut\u00f3noma de Zacatecas \u00abFrancisco Garc\u00eda Salinas\u00bb a trav\u00e9s de la Unidad Acad\u00e9mica de Estudios del Desarrollo.<\/p>\n<p><a style=\"color: #999999;\" href=\"https:\/\/doi.org\/10.35533\/myd.numero40\" target=\"_blank\" rel=\"noopener noreferrer\"> https:\/\/doi.org\/10.35533\/myd.numero40<\/a><\/p>\n<\/div>\n<\/div>\n<div style=\"float: left; background-color: #f2f2f2; padding: 10px; width: 100%;\">\n<h2 class=\"p1\"><span style=\"color: #000000;\">La conformaci\u00f3n de un mercado laboral regional en el sector servicios, los j\u00f3venes trabajadores en M\u00e9xico y Estados Unidos<\/span><\/h2>\n<h4 class=\"p3\" style=\"text-align: right;\"><span style=\"color: #808080;\">The formation of a regional labor market in the service sector, young workers in Mexico and the United States<\/span><\/h4>\n<p class=\"p1\" style=\"text-align: right;\">Recibido <span class=\"s1\">13<\/span>\/<span class=\"s1\">09<\/span>\/<span class=\"s1\">22<\/span> | Aceptado <span class=\"s1\">05<\/span>\/<span class=\"s1\">10<\/span>\/<span class=\"s1\">22<\/span><\/p>\n<h6 class=\"p5\"><span style=\"color: #000000;\">Patricia Pozos Rivera*<\/span><\/h6>\n<p class=\"p1\" style=\"text-align: right; padding-left: 40px;\"><span class=\"s1\">*<\/span><span class=\"s1\">Mexicana. Investigadora asociada, Instituto de Investigaciones Econ\u00f3micas, Universidad Nacional Aut\u00f3noma de M\u00e9xico. Correo-e: ppozos@iiec.unam.mx<\/span><\/p>\n<p class=\"p1\" style=\"text-align: right; padding-left: 40px;\"><span class=\"s1\">**<\/span><span class=\"s1\">Yugoslava. Profesora em\u00e9rita en el Instituto Research on Migration, Ethnicity, and Society (Remeso) de la Universidad de Link\u00f6ping, Suecia. Correo-e: aleksandra.alund@liu.se<br \/>\nTraducido del ingl\u00e9s al espa\u00f1ol por Georgia Aral\u00fa Gonz\u00e1lez P\u00e9rez y Reyna Cecilia Murillo Garza.<\/span><span class=\"s1\">.<br \/>\n<\/span><\/p>\n<p class=\"p1\"><strong><span class=\"s1\">Resumen. <\/span><\/strong>El presente art\u00edculo desarrolla una revisi\u00f3n de los sectores y las principales actividades econ\u00f3micas en las que actualmente se insertan los j\u00f3venes mexicanos, en los mercados laborales de M\u00e9xico y de Estados Unidos. El an\u00e1lisis parte del hecho de que los mercados laborales son segmentados y el mercado laboral mexicano se encuentra ligado y subordinado al mercado laboral norteamericano, juntos conforman un mercado laboral regional. Tanto en M\u00e9xico como en Estados Unidos los j\u00f3venes mexicanos se incorporan al sector servicios, en Estados Unidos debido a un proceso de reestructuraci\u00f3n productiva y en M\u00e9xico debido a la subordinaci\u00f3n de la econom\u00eda mexicana a la estadounidense.<\/p>\n<p class=\"p1\"><span class=\"s1\"><b>Palabras clave:\u00a0<\/b><\/span>mercado laboral juvenil, segmentaci\u00f3n laboral, mercado laboral regional, reestructuraci\u00f3n productiva.<\/p>\n<p class=\"p1\"><span class=\"s4\"><b>Abstract.\u00a0<\/b><\/span><span class=\"s1\">This article provides a review of the sectors and main economic activities in which young Mexicans are currently involved in the labor markets of Mexico and the United States. The analysis starts from the premise that labor markets are segmented, and the Mexican labor market is linked and subordinated to the North American labor market, together forming a regional labor market. In both Mexico and the United States, young Mexicans are entering the service sector, in the United States due to a process of productive restructuring and in Mexico due to the subordination of the Mexican economy to the American one.<\/span><\/p>\n<p class=\"p1\"><span class=\"s1\"><b>Keywords:\u00a0<\/b><\/span>youth labor market, labor segmentation, regional labor market, productive restructuring.<\/p>\n<h4 class=\"p1\" style=\"text-align: center;\"><span style=\"color: #000000;\">Introducci\u00f3n<\/span><\/h4>\n<p class=\"p1\"><span style=\"color: #000000;\">El objetivo del presente art\u00edculo es hacer una revisi\u00f3n, desde una perspectiva cr\u00edtica y actual, del mercado laboral regional conformado por M\u00e9xico y Estados Unidos en el sector servicios, al cual se insertan los j\u00f3venes mexicanos. <span class=\"s1\">Dicho an\u00e1lisis es relevante porque el mercado laboral mexicano se encuentra ligado y subordinado al mercado laboral norteamericano, juntos conforman un mercado laboral regional, que debe estudiarse de manera integral, pues como argumenta Genoveva Rold\u00e1n, existe \u00abuna <\/span><em><span class=\"s2\">complementariedad subordinada<\/span><\/em><span class=\"s1\"> del mercado laboral mexicano con el estadounidense\u00bb (Rold\u00e1n, <\/span><span class=\"s3\">2019<\/span><span class=\"s1\">:<\/span><span class=\"s3\">27<\/span><span class=\"s1\">).<\/span><\/span><\/p>\n<p class=\"p2\"><span class=\"s1\" style=\"color: #000000;\">La perspectiva anal\u00edtica, desde la cual se revisa la precariedad laboral de los j\u00f3venes en el mercado laboral regional, es el pensamiento cr\u00edtico, principalmente la teor\u00eda marxista y la teor\u00eda de los mercados segmentados, que permiten explicar la demanda de fuerza de trabajo juvenil en dicha regi\u00f3n.<\/span><\/p>\n<p class=\"p2\"><span style=\"color: #000000;\"><span class=\"s1\">As\u00ed, la hip\u00f3tesis de la que parte la investigaci\u00f3n es que el sector de servicios se abastece, en lo fundamental, de fuerza de trabajo juvenil, la cual es aportada en ambos pa\u00edses por j\u00f3venes mexicanos, adem\u00e1s de estadounidenses y otros latinos. Lo anterior ha significado la disminuci\u00f3n de su presencia en los sectores secundario y primario, debido a la reestructuraci\u00f3n productiva y econ\u00f3mica desarrollada en Estados Unidos y M\u00e9xico, en condiciones de dependencia, desde la d\u00e9cada de <\/span><span class=\"s3\">1970<\/span><span class=\"s1\">, dando lugar a la desindustrializaci\u00f3n provocada por el cambio del modelo de desarrollo que, por un lado, signific\u00f3 la relocalizaci\u00f3n de procesos productivos y, por el otro, el abandono de la producci\u00f3n para el mercado interno, al privilegiar el modelo exportador e integrar un mercado laboral regional en el sector servicios, al cual j\u00f3venes mexicanos se incorporan en condiciones de precariedad. <\/span><\/span><\/p>\n<p class=\"p2\"><span style=\"color: #000000;\"><span class=\"s1\">Defino como j\u00f3venes mexicanos a la poblaci\u00f3n de <\/span><span class=\"s3\">15<\/span><span class=\"s1\"> a <\/span><span class=\"s3\">29<\/span><span class=\"s1\"> a\u00f1os nacida en M\u00e9xico. No existe un rango de edad definitorio de la poblaci\u00f3n que debe considerarse joven, por lo que se toma el que establece el Instituto Nacional de Estad\u00edstica y Geograf\u00eda. Para los objetivos de este estudio interesa la poblaci\u00f3n que se encuentra ocupada en el mercado laboral mexicano y en el estadounidense. <\/span><\/span><\/p>\n<p class=\"p2\"><span class=\"s1\" style=\"color: #000000;\">El art\u00edculo, en primer lugar, expone una revisi\u00f3n te\u00f3rica sobre los mercados laborales y abunda en las teor\u00edas del mercado laboral segmentado, con la finalidad de entender la demanda de mano de obra juvenil en los dos mercados. El segundo apartado examina la econom\u00eda mexicana para conocer el estado en el que se encuentra despu\u00e9s del desenvolvimiento de la pol\u00edtica neoliberal y del fomento del modelo de desarrollo conocido como industrializaci\u00f3n orientada a la exportaci\u00f3n (IOE) y de ese modo entender la estructura del mercado laboral actual. El tercer apartado consiste en un an\u00e1lisis de la \u00abEncuesta Nacional de Ocupaci\u00f3n y Empleo (ENOE)\u00bb que publica el Insituto Nacional de Estad\u00edstica y Geograf\u00eda (INEGI), con la intenci\u00f3n de especificar las principales actividades econ\u00f3micas que incorporan mano de obra juvenil.<\/span><\/p>\n<p class=\"p2\"><span style=\"color: #000000;\"><span class=\"s1\">Posteriormente, se estudia la reestructuraci\u00f3n productiva en Estados Unidos, que se da a partir de la gran crisis estructural de los <\/span><span class=\"s3\">1970<\/span><span class=\"s1\">, a fin de explicar, desde la esencia productiva, el proceso de incorporaci\u00f3n de mano de obra juvenil en ese pa\u00eds. Adem\u00e1s, se revisan las actividades esenciales en las cuales se incorporan los j\u00f3venes actualmente en la econom\u00eda estadounidense con datos de <\/span><span class=\"s3\">2020<\/span><span class=\"s1\"> obtenidos a trav\u00e9s de la Integrated Public Use Microdata Series (IPUMS)<sup>1<\/sup> en sus versiones IPUMS-USA e IPUMS CPS. Por \u00faltimo, se presentan las conclusiones.<\/span><\/span><\/p>\n<h4 class=\"p4\" style=\"text-align: center;\"><span style=\"color: #000000;\">Revisi\u00f3n te\u00f3rica para explicar la segmentaci\u00f3n\u00a0<\/span><span style=\"color: #000000;\">de los mercados laborales<\/span><\/h4>\n<p class=\"p1\"><span style=\"color: #000000;\">Una de las caracter\u00edsticas centrales de los mercados laborales es la inexistencia de uno solo y su consecuente divisi\u00f3n en variadas expresiones. Este apartado describe las diferentes propuestas te\u00f3ricas que dan soporte a dicho punto de partida. La explicaci\u00f3n m\u00e1s elaborada de los mercados laborales segmentados es la propuesta por Michael Piore en su libro <em><span class=\"s4\">Birds of passage<\/span>,<span class=\"s4\"> migrant labor and industrial societies<\/span><\/em>, en la que la segmentaci\u00f3n de los mercados laborales es una explicaci\u00f3n alternativa a la teor\u00eda ortodoxa en el tema del origen de la migraci\u00f3n laboral. Piore sostiene que los mercados laborales no son homog\u00e9neos, es decir, ni los trabajadores son iguales como tampoco los tipos de mercados. El primario se refiere al que ofrece trabajos estables, salarios adecuados para la reproducci\u00f3n de la fuerza de trabajo y prestaciones laborales; en cuanto al mercado laboral secundario, es lo contrario, es un mercado con salarios precarios, sin prestaciones laborales, sin estabilidad y la mayor\u00eda de las veces en condiciones peligrosas; es justo en ese mercado en el cual se incorporan los trabajadores inmigrantes.<\/span><\/p>\n<p class=\"p2\"><span style=\"color: #000000;\"><span class=\"s1\">En los <\/span><span class=\"s3\">1970<\/span><span class=\"s1\"> Piore not\u00f3 cambios en la organizaci\u00f3n del proceso productivo en los pa\u00edses desarrollados, y sin aludir de manera espec\u00edfica al proceso de reestructuraci\u00f3n productiva o reconversi\u00f3n industrial, dio cuenta de que algunas mercanc\u00edas ya se estaban produciendo bajo una l\u00f3gica diferente a la producci\u00f3n en masa estandarizada correspondiente al fordismo. Tambi\u00e9n indic\u00f3 que existen mercanc\u00edas para las cuales la demanda es estable, por lo tanto, se pueden seguir produciendo con altos niveles de estandarizaci\u00f3n; as\u00ed, los trabajadores pueden ser no calificados de manera formal<sup>2<\/sup> y ser \u00abdesplazados al sector secundario del mercado de trabajo\u00bb (Piore, <\/span><span class=\"s3\">1979<\/span><span class=\"s1\">:<\/span><span class=\"s3\">38<\/span><span class=\"s1\">). <\/span><\/span><\/p>\n<p class=\"p2\"><span style=\"color: #000000;\"><span class=\"s1\">El perfil de la fuerza de trabajo depende de la especificidad del proceso productivo de la mercanc\u00eda que se desea producir, as\u00ed como de la diferencia entre procesos intensivos en capital o en trabajo. Los intensivos en capital con alto desarrollo tecnol\u00f3gico son los que demandan fuerza de trabajo calificada, que ser\u00e1 contratada en el mercado laboral primario. Por el contrario, los intensivos en mano de obra, por ejemplo, la agricultura, demandar\u00e1n una gran cantidad de trabajadores no calificados formalmente (<\/span><span class=\"s3\">1979<\/span><span class=\"s1\">) que pertenecer\u00e1n al mercado secundario.<\/span><\/span><\/p>\n<p class=\"p2\"><span class=\"s1\" style=\"color: #000000;\">Este marco te\u00f3rico es muy importante en los an\u00e1lisis de la migraci\u00f3n laboral porque propone la explicaci\u00f3n de la demanda de fuerza de trabajo inmigrante en los pa\u00edses capitalistas desarrollados desde las necesidades del mercado de fuerza de trabajo, es decir, el factor determinante para activar la migraci\u00f3n es su demanda laboral. En efecto, la migraci\u00f3n de inmigrantes en general, y de j\u00f3venes en particular, que se incorporan al mercado laboral estadounidense responde al impulso de un mercado laboral segmentado.<\/span><\/p>\n<p class=\"p2\"><span class=\"s1\" style=\"color: #000000;\">En el an\u00e1lisis de los j\u00f3venes mexicanos incorporados en el mercado laboral de su pa\u00eds tambi\u00e9n es importante la teor\u00eda de los mercados duales, porque en M\u00e9xico tampoco existe un mercado laboral \u00fanico, sino que, en la realidad, existen mercados diversos que incorporan a la fuerza de trabajo y cada uno cuenta con mecanismos para precarizarla.<\/span><\/p>\n<p class=\"p2\"><span style=\"color: #000000;\"><span class=\"s1\">De acuerdo con Piore el mercado laboral tiene una triple divisi\u00f3n, un sector primario dividido en dos, as\u00ed como un sector secundario. Adem\u00e1s observ\u00f3 que la mayor\u00eda de los trabajadores negros en Estados Unidos era contratada en los peores trabajos.<sup>3<\/sup> Con el objetivo de explicar las diferencias que existen entre los trabajadores que laboran en otros segmentos, retom\u00f3 la literatura sociol\u00f3gica que habla de subculturas (Piore, <\/span><span class=\"s3\">1979<\/span><span class=\"s1\">). Su mayor aportaci\u00f3n al estudio de los mercados laborales de migrantes es que da elementos para explicar la migraci\u00f3n laboral como respuesta a una demanda de trabajadores j\u00f3venes mexicanos, resultado de una permanente demanda laboral inherente a la estructura econ\u00f3mica de las \u00absociedades industriales\u00bb. <\/span><\/span><\/p>\n<p class=\"p2\"><span class=\"s1\" style=\"color: #000000;\">No se niega que existe una multiplicidad de elementos que determinan la migraci\u00f3n, pero desde mi punto de vista son los factores econ\u00f3micos los que tienen un mayor peso explicativo, en espec\u00edfico la demanda de mano de obra con ciertas caracter\u00edsticas, que coincide con la de los migrantes.<\/span><\/p>\n<p class=\"p2\"><span style=\"color: #000000;\"><span class=\"s1\">Expertos en el estudio de la migraci\u00f3n, como Genoveva Rold\u00e1n (<\/span><span class=\"s3\">2011<\/span><span class=\"s1\">), Leopoldo Santos (<\/span><span class=\"s3\">2010<\/span><span class=\"s1\">) y Humberto M\u00e1rquez (<\/span><span class=\"s3\">2010<\/span><span class=\"s1\">), entre otros, han argumentado que la migraci\u00f3n internacional es en su mayor\u00eda de tipo laboral. Cifras actuales de Naciones Unidas (ONU) siguen sustentando esa afirmaci\u00f3n, pues en <\/span><span class=\"s3\">2019<\/span><span class=\"s1\"> los migrantes internacionales sumaron <\/span><span class=\"s3\">272<\/span><span class=\"s1\"> millones, de ellos <\/span><span class=\"s3\">245<\/span><span class=\"s1\"> millones (<\/span><span class=\"s3\">90%<\/span><span class=\"s1\">) est\u00e1n en la edad de trabajar (<\/span><span class=\"s3\">15<\/span><span class=\"s1\"> a\u00f1os o m\u00e1s) y <\/span><span class=\"s3\">169<\/span><span class=\"s1\"> millones (<\/span><span class=\"s3\">62%<\/span><span class=\"s1\">) se catalogan en concreto como migrantes laborales internacionales (ILO, <\/span><span class=\"s3\">2021<\/span><span class=\"s1\">:<\/span><span class=\"s3\">11<\/span><span class=\"s1\">). <\/span><\/span><\/p>\n<p class=\"p2\"><span class=\"s1\" style=\"color: #000000;\">Relativo a la migraci\u00f3n de j\u00f3venes mexicanos a Estados Unidos, \u00e9sta es de tipo laboral. Las consecuencias para los j\u00f3venes son, por un lado, la sobreexplotaci\u00f3n de los ocupados y, por el otro, la formaci\u00f3n de una gran masa de j\u00f3venes desempleados; esto representa, claramente, una contradicci\u00f3n propia del capitalismo.<\/span><\/p>\n<p class=\"p2\"><span style=\"color: #000000;\"><span class=\"s1\">Una segunda explicaci\u00f3n del origen de los mercados laborales segmentados es la derivada de la teor\u00eda del regulacionismo franc\u00e9s. Autores como Alain Lipietz y Dani\u00e8le Leborgne (<\/span><span class=\"s3\">1990<\/span><span class=\"s1\">) argumentan que el mercado laboral se estructura en relaci\u00f3n con el tipo de contrato de trabajo (r\u00edgido o flexible), tambi\u00e9n depende de si los trabajadores se involucran o no en el proceso de trabajo<sup>4<\/sup> y por \u00faltimo de su calificaci\u00f3n, a mayor estandarizaci\u00f3n del proceso productivo menor calificaci\u00f3n del obrero.<\/span><\/span><\/p>\n<p class=\"p2\"><span class=\"s1\" style=\"color: #000000;\">Adicionalmente, mencionan que se pueden crear combinaciones en la organizaci\u00f3n de los procesos productivos, pues en Estados Unidos, Jap\u00f3n y Europa se han propiciado los mercados de trabajo segmentados en los que el segmento primario se beneficia de contratos laborales estables, en tanto que el secundario se ve sometido a la flexibilidad. Los trabajadores que se incluyen en el mercado primario son los independientes: ingenieros y obreros calificados. <\/span><\/p>\n<p class=\"p2\"><span class=\"s1\" style=\"color: #000000;\">Este an\u00e1lisis parte de la idea de que existen escenarios en los cuales se pueden combinar algunos aspectos del modo de producci\u00f3n fordista con algunas novedades del toyotismo; por ejemplo, si se combina una organizaci\u00f3n en la que se produce de manera altamente estandarizada y, por lo tanto, con fuerza de trabajo poco calificada formalmente, pero con un contrato r\u00edgido, quiere decir que la empresa pudo seguir con la forma tradicional fordista y continuar contratando trabajadores poco calificados con salarios estables. En ese caso los autores aclaran que dichas empresas poco a poco se trasladar\u00e1n a una contrataci\u00f3n flexible. <\/span><\/p>\n<p class=\"p2\"><span style=\"color: #000000;\"><span class=\"s1\">Una tercera explicaci\u00f3n acerca de la segmentaci\u00f3n del mercado laboral la desarrolla Maximiliano Zuccarino (<\/span><span class=\"s3\">2012<\/span><span class=\"s1\">), quien argumenta que si bien existen muchas diferencias entre el fordismo y taylorismo, no son totalmente incompatibles: la tendencia en el nuevo paradigma productivo es demandar obreros altamente calificados, sin dejar de lado la demanda de fuerza de trabajo no calificada, ya que siguen existiendo procesos productivos estandarizados al estilo fordista. <\/span><\/span><\/p>\n<p class=\"p2\"><span style=\"color: #000000;\"><span class=\"s1\">A medida que se filtra el modelo toyotista en las diferentes ramas productivas en la econom\u00eda estadounidense se forma un nuevo perfil de trabajadores que privilegia a mujeres (Harvey, <\/span><span class=\"s3\">2010<\/span><span class=\"s1\">), a j\u00f3venes (en particular adolescentes) (Massey, <\/span><span class=\"s3\">2000<\/span><span class=\"s1\">) y migrantes (Piore, <\/span><span class=\"s3\">1979<\/span><span class=\"s1\">). Zuccarino revela que la contrataci\u00f3n de mano de obra sin calificaci\u00f3n es com\u00fan a los dos modelos productivos, fordismo y toyotismo, como ejemplo menciona que la firma Toyota, \u00abuna vez instalada en la Argentina en la d\u00e9cada de <\/span><span class=\"s3\">1990<\/span><span class=\"s1\">, busc\u00f3 desde un principio reclutar para su plantel de trabajadores a j\u00f3venes sin experiencia laboral ni sindicalizaci\u00f3n previas\u00bb (<\/span><span class=\"s3\">2012<\/span><span class=\"s1\">:<\/span><span class=\"s3\">205<\/span><span class=\"s1\">).<\/span><\/span><\/p>\n<p class=\"p2\"><span style=\"color: #000000;\"><span class=\"s1\">Enrique de la Garza Toledo brinda una cuarta explicaci\u00f3n referente a la generaci\u00f3n de la segmentaci\u00f3n del mercado laboral que combina trabajadores calificados y no calificados. Desde su perspectiva, la reestructuraci\u00f3n productiva no s\u00f3lo es resultado de mejoras tecnol\u00f3gicas, tambi\u00e9n hay ramas productivas en las que la estrategia consiste, solamente, en la reconfiguraci\u00f3n flexibilizante en la gesti\u00f3n de la mano de obra, teniendo mucho cuidado en el nuevo perfil de los trabajadores: \u00abUn perfil combinado entre la que llamamos tradicional y una nueva mano de obra de mayor proporci\u00f3n femenina, descalificada, de alta rotaci\u00f3n externa, joven, sin experiencia laboral o sindical amplia\u00bb (De la Garza, <\/span><span class=\"s3\">1999<\/span><span class=\"s1\">:<\/span><span class=\"s3\">47<\/span><span class=\"s1\">). <\/span><\/span><\/p>\n<p class=\"p2\"><span class=\"s1\" style=\"color: #000000;\">Al respecto, cabe resaltar que la \u00abreconfiguraci\u00f3n flexibilizante\u00bb en la gesti\u00f3n de la mano de obra se puede llevar a cabo debido a que en otras ramas productivas s\u00ed se ha introducido una nueva tecnolog\u00eda, como en el desarrollo de los medios de comunicaci\u00f3n y transporte que han podido separar los procesos productivos y por ello se pueden montar partes del proceso de producci\u00f3n en zonas donde es factible contar con mano de obra con el nuevo perfil mencionado. <\/span><\/p>\n<p class=\"p2\"><span style=\"color: #000000;\"><span class=\"s1\">Para David Harvey el mercado laboral ha sufrido una transformaci\u00f3n radical en el tr\u00e1nsito de la reestructuraci\u00f3n productiva en su paso del fordismo al patr\u00f3n de acumulaci\u00f3n flexible, porque el resultado es una estructura del mercado laboral con diversos segmentos. Al igual que los autores aludidos, Harvey identifica un n\u00facleo de trabajadores que cuenta con mayor seguridad laboral, pensiones, seguros y otros derechos y beneficios, pero advierte que existen segmentos laborales en los cuales se contrata a trabajadores con menos oportunidades para hacer carrera profesional, con elevada rotaci\u00f3n, incluso algunos son subcontratados. En t\u00e9rminos generales los cataloga como \u00abreg\u00edmenes de empleo flexible\u00bb (<\/span><span class=\"s3\">1990<\/span><span class=\"s1\">:<\/span><span class=\"s3\">175<\/span><span class=\"s1\">) que se lograron instaurar gracias a la debilidad de la lucha sindical.<\/span><\/span><\/p>\n<p class=\"p2\"><span style=\"color: #000000;\"><span class=\"s1\">Las consecuencias para la clase trabajadora, en su mayor\u00eda joven, implican condenarla a vivir una realidad de poblaci\u00f3n sobrante, altamente desechable y sin ning\u00fan tipo de seguridad laboral. Todos los derechos que hab\u00eda ganado por medio de hist\u00f3ricas luchas se han ido perdiendo a medida que avanza la flexibilidad laboral con la desregulaci\u00f3n del mercado de trabajo, mediante pr\u00e1cticas laxas de contrataci\u00f3n y despidos, reducci\u00f3n de salarios (Canales, <\/span><span class=\"s3\">2000<\/span><span class=\"s1\">), al igual que la p\u00e9rdida de la negociaci\u00f3n colectiva del contrato y la seguridad social.<\/span><\/span><\/p>\n<p class=\"p2\"><span style=\"color: #000000;\"><span class=\"s1\">Los trabajadores j\u00f3venes tienen ventaja respecto a los grupos de adultos para adaptarse a las nuevas tecnolog\u00edas (Mendoza, <\/span><span class=\"s3\">2011<\/span><span class=\"s1\">). Cada vez se les exige mayor cantidad de habilidades y, en contraparte, se les ofrecen trabajos precarios, peligrosos e inestables en una gran diversidad de estratos. Esto promueve mercados laborales totalmente diferenciados y a su vez una gran divisi\u00f3n de la clase obrera que impide la unidad que les permitir\u00eda defenderse, por lo que se convierten en tierra f\u00e9rtil para mecanismos de precarizaci\u00f3n m\u00e1s avanzados, por ejemplo, el surgimiento de los contratos de cero horas (Standing, <\/span><span class=\"s3\">2014<\/span><span class=\"s1\">)<\/span><\/span><\/p>\n<p class=\"p2\"><span style=\"color: #000000;\"><span class=\"s1\">Desde el marxismo, la categor\u00eda <\/span><em><span class=\"s2\">subsunci\u00f3n real del proceso de trabajo bajo el capital<\/span><\/em><span class=\"s1\"> explica que el objetivo de las innovaciones tecnol\u00f3gicas es hacer cada vez m\u00e1s productivo el proceso de trabajo y aumentar la extracci\u00f3n de plusvalor relativo. De modo contradictorio, esto resulta en un proceso de sustituci\u00f3n de trabajadores por m\u00e1quinas, lo que ocasiona una gran masa de desempleados. Las innovaciones tecnol\u00f3gicas tambi\u00e9n permiten cambiar el perfil de la fuerza de trabajo, es el caso de algunos procesos laborales en los que se han sustituido trabajadores hombres por mujeres, ni\u00f1os o j\u00f3venes, estos \u00faltimos se incorporan en los mercados laborales m\u00e1s precarizados.<\/span><\/span><\/p>\n<h4 class=\"p4\" style=\"text-align: center;\"><span style=\"color: #000000;\">La econom\u00eda mexicana despu\u00e9s\u00a0<\/span><span style=\"color: #000000;\">de cuatro d\u00e9cadas del modelo IOE<\/span><\/h4>\n<p class=\"p1\"><span style=\"color: #000000;\"><span class=\"s1\">Durante los m\u00e1s de <\/span><span class=\"s3\">40<\/span><span class=\"s1\"> a\u00f1os que han transcurrido, desde inicios de los <\/span><span class=\"s3\">1980<\/span><span class=\"s1\"> en los que se ubica el agotamiento del modelo de industrializaci\u00f3n por sustituci\u00f3n de importaciones (ISI) y el inicio del modelo IOE, hasta la actualidad, se han presentado diversas crisis en la econom\u00eda mexicana: la crisis de la deuda en <\/span><span class=\"s3\">1982<\/span><span class=\"s1\">; la de <\/span><span class=\"s3\">1994<\/span><span class=\"s1\">&#8211;<\/span><span class=\"s3\">1995<\/span><span class=\"s1\">, que en el contexto internacional se le conoci\u00f3 como \u00abel efecto tequila\u00bb y en M\u00e9xico como \u00abel error de diciembre\u00bb; la de <\/span><span class=\"s3\">2008<\/span><span class=\"s1\">&#8211;<\/span><span class=\"s3\">2009<\/span><span class=\"s1\">, catalogada como crisis financiera; y la \u00faltima agravada por el cierre de actividades econ\u00f3micas en <\/span><span class=\"s3\">2020<\/span><span class=\"s1\"> debido a la pandemia de covid-<\/span><span class=\"s3\">19<\/span><span class=\"s1\">. Si bien han afectado de manera negativa la actividad econ\u00f3mica, el propio modelo IOE no ha originado las bases para superar la dependencia econ\u00f3mica de M\u00e9xico con Estados Unidos.<\/span><\/span><\/p>\n<p class=\"p2\"><span style=\"color: #000000;\">Al contrario, como lo evidencian Ximena Echenique y Bryan Z\u00fa\u00f1iga, \u00abel mecanismo de transmisi\u00f3n m\u00e1s importante para que el ciclo econ\u00f3mico de M\u00e9xico y de Estados Unidos est\u00e9 integrado y sincronizado, es el intercambio comercial, principalmente de manufacturas\u00bb (<span class=\"s5\">2022<\/span>:<span class=\"s5\">104<\/span>). No obstante, dicha vinculaci\u00f3n con la econom\u00eda estadounidense (Ortiz, <span class=\"s5\">2016<\/span>) ha sido de una forma subordinada. La econom\u00eda de M\u00e9xico sigue el ritmo de la econom\u00eda estadounidense, as\u00ed, el ritmo de crecimiento del pib per c\u00e1pita de M\u00e9xico sigue el pib per c\u00e1pita de Estados Unidos, pero cuando la crisis se presenta, es mucho m\u00e1s profunda en M\u00e9xico (\u00c1lvarez y Mart\u00ednez, <span class=\"s5\">2016<\/span>).<\/span><\/p>\n<p class=\"p2\"><span class=\"s1\" style=\"color: #000000;\">Aunque en el nivel agregado se aprecia la vinculaci\u00f3n, no significa que todos los sectores econ\u00f3micos de la econom\u00eda mexicana est\u00e9n vinculados con la econom\u00eda estadounidense, esto tiene sus efectos en algunos sectores del mercado laboral que no son atra\u00eddos por la din\u00e1mica de exportaci\u00f3n. Dicho modelo de desarrollo, que se ha venido implementando en M\u00e9xico, en el contexto del neoliberalismo, ha estructurado un mercado laboral muy precario, en el que la poblaci\u00f3n trabajadora juvenil es de las m\u00e1s vulnerables por el desempleo y la precariedad laboral.<\/span><\/p>\n<p class=\"p2\"><span style=\"color: #000000;\"><span class=\"s1\">M\u00e9xico cont\u00f3 con un bono demogr\u00e1fico,<sup>5<\/sup> que no fue impulsor de su desarrollo por tener una estructura econ\u00f3mica subordinada a la estadounidense. Silvia Guiorguli sostiene que para aprovechar ese bono se necesitaba invertir en educaci\u00f3n y generar las condiciones econ\u00f3micas que incorporaran a todos los j\u00f3venes en los procesos laborales, y claro, lo fundamental ser\u00eda que dichos empleos no fueran precarios (Guiorguli, <\/span><span class=\"s3\">2016<\/span><span class=\"s1\">).<\/span><\/span><\/p>\n<p class=\"p2\"><span class=\"s1\" style=\"color: #000000;\">En aras de generar empleos no precarios no basta con tener una poblaci\u00f3n con estudios, es imperativo contar con una estructura econ\u00f3mica que soporte la incorporaci\u00f3n de la mano de obra nacional a diversas actividades laborales y es ah\u00ed donde radica el problema: saber cu\u00e1l es el modelo de desarrollo que debe impulsar M\u00e9xico en un contexto de dependencia y subordinaci\u00f3n a Estados Unidos. <\/span><\/p>\n<p class=\"p2\"><span style=\"color: #000000;\"><span class=\"s1\">Actualmente, la mano de obra juvenil mexicana es el ej\u00e9rcito industrial de reserva del mercado laboral regional y como tal queda subordinada a las necesidades del proceso de acumulaci\u00f3n de capital. Si hacen falta trabajadores en un a\u00f1o din\u00e1mico, est\u00e1n disponibles para incorporarse a las actividades productivas. Si el ciclo econ\u00f3mico entra en recesi\u00f3n, entonces disminuir\u00e1 su presencia. En el caso de los j\u00f3venes mexicanos en Estados Unidos el a\u00f1o de mayor presencia fue <\/span><span class=\"s3\">2005<\/span><span class=\"s1\">, en el que se contabilizaron <\/span><span class=\"s3\">3<\/span><span class=\"s1\"> millones <\/span><span class=\"s3\">472<\/span><span class=\"s1\"> mil <\/span><span class=\"s3\">233<\/span><span class=\"s1\">, es decir, <\/span><span class=\"s3\">31<\/span><span class=\"s1\">.<\/span><span class=\"s3\">4%<\/span><span class=\"s1\"> del total de inmigrantes mexicanos; su n\u00famero comenz\u00f3 a reducir debido a la crisis de <\/span><span class=\"s3\">2008<\/span><span class=\"s1\">&#8211;<\/span><span class=\"s3\">2009<\/span><span class=\"s1\"> (gr\u00e1fica <\/span><span class=\"s3\">1<\/span><span class=\"s1\">).<\/span><\/span><\/p>\n<h5 class=\"p5\" style=\"text-align: center;\"><span style=\"color: #000000;\">Gr\u00e1fica <span class=\"s6\">1<br \/>\n<\/span><\/span><span style=\"color: #000000;\">N\u00famero de j\u00f3venes inmigrantes mexicanos en Estados Unidos, <span class=\"s6\">1995<\/span>&#8211;<span class=\"s6\">2022<\/span><\/span><\/h5>\n<p><img loading=\"lazy\" decoding=\"async\" class=\" wp-image-2243 aligncenter\" src=\"https:\/\/estudiosdeldesarrollo.mx\/migracionydesarrollo\/wp-content\/uploads\/2024\/01\/40-grafica1ppr.png\" alt=\"\" width=\"696\" height=\"341\" srcset=\"https:\/\/estudiosdeldesarrollo.mx\/migracionydesarrollo\/wp-content\/uploads\/2024\/01\/40-grafica1ppr.png 874w, https:\/\/estudiosdeldesarrollo.mx\/migracionydesarrollo\/wp-content\/uploads\/2024\/01\/40-grafica1ppr-300x147.png 300w, https:\/\/estudiosdeldesarrollo.mx\/migracionydesarrollo\/wp-content\/uploads\/2024\/01\/40-grafica1ppr-768x376.png 768w\" sizes=\"auto, (max-width: 696px) 100vw, 696px\" \/><\/p>\n<p class=\"p1\" style=\"text-align: center;\"><span class=\"s1\">Fuente: elaboraci\u00f3n de Daniela Castro Alquicira con datos de IPUMS.<\/span><\/p>\n<p class=\"p1\"><span style=\"color: #000000;\"><span class=\"s1\">En la gr\u00e1fica <\/span><span class=\"s2\">1<\/span><span class=\"s1\"> se observa que despu\u00e9s de la ca\u00edda en los empleos en <\/span><span class=\"s2\">2020<\/span><span class=\"s1\"> por la pandemia el n\u00famero de inmigrantes j\u00f3venes ha ido en aumento, lo que corresponde al aumento de la demanda de fuerza de trabajo en actividades que se catalogaron esenciales.<\/span><\/span><\/p>\n<p class=\"p1\"><span style=\"color: #000000;\"><span class=\"s1\">La conformaci\u00f3n de un mercado laboral regional en Am\u00e9rica del Norte sucede en un escenario en el cual el tema migratorio no se trat\u00f3 de manera integral en las negociaciones del TLCAN. El \u00fanico mecanismo que logr\u00f3 establecerse fue el de visas para trabajadores calificados, circunstancia que ha permitido mantener a la baja el salario de un gran contingente de trabajadores mexicanos que llegan sin permiso de trabajo al mercado laboral estadounidense. Como lo advirti\u00f3 Karl Marx, las diferencias salariales entre trabajadores nativos e inmigrantes inhibe su organizaci\u00f3n sindical en contra de los intereses del gran capital, porque aparentemente los extranjeros roban los trabajos a los nativos, cuando lo que sucede en realidad es que los puestos laborales catalogados como <\/span><span class=\"s2\">3<\/span><span class=\"s1\">d demandan en espec\u00edfico fuerza de trabajo inmigrante. En las negociaciones del T-MEC durante <\/span><span class=\"s2\">2018<\/span><span class=\"s1\"> fue notorio que el tema migratorio continu\u00f3 sin poder generar una agenda com\u00fan entre M\u00e9xico y Estados Unidos (Selee y Heredia, <\/span><span class=\"s2\">2022<\/span><span class=\"s1\">). <\/span><\/span><\/p>\n<p class=\"p1\"><span class=\"s1\" style=\"color: #000000;\">James Cypher y Ra\u00fal Delgado Wise, en sus trabajos sobre migraci\u00f3n laboral, han llegado a la conclusi\u00f3n de que lo que realmente exporta M\u00e9xico a Estados Unidos son trabajadores de bajo costo, pues las dem\u00e1s mercanc\u00edas que exporta, como los autos, en su mayor\u00eda s\u00f3lo se ensamblan en el pa\u00eds y ninguna de sus piezas es producida por la industria productiva nacional. El mercado laboral mexicano se ha estructurado en funci\u00f3n de la industria de exportaci\u00f3n que no ha fomentado los encadenamientos productivos al interior, por lo tanto, carece de una estructura productiva que incorpore a la fuerza de trabajo nacional. <\/span><\/p>\n<p class=\"p1\"><span style=\"color: #000000;\"><span class=\"s1\">M\u00e9xico exporta de dos formas a sus trabajadores, de manera directa, con los trabajadores emigrantes que salen del pa\u00eds (de todas las entidades federativas) y llegan al mercado laboral norteamericano; y de forma indirecta, mediante su contrataci\u00f3n en territorio nacional en las maquilas (Cypher y Delgado, <\/span><span class=\"s2\">2007<\/span><span class=\"s1\">).<\/span><\/span><\/p>\n<p class=\"p1\"><span style=\"color: #000000;\"><span class=\"s1\">Las nuevas plazas laborales que se ofrecen tienen condiciones laborales precarias, inestabilidad, inseguridad social y muy bajos salarios. De acuerdo con datos del tercer trimestre de <\/span><span class=\"s2\">2022<\/span><span class=\"s1\"> de la ENOE, <\/span><span class=\"s2\">41<\/span><span class=\"s1\">.<\/span><span class=\"s2\">5%<\/span><span class=\"s1\"> de los j\u00f3venes entre <\/span><span class=\"s2\">15<\/span><span class=\"s1\"> y <\/span><span class=\"s2\">29<\/span><span class=\"s1\"> a\u00f1os gan\u00f3 hasta un salario m\u00ednimo y <\/span><span class=\"s2\">44<\/span><span class=\"s1\">.<\/span><span class=\"s2\">9%<\/span><span class=\"s1\"> recibi\u00f3 de <\/span><span class=\"s2\">1<\/span><span class=\"s1\"> hasta <\/span><span class=\"s2\">2<\/span><span class=\"s1\"> salarios m\u00ednimos. En n\u00fameros absolutos, <\/span><span class=\"s2\">5<\/span><span class=\"s1\"> millones <\/span><span class=\"s2\">339<\/span><span class=\"s1\"> mil <\/span><span class=\"s2\">73<\/span><span class=\"s1\"> j\u00f3venes ganaban hasta <\/span><span class=\"s2\">5<\/span><span class=\"s1\"> mil <\/span><span class=\"s2\">186<\/span><span class=\"s1\">.<\/span><span class=\"s2\">10<\/span><span class=\"s1\"> pesos al mes. La l\u00ednea de pobreza por ingresos marca la vulnerabilidad alimentaria y no alimentaria en el \u00e1mbito urbano en <\/span><span class=\"s2\">4<\/span><span class=\"s1\"> mil <\/span><span class=\"s2\">194<\/span><span class=\"s1\">.<\/span><span class=\"s2\">3<\/span><span class=\"s1\"> pesos.<sup>6<\/sup> Al comparar los datos de ingreso y l\u00ednea de pobreza se aprecia que <\/span><span class=\"s2\">41<\/span><span class=\"s1\">.<\/span><span class=\"s2\">5%<\/span><span class=\"s1\"> de los trabajadores entre <\/span><span class=\"s2\">15<\/span><span class=\"s1\"> y <\/span><span class=\"s2\">29<\/span><span class=\"s1\"> a\u00f1os est\u00e1 rozando la pobreza alimentaria y no alimentaria, su ingreso apenas es suficiente para cubrir sus propias necesidades elementales, lo que complica su reproducci\u00f3n cuando ya son responsables de una familia. <\/span><\/span><\/p>\n<p class=\"p1\"><span class=\"s1\" style=\"color: #000000;\">Con la falta de una agenda migratoria com\u00fan entre M\u00e9xico y Estados Unidos, pero con un flujo continuo de j\u00f3venes mexicanos que siguen llegando al mercado laboral estadounidense, el resultado es un proceso migratorio irregular, que pone en peligro a los trabajadores j\u00f3venes y los condena a la precariedad y flexibilidad laboral en ambos pa\u00edses.<\/span><\/p>\n<h6 class=\"p3\"><em><span style=\"color: #000000;\">Principales actividades econ\u00f3micas en las cuales se insertan\u00a0<\/span><span style=\"color: #000000;\">los trabajadores j\u00f3venes en el mercado laboral de M\u00e9xico<\/span><\/em><\/h6>\n<p class=\"p4\"><span style=\"color: #000000;\">En <span class=\"s3\">1985 <\/span>se fund\u00f3 en M\u00e9xico el Centro de Estudios de la Juventud Mexicana (CEJM) (Mendoza, <span class=\"s3\">2011<\/span>) a causa del papel importante que comenzaron a tener los j\u00f3venes para adaptarse al nuevo modelo de producci\u00f3n toyotista (<span class=\"s3\">2011<\/span>).<span class=\"s1\"><sup>7<\/sup><\/span><\/span><\/p>\n<p class=\"p1\"><span class=\"s1\" style=\"color: #000000;\">De la Garza Toledo expone que en pa\u00edses subdesarrollados las transformaciones en los procesos de trabajo no se originan por desarrollo tecnol\u00f3gico, sino por modificaciones organizativas, lo que propicia la precarizaci\u00f3n de las condiciones laborales, en concreto de los trabajadores j\u00f3venes, a quienes se contrata sin los derechos laborales que, con sus luchas, obtuvieron generaciones previas de trabajadores.<\/span><\/p>\n<p class=\"p1\"><span style=\"color: #000000;\"><span class=\"s1\">Sin duda, los trabajadores j\u00f3venes son los que peores condiciones laborales tienen y se adaptan a las nuevas formas de contrataciones laborales. Al respecto, Ricardo Antunes (<\/span><span class=\"s2\">2021<\/span><span class=\"s1\">) y Guy Standing (<\/span><span class=\"s2\">2014<\/span><span class=\"s1\">) aluden a los contratos de cero horas, de la <\/span><em><span class=\"s4\">gig economy<\/span><\/em><span class=\"s1\"> y de los becarios como las nuevas formas de incorporaci\u00f3n laboral. <\/span><\/span><\/p>\n<p class=\"p1\"><span style=\"color: #000000;\">Con la intenci\u00f3n de tener un panorama de las actividades econ\u00f3micas en las cuales se incorporan los j\u00f3venes en M\u00e9xico<span class=\"s1\"><sup>8<\/sup><\/span> se realizaron algunas estimaciones con datos provenientes de la ENOE, correspondiente al segundo trimestre de <span class=\"s3\">2022<\/span>.<\/span><\/p>\n<h5 class=\"p5\" style=\"text-align: center;\"><span style=\"color: #000000;\">Cuadro <span class=\"s5\">1<br \/>\n<\/span><\/span><span style=\"color: #000000;\">J\u00f3venes empleados en los tres sectores econ\u00f3micos en M\u00e9xico<\/span><\/h5>\n<p><img loading=\"lazy\" decoding=\"async\" class=\" wp-image-2244 aligncenter\" src=\"https:\/\/estudiosdeldesarrollo.mx\/migracionydesarrollo\/wp-content\/uploads\/2024\/01\/40-cuadro1ppr.png\" alt=\"\" width=\"513\" height=\"159\" srcset=\"https:\/\/estudiosdeldesarrollo.mx\/migracionydesarrollo\/wp-content\/uploads\/2024\/01\/40-cuadro1ppr.png 713w, https:\/\/estudiosdeldesarrollo.mx\/migracionydesarrollo\/wp-content\/uploads\/2024\/01\/40-cuadro1ppr-300x93.png 300w\" sizes=\"auto, (max-width: 513px) 100vw, 513px\" \/><\/p>\n<p class=\"p1\" style=\"text-align: center;\"><span class=\"s1\">Fuente: elaboraci\u00f3n propia con base en datos de la ENOE (INEGI, <\/span><span class=\"s2\">2022<\/span><span class=\"s1\">).<\/span><\/p>\n<p class=\"p3\"><span style=\"color: #000000;\"><span class=\"s1\">Cabe destacar que en el an\u00e1lisis actual del mercado laboral, debe tomarse en cuenta que en el a\u00f1o <\/span><span class=\"s3\">2020<\/span><span class=\"s1\"> se dio un cierre de actividades presenciales ocasionado por la pandemia de la covid-<\/span><span class=\"s3\">19<\/span><span class=\"s1\">, con la finalidad de evitar contagios del nuevo coronavirus; esta medida sanitaria afect\u00f3 la din\u00e1mica laboral. En cuanto a la magnitud de dicho impacto econ\u00f3mico, el INEGI report\u00f3 que durante <\/span><span class=\"s3\">2020<\/span><span class=\"s1\">, el PIB<sup>9<\/sup> registr\u00f3 una ca\u00edda de &#8211;<\/span><span class=\"s3\">8<\/span><span class=\"s1\">.<\/span><span class=\"s3\">5%<\/span><span class=\"s1\"> en relaci\u00f3n con el <\/span><span class=\"s3\">2019<\/span><span class=\"s1\"> (INEGI, <\/span><span class=\"s3\">2021<\/span><span class=\"s1\">). <\/span><\/span><\/p>\n<p class=\"p3\"><span class=\"s1\" style=\"color: #000000;\">El cierre de actividades presenciales exacerb\u00f3 las problem\u00e1ticas que ya exist\u00edan en el mercado laboral, de las cuales sobresale la imposibilidad de generar el n\u00famero de empleos necesarios para incorporar a las nuevas generaciones, y segundo, los empleos que se ofrecen, en su mayor\u00eda, son precarios.<\/span><\/p>\n<p class=\"p3\"><span style=\"color: #000000;\"><span class=\"s1\">Antes de la pandemia, en el tercer trimestre de <\/span><span class=\"s3\">2018<\/span><span class=\"s1\">, el sector terciario contaba con <\/span><span class=\"s3\">9<\/span><span class=\"s1\"> millones <\/span><span class=\"s3\">50<\/span><span class=\"s1\"> mil <\/span><span class=\"s3\">474<\/span><span class=\"s1\"> j\u00f3venes, que representaban <\/span><span class=\"s3\">59<\/span><span class=\"s1\">.<\/span><span class=\"s3\">2%<\/span><span class=\"s1\"> de ellos; despu\u00e9s de la pandemia, en el segundo trimestre de <\/span><span class=\"s3\">2022<\/span><span class=\"s1\">, el sector contabiliz\u00f3 <\/span><span class=\"s3\">9<\/span><span class=\"s1\"> millones <\/span><span class=\"s3\">610<\/span><span class=\"s1\"> mil <\/span><span class=\"s3\">694<\/span><span class=\"s1\"> j\u00f3venes; es decir, hubo un aumento de <\/span><span class=\"s3\">560<\/span><span class=\"s1\"> mil <\/span><span class=\"s3\">220<\/span><span class=\"s1\"> j\u00f3venes, m\u00e1s de medio mill\u00f3n, que se incorporaron al sector terciario. Esto es significativo porque de los tres sectores econ\u00f3micos, las actividades de dicho sector son m\u00e1s susceptibles a ser informales y se caracterizan por no tener ning\u00fan tipo de seguridad social y bajos salarios. <\/span><\/span><\/p>\n<p class=\"p3\"><span style=\"color: #000000;\"><span class=\"s1\">Si se despliega una desagregaci\u00f3n de las actividades econ\u00f3micas de cada sector econ\u00f3mico de la econom\u00eda mexicana (cuadro <\/span><span class=\"s3\">2<\/span><span class=\"s1\">), se advierte que actualmente una parte importante se incorpora a la industria manufacturera, tan s\u00f3lo en esa actividad se encuentra a <\/span><span class=\"s3\">18<\/span><span class=\"s1\">.<\/span><span class=\"s3\">8%<\/span><span class=\"s1\">, en t\u00e9rminos absolutos corresponde a <\/span><span class=\"s3\">2<\/span><span class=\"s1\"> millones <\/span><span class=\"s3\">982<\/span><span class=\"s1\"> mil <\/span><span class=\"s3\">687<\/span><span class=\"s1\"> millones de j\u00f3venes. Los j\u00f3venes son una mano de obra significativa en el sector secundario, que en su mayor\u00eda est\u00e1 orientado a la exportaci\u00f3n. Otra de las actividades que incorpora a una gran cantidad de j\u00f3venes es la construcci\u00f3n, la cual contrata a <\/span><span class=\"s3\">8<\/span><span class=\"s1\">.<\/span><span class=\"s3\">1%<\/span><span class=\"s1\"> de ellos, es decir, un mill\u00f3n <\/span><span class=\"s3\">280<\/span><span class=\"s1\"> mil <\/span><span class=\"s3\">290<\/span><span class=\"s1\">, cifra nada menor. <\/span><\/span><\/p>\n<p class=\"p3\"><span style=\"color: #000000;\">Aunque el sector secundario de la econom\u00eda integra a j\u00f3venes trabajadores, el grueso se concentra en el sector terciario, en especial en actividades relacionadas con el comercio, con servicios al turismo y una gran cantidad de servicios no desagregados. En su mayor\u00eda se encuentran en el comercio al por menor, que en n\u00fameros absolutos contrata a <span class=\"s4\">2<\/span> millones <span class=\"s4\">847<\/span> mil <span class=\"s4\">671<\/span> j\u00f3venes, que representan a <span class=\"s4\">18%<\/span> del total de la PEA juvenil, una actividad muy asociada con la informalidad laboral. Le siguen los servicios de hospedaje y la preparaci\u00f3n de alimentos y bebidas, en los que participan un mill\u00f3n <span class=\"s4\">587<\/span> mil <span class=\"s4\">558<\/span> j\u00f3venes, que equivale a <span class=\"s4\">10%<\/span> de ellos.<\/span><\/p>\n<p class=\"p3\"><span style=\"color: #000000;\"><span class=\"s1\">Seg\u00fan el nivel de desagregaci\u00f3n estimado en este an\u00e1lisis, la actividad catalogada como otros servicios, excepto las actividades gubernamentales, agrupa a <\/span><span class=\"s3\">7<\/span><span class=\"s1\">.<\/span><span class=\"s3\">9<\/span> <span class=\"s3\">%<\/span><span class=\"s1\"> de los j\u00f3venes ocupados, con <\/span><span class=\"s3\">432<\/span><span class=\"s1\"> mil <\/span><span class=\"s3\">611<\/span><span class=\"s1\">, un poco menos de medio mill\u00f3n. El transporte, correos y almacenamiento contrata a <\/span><span class=\"s3\">3<\/span><span class=\"s1\">.<\/span><span class=\"s3\">5<\/span> <span class=\"s3\">%<\/span><span class=\"s1\">, es decir <\/span><span class=\"s3\">549<\/span><span class=\"s1\"> mil <\/span><span class=\"s3\">879<\/span><span class=\"s1\"> personas entre <\/span><span class=\"s3\">15<\/span><span class=\"s1\"> y <\/span><span class=\"s3\">29<\/span><span class=\"s1\"> a\u00f1os. Los servicios de salud con m\u00e1s de medio mill\u00f3n de j\u00f3venes, que equivalen a <\/span><span class=\"s3\">3<\/span><span class=\"s1\">.<\/span><span class=\"s3\">2%<\/span><span class=\"s1\">.<\/span><\/span><\/p>\n<h5 class=\"p4\" style=\"text-align: center;\"><span style=\"color: #000000;\">Cuadro <span class=\"s5\">2<br \/>\n<\/span><\/span><span style=\"color: #000000;\">Principales actividades econ\u00f3micas, j\u00f3venes de <span class=\"s5\">15<\/span> a <span class=\"s5\">29<\/span> a\u00f1os, ENOE (<span class=\"s5\">2022<\/span>)<\/span><\/h5>\n<p><img loading=\"lazy\" decoding=\"async\" class=\" wp-image-2245 aligncenter\" src=\"https:\/\/estudiosdeldesarrollo.mx\/migracionydesarrollo\/wp-content\/uploads\/2024\/01\/40-cuadro2ppr.png\" alt=\"\" width=\"612\" height=\"734\" srcset=\"https:\/\/estudiosdeldesarrollo.mx\/migracionydesarrollo\/wp-content\/uploads\/2024\/01\/40-cuadro2ppr.png 697w, https:\/\/estudiosdeldesarrollo.mx\/migracionydesarrollo\/wp-content\/uploads\/2024\/01\/40-cuadro2ppr-250x300.png 250w\" sizes=\"auto, (max-width: 612px) 100vw, 612px\" \/><\/p>\n<p class=\"p1\" style=\"text-align: center;\"><span class=\"s1\">Fuente: elaboraci\u00f3n propia con base en ENOE (INEGI, <\/span><span class=\"s2\">2022<\/span><span class=\"s1\">).<\/span><\/p>\n<p class=\"p3\"><span style=\"color: #000000;\"><span class=\"s1\">De acuerdo con los datos estudiados, puede concluirse que el modelo de desarrollo nacional, que ha fomentado la industria ligada a la exportaci\u00f3n y ha descuidado el desarrollo de la industria destinada al abasto del mercado interno, ha tenido como resultado una gran concentraci\u00f3n de la mano de obra juvenil en el sector servicios, en actividades referentes a las ventas al menudeo y los servicios de comida y hoteler\u00eda. Pese a que la industria manufacturera incorpora <\/span><span class=\"s3\">18<\/span><span class=\"s1\">.<\/span><span class=\"s3\">8%<\/span><span class=\"s1\"> de los j\u00f3venes, no se compara a <\/span><span class=\"s3\">60%<\/span><span class=\"s1\"> en el sector terciario. <\/span><\/span><\/p>\n<p class=\"p3\"><span class=\"s1\" style=\"color: #000000;\">Por su parte, la baja participaci\u00f3n de los j\u00f3venes en el sector primario indica que pueden existir fen\u00f3menos relevantes en la econom\u00eda rural que deben estudiarse, por ejemplo, la disminuci\u00f3n de la poblaci\u00f3n juvenil en las comunidades rurales, lo que llevar\u00e1 de alguna manera a perder los conocimientos sobre la agricultura, actividad fundamental para la autosuficiencia alimentaria. Tambi\u00e9n exhibe el poco fomento que se le da a las zonas rurales y la gran concentraci\u00f3n de la poblaci\u00f3n juvenil en las ciudades.<\/span><\/p>\n<h6 class=\"p4\"><em><span style=\"color: #000000;\">Reestructuraci\u00f3n productiva y segmentaci\u00f3n del mercado laboral estadounidense, principales actividades econ\u00f3micas en las cuales se insertan los j\u00f3venes mexicanos<\/span><\/em><\/h6>\n<p class=\"p6\"><span style=\"color: #000000;\"><span class=\"s1\">A inicios del siglo <\/span><span class=\"s4\">XXI <\/span><span class=\"s1\">se reconoce en las investigaciones de la migraci\u00f3n que los j\u00f3venes son un actor social nodal (Su\u00e1rez, <\/span><span class=\"s3\">2006<\/span><span class=\"s1\">): en <\/span><span class=\"s3\">2006<\/span><span class=\"s1\">, <\/span><span class=\"s3\">70%<\/span><span class=\"s1\"> de los migrantes mexicanos a Estados Unidos eran j\u00f3venes (Mendoza, <\/span><span class=\"s3\">2011<\/span><span class=\"s1\">). Diversas son las explicaciones te\u00f3ricas en torno del origen de la emigraci\u00f3n laboral de mexicanos a Estados Unidos, desde nuestro punto de vista, el argumento debe partir de un an\u00e1lisis de la estructura productiva del pa\u00eds de llegada con la intenci\u00f3n de entender la estructura del mercado laboral y as\u00ed esclarecer por qu\u00e9 se demanda<\/span> <span class=\"s1\">fuerza de trabajo juvenil. <\/span>Adicionalmente, deben estudiarse las condiciones del proceso de acumulaci\u00f3n en M\u00e9xico y sus expresiones en el trabajo asalariado que conllevan escenarios de complementariedad y a la vez de subordinaci\u00f3n. En concecuencia, tiene lugar el proceso de reestructuraci\u00f3n productiva y las vacantes que se ofertan en el mercado laboral estadounidense, que los nativos no est\u00e1n dispuestos a ocupar porque son mal remuneradas y porque se localizan en el fondo de la jerarqu\u00eda social, de acuerdo con Piore.<\/span><\/p>\n<p class=\"p3\"><span class=\"s1\" style=\"color: #000000;\">La vigorosidad propia de los j\u00f3venes hace de ellos trabajadores altamente productivos, con buena salud, poca dependencia de los servicios m\u00e9dicos y de los descansos que deber\u00edan ser obligatorios, adem\u00e1s tienen la capacidad de adaptarse al uso de las nuevas tecnolog\u00edas. Por su inexperiencia laboral no son propensos a organizarse para defender sus derechos laborales, lo cual los hace una fuerza laboral muy atractiva.<\/span><\/p>\n<p class=\"p3\"><span style=\"color: #000000;\">Como advierte Genoveva Rold\u00e1n, es un mito creer que los trabajadores inmigrantes roban los empleos a los asalariados nativos (<span class=\"s6\">2011<\/span>), pues \u00e9stos aspiran a obtener uno en el segmento del mercado laboral primario, seg\u00fan la divisi\u00f3n del mercado laboral propuesta por Piore. Los inmigrantes, que son trabajadores temporales (esto cambi\u00f3 en Estados Unidos despu\u00e9s del <span class=\"s6\">11<\/span> de septiembre, la migraci\u00f3n laboral dej\u00f3 de ser temporal para ser permanente), ocupar\u00e1n los empleos del segmento del mercado laboral secundario. El car\u00e1cter de temporalidad, indica Piore, genera una separaci\u00f3n entre el trabajo y la identidad social del asalariado, de modo que el inmigrante no tiene ning\u00fan problema en aceptar empleos que se encuentran en el fondo de los estamentos sociales, puesto que resolver\u00e1 su identidad en otros espacios. Coloquialmente puede decirse que toleran la situaci\u00f3n porque \u00abno les queda de otra\u00bb, no hay m\u00e1s opci\u00f3n.<\/span><\/p>\n<p class=\"p3\"><span style=\"color: #000000;\"><span class=\"s1\">La reestructuraci\u00f3n productiva en Estados Unidos fue necesaria para dar una respuesta a la crisis econ\u00f3mica que se origin\u00f3 en la d\u00e9cada de <\/span><span class=\"s3\">1970<\/span><span class=\"s1\"> y se manifest\u00f3 mediante la \u00abralentizaci\u00f3n de los aumentos de productividad\u00bb (Lope, Gibert y Ortiz, <\/span><span class=\"s3\">2002<\/span><span class=\"s1\">:<\/span><span class=\"s3\">20<\/span><span class=\"s1\">), a causa del agotamiento del modelo de producci\u00f3n fordista. Las respuestas empresariales y estatales para salir de dicha crisis son el origen de las transformaciones que hoy d\u00eda se observan en el mundo del trabajo y que persisten mediante reformas laborales y nuevas formas de contrataci\u00f3n que buscan reducir los costos de despido y seguridad social.<\/span><\/span><\/p>\n<p class=\"p3\"><span class=\"s1\" style=\"color: #000000;\">Ante la ca\u00edda de la tasa de ganancia, por el aumento de los costos y la merma en el rendimiento, el capital productivo opt\u00f3 por reestructurar el proceso de producci\u00f3n de mercanc\u00edas, al modificar, mas no desaparecer, el modelo fordista-taylorista con base en un nuevo modelo llamado toyotista. <\/span><\/p>\n<p class=\"p3\"><span style=\"color: #000000;\"><span class=\"s1\">La transformaci\u00f3n tecnol\u00f3gica en el proceso de producci\u00f3n es la condici\u00f3n material para generar \u00abuna nueva estructura de ocupaciones que favorece a los trabajadores de mayor calificaci\u00f3n y que pueden adaptarse flexiblemente a los nuevos requerimientos tecnol\u00f3gicos, rotando de una tarea a otra (trabajadores polivalentes). Esta estrategia implica una diferenciaci\u00f3n de la fuerza de trabajo\u00bb (Canales, <\/span><span class=\"s3\">2000<\/span><span class=\"s1\">:<\/span><span class=\"s3\">14<\/span><span class=\"s1\">) entre lo que se conoce como trabajadores calificados y no calificados formalmente. Las necesidades espec\u00edficas de fuerza de trabajo que demandan los procesos productivos son la base material concreta para la segmentaci\u00f3n de los mercados laborales. <\/span><\/span><\/p>\n<p class=\"p3\"><span class=\"s1\" style=\"color: #000000;\">La introducci\u00f3n de tecnolog\u00eda encaminada a la automatizaci\u00f3n del proceso de trabajo, organizada a partir del modelo japon\u00e9s o toyotista, aument\u00f3 en Estados Unidos la demanda de dos tipos de fuerza de trabajo, la mano de obra calificada y la no calificada formalmente, lo que result\u00f3 en la demanda de un amplio contingente de fuerza de trabajo migrante.<\/span><\/p>\n<p class=\"p3\"><span style=\"color: #000000;\">Por un lado, la nueva tecnolog\u00eda crea la necesidad de que los trabajadores sean calificados para operar m\u00e1quinas administradas y controladas mediante computadoras, lo cual permite que puedan ser empleadas para diversos procesos productivos. Y, por otro lado, se genera una demanda de fuerza de trabajo no calificada, principalmente joven, sin experiencia sindical previa y, en algunos casos, migrante.<\/span><\/p>\n<p class=\"p3\"><span style=\"color: #000000;\"><span class=\"s1\">Dicha reestructuraci\u00f3n provoc\u00f3, a partir de los <\/span><span class=\"s3\">1980<\/span><span class=\"s1\"> y <\/span><span class=\"s3\">1990<\/span><span class=\"s1\">, la salida de una gran parte de la industria manufacturera del territorio norteamericano que buscaba una fuerza de trabajo m\u00e1s barata y no sindicalizada, situaci\u00f3n que provoc\u00f3 un aumento del sector servicios en la estructura econ\u00f3mica de Estados Unidos, pues se ofert\u00f3 una gran cantidad de empleos. En el caso de los trabajadores inmigrantes mexicanos j\u00f3venes, los datos demuestran que en <\/span><span class=\"s3\">2020<\/span><span class=\"s1\"> el grueso de ellos (<\/span><span class=\"s3\">68<\/span><span class=\"s1\">.<\/span><span class=\"s3\">96%<\/span><span class=\"s1\">) se incorpor\u00f3 a dicho sector.<\/span><\/span><\/p>\n<p class=\"p3\"><span style=\"color: #000000;\"><span class=\"s1\">Para realizar las estimaciones de la participaci\u00f3n de los j\u00f3venes mexicanos en el mercado laboral de Estados Unidos en <\/span><span class=\"s3\">2020<\/span><span class=\"s1\"> se utiliz\u00f3 la base de datos Integrated Public Use Microdata Series (IPUMS).<sup>10<\/sup> El an\u00e1lisis del mercado laboral se elabor\u00f3 de aucerdo con la divisi\u00f3n de las actividades econ\u00f3micas productivas de la econom\u00eda. El sector primario absorbe <\/span><span class=\"s3\">5<\/span><span class=\"s1\">.<\/span><span class=\"s3\">15%<\/span><span class=\"s1\"> de los j\u00f3venes, el sector secundario <\/span><span class=\"s3\">25<\/span><span class=\"s1\">.<\/span><span class=\"s3\">89%<\/span><span class=\"s1\"> y el terciario <\/span><span class=\"s3\">68<\/span><span class=\"s1\">.<\/span><span class=\"s3\">96%<\/span><span class=\"s1\">, lo que significa que el mercado laboral del sector servicios es el mayor demandante de mano de obra juvenil migrante, esto se debe, en especial, a las caracter\u00edsticas de dicha fuerza de trabajo que se adapta a sus necesidades laborales.<\/span><\/span><\/p>\n<p class=\"p3\"><span style=\"color: #000000;\"><span class=\"s1\">Dentro del sector primario de la econom\u00eda, la actividad primordial en la cual se incorporan los j\u00f3venes es la rama de producci\u00f3n de animales; seg\u00fan los datos obtenidos de la IPUMS USA, dicha actividad absorbe <\/span><span class=\"s3\">1<\/span><span class=\"s1\">.<\/span><span class=\"s3\">3%<\/span><span class=\"s1\"> del total de los j\u00f3venes (<\/span><span class=\"s3\">20<\/span><span class=\"s1\"> mil <\/span><span class=\"s3\">811<\/span><span class=\"s1\">). La presencia de los j\u00f3venes mexicanos en el sector primario ha ido disminuyendo porque pas\u00f3 de una participaci\u00f3n de <\/span><span class=\"s3\">7<\/span><span class=\"s1\">.<\/span><span class=\"s3\">84%<\/span><span class=\"s1\"> a <\/span><span class=\"s3\">5<\/span><span class=\"s1\">.<\/span><span class=\"s3\">15%<\/span><span class=\"s1\"> de <\/span><span class=\"s3\">2010<\/span><span class=\"s1\"> a <\/span><span class=\"s3\">2020<\/span><span class=\"s1\">. Si bien es un porcentaje peque\u00f1o del total de la fuerza de trabajo juvenil mexicana, es importante considerar esa informaci\u00f3n porque al interior de dicho sector la mano de obra mexicana es predominante.<\/span><\/span><\/p>\n<p class=\"p3\"><span style=\"color: #000000;\"><span class=\"s1\">El sector secundario en <\/span><span class=\"s3\">2020<\/span><span class=\"s1\"> emple\u00f3, como ya se mencion\u00f3 antes, a <\/span><span class=\"s3\">25<\/span><span class=\"s1\">.<\/span><span class=\"s3\">89%<\/span><span class=\"s1\"> de los j\u00f3venes y en <\/span><span class=\"s3\">2010<\/span><span class=\"s1\"> capt\u00f3 a <\/span><span class=\"s3\">27<\/span><span class=\"s1\">.<\/span><span class=\"s3\">02%<\/span><span class=\"s1\"> de ellos, por lo que al igual que en el sector primario se observa una p\u00e9rdida de plazas laborales. Tal p\u00e9rdida se compensa con el aumento de la demanda de trabajadores j\u00f3venes en el sector terciario. En el sector secundario, la actividad que m\u00e1s demand\u00f3 mano de obra juvenil fue la construcci\u00f3n, que emple\u00f3 a <\/span><span class=\"s3\">169<\/span><span class=\"s1\"> mil <\/span><span class=\"s3\">949<\/span><span class=\"s1\"> j\u00f3venes (<\/span><span class=\"s3\">10<\/span><span class=\"s1\">.<\/span><span class=\"s3\">8%<\/span><span class=\"s1\"> del total). S\u00f3lo otras dos actividades sobresalen por la incorporaci\u00f3n de j\u00f3venes, aunque en mucho menor dimensi\u00f3n: la fabricaci\u00f3n de productos pl\u00e1sticos, que absorbe <\/span><span class=\"s3\">0<\/span><span class=\"s1\">.<\/span><span class=\"s3\">5%<\/span><span class=\"s1\">; y el sacrificio y procesamiento de animales con <\/span><span class=\"s3\">0<\/span><span class=\"s1\">.<\/span><span class=\"s3\">4%<\/span><span class=\"s1\">.<\/span><\/span><\/p>\n<p class=\"p3\"><span style=\"color: #000000;\"><span class=\"s1\">Por su parte, el sector terciario muestra un gran aumento, pas\u00f3 de absorber <\/span><span class=\"s3\">57<\/span><span class=\"s1\">.<\/span><span class=\"s3\">94%<\/span><span class=\"s1\"> de j\u00f3venes mexicanos en <\/span><span class=\"s3\">2010<\/span><span class=\"s1\"> a <\/span><span class=\"s3\">68<\/span><span class=\"s1\">.<\/span><span class=\"s3\">96%<\/span><span class=\"s1\"> en <\/span><span class=\"s3\">2020<\/span><span class=\"s1\">, un aumento de m\u00e1s de <\/span><span class=\"s3\">10<\/span><span class=\"s1\"> puntos porcentuales. Dentro de este sector, la actividad que m\u00e1s demanda trabajadores de edades tempranas es la de restaurantes y otros servicios de comida con <\/span><span class=\"s3\">9<\/span><span class=\"s1\">.<\/span><span class=\"s3\">2%<\/span><span class=\"s1\"> de los j\u00f3venes, y el resto est\u00e1 disperso en una gran cantidad de actividades del sector. <\/span><\/span><\/p>\n<p class=\"p3\"><span style=\"color: #000000;\"><span class=\"s1\">La reorganizaci\u00f3n productiva de las empresas norteamericanas, que implic\u00f3 sacar de territorio estadounidense gran parte de la planta productiva, explica el crecimiento del sector terciario. As\u00ed, en <\/span><span class=\"s3\">2020<\/span><span class=\"s1\"> se aprecia mayor presencia de los j\u00f3venes mexicanos en dicho sector, debido a la declaraci\u00f3n de algunas actividades como esenciales, entre ellas, todo lo relacionado con la producci\u00f3n, preparaci\u00f3n y reparto de comida. Cabe recordar que a los trabajadores esenciales se les catalog\u00f3 como h\u00e9roes, porque gracias a su mano de obra esas actividades nunca se detuvieron, lo que a su vez implic\u00f3 que, adem\u00e1s de la flexibilizaci\u00f3n laboral, estuvieran expuestos al contagio del virus de la covid-<\/span><span class=\"s3\">19<\/span><span class=\"s1\">.<\/span><\/span><\/p>\n<h4 class=\"p7\" style=\"text-align: center;\"><span style=\"color: #000000;\">Conclusiones<\/span><\/h4>\n<p class=\"p6\"><span style=\"color: #000000;\"><span class=\"s1\">El costo de la reestructuraci\u00f3n productiva se traslad\u00f3 a la clase obrera, conformada por hombres, mujeres, adolescentes, j\u00f3venes y migrantes. Las reformas estructurales han abonado en dicha direcci\u00f3n. Una estrategia usada por Estados Unidos en el marco de la nueva gesti\u00f3n neoliberal fue el <\/span><span class=\"s4\">TLCAN<\/span><span class=\"s1\">, ahora T-MEC, que tambi\u00e9n tuvo consecuencias para la reestructuraci\u00f3n del mercado de trabajo al facultar la consolidaci\u00f3n de un mercado laboral regional estratificado. <\/span><\/span><\/p>\n<p class=\"p3\"><span class=\"s1\" style=\"color: #000000;\">La econom\u00eda mexicana est\u00e1 subordinada a la estadounidense, el mercado laboral no es la excepci\u00f3n. En su mayor\u00eda los j\u00f3venes mexicanos se incorporan a las actividades del sector terciario tanto en M\u00e9xico como en Estados Unidos, un sector propenso a la informalidad y la precariedad laboral, condici\u00f3n que es todav\u00eda peor para los j\u00f3venes migrantes en Estados Unidos porque conforman lo que Marx designa como ej\u00e9rcito industrial de reserva, o sobrepoblaci\u00f3n relativa, la cual ocasiona el abaratamiento de la mano de obra y el control pol\u00edtico de la clase obrera.<\/span><\/p>\n<p class=\"p3\"><span class=\"s1\" style=\"color: #000000;\">En el caso espec\u00edfico de la pandemia, la poblaci\u00f3n que se resguard\u00f3 en casa fue principalmente la nativa, dejando los trabajos esenciales, de extremo contagio a trabajadores altamente precarizados, que se incorporaron al reparto de alimentos gestionado a trav\u00e9s de plataformas conocidas.<\/span><\/p>\n<p class=\"p3\"><span class=\"s1\" style=\"color: #000000;\">Los trabajadores inmigrantes mexicanos son fundamentales para la econom\u00eda estadounidense, en la pandemia fueron considerados esenciales, para no sufrir escasez de alimentos. En la actualidad, al final de la emergencia sanitaria dicha esencialidad no se tradujo en mejores condiciones laborales. Por su parte, en M\u00e9xico no todos los j\u00f3venes que desean seguir estudiando tienen la posibilidad de hacerlo por la falta de instituciones p\u00fablicas que los reciban, los que se incorporan al mercado laboral s\u00f3lo cuentan con empleos precarios, por lo que es complicada su reproducci\u00f3n de manera aut\u00f3noma. Adem\u00e1s, el gobierno federal los ha catalogado como una poblaci\u00f3n objetivo en sus programas sociales, lo cual ha sido de gran ayuda, pero sin duda lo que falta es un modelo de desarrollo que contrarreste la subordinaci\u00f3n con la econom\u00eda estadounidense y se logre activar el mercado laboral en el pa\u00eds. <\/span><\/p>\n<h5 class=\"p4\"><span style=\"color: #000000;\">Agradecimientos<\/span><\/h5>\n<p class=\"p6\"><span style=\"color: #000000;\">La autora agradece a la doctora Daniela Castro Alquicira por el procesamiento de las estimaciones derivadas de base de datos IPUMS, al maestro Armando Jes\u00fas Negrete Fern\u00e1ndez por el procesamiento de las estimaciones derivadas de la ENOE y al doctor Alejandro C\u00e9sar L\u00f3pez Bola\u00f1os por la b\u00fasqueda de informaci\u00f3n bibliogr\u00e1fica.<\/span><\/p>\n<p class=\"p8\">\n<h4 class=\"p1\">Notas<\/h4>\n<p class=\"p1\"><span class=\"s1\">1 Series Integradas de Microdatos de Uso P\u00fablico, Integrated Public Use Microdata Series (IPUMS), en sus versiones IPUMS-USA e IPUMS CPS concentran y homologan los microdatos (datos en los que cada registro corresponde a una persona con caracter\u00edsticas num\u00e9ricamente codificadas) que se generan en los censos y encuestas en Estados Unidos, son parte de un proyecto del Centro de Poblaci\u00f3n de la Universidad de Minessota.<\/span><\/p>\n<p class=\"p1\"><span class=\"s1\">2 Es importante resaltar que hay una gran cantidad de trabajadores inmigrantes mexicanos en el mercado laboral estadounidense catalogados como no calificados, debido a que no tienen una formaci\u00f3n profesional en alguna instituci\u00f3n de educaci\u00f3n de gobierno o del sector privado; sin embargo, tienen experiencia y saben trabajar, por ejemplo, las mujeres cuidadoras, saben hacerlo porque en su formaci\u00f3n de g\u00e9nero desde ni\u00f1as se les prepara para los cuidados, los trabajadores del campo saben trabajar los cultivos porque en M\u00e9xico eran campesinos, y realizan muy bien sus tareas, pero no les reconocen sus habilidades y les llaman no calificados, con la finalidad de abaratar su salario. Por lo tanto, agrego la palabra formal para referirme a la capacitaci\u00f3n institucional, lo que no niega que tengan una calificaci\u00f3n por la experiencia.<\/span><\/p>\n<p class=\"p1\"><span class=\"s1\">3 En el cap\u00edtulo <\/span><span class=\"s2\">2<\/span><span class=\"s1\"> de su libro <\/span><em><span class=\"s3\">Birds of passage, migrant labor and industrial societies<\/span><\/em><span class=\"s1\">, Piore trata las caracter\u00edsticas de los trabajos que ocupaban la poblaci\u00f3n negra en Estados Unidos y los migrantes; indica que son puestos laborales que no requieren calificaci\u00f3n de la mano de obra, ofrecen bajos salarios, son pesados, no placenteros, por lo regular manuales y que no brindan ning\u00fan estatus social (<\/span><span class=\"s2\">1979<\/span><span class=\"s1\">:<\/span><span class=\"s2\">17<\/span><span class=\"s1\">).<\/span><\/p>\n<p class=\"p1\"><span class=\"s1\">4 Alain Lipietz y Dani\u00e8le Leborgne (<\/span><span class=\"s2\">1990<\/span><span class=\"s1\">) explican que el caso extremo de no involucramiento de los trabajadores en el proceso de trabajo es cuando \u00e9ste se ha parcializado a su m\u00e1xima posibilidad, as\u00ed los obreros no tienen ninguna posibilidad de aportar, debido al desconocimiento del proceso completo. Los autores explican que el taylorismo se retroalimentaba por el propio involucramiento de los trabajadores para hacer mejoras al proceso de trabajo, sin embargo, cuando la mano de obra s\u00f3lo hace una tarea muy limitada no tiene posibilidad de involucrarse y mejorar las herramientas o los procedimientos. El extremo opuesto se puede observar en el toyotismo, en el que los trabajadores calificados generan estrategias para mejorar la productividad. Adem\u00e1s, el involucramiento puede ser individual o colectivo. El primero se genera por miedo a ser despedidos y el colectivo cuando los trabajadores cooperan con la empresa, as\u00ed el <\/span><span class=\"s3\">know how<\/span><span class=\"s1\"> se acumula en beneficio de la compa\u00f1\u00eda.<\/span><\/p>\n<p class=\"p1\"><span class=\"s1\">5 El bono demogr\u00e1fico se presenta en un pa\u00eds cuando la poblaci\u00f3n en edades productivas es mayor a la poblaci\u00f3n econ\u00f3micamente dependiente.<\/span><\/p>\n<p class=\"p1\"><span class=\"s1\">6 Valor monetario mensual por persona a precios corrientes a septiembre de <\/span><span class=\"s2\">2022<\/span><span class=\"s1\">, obtenido con base en los datos del Coneval.<\/span><\/p>\n<p class=\"p1\"><span class=\"s1\">7 Si bien se reconfigura el proceso de trabajo, y a esa nueva reestructuraci\u00f3n se le conoce como toyotista, no significa que el fordismo desaparezca.<\/span><\/p>\n<p class=\"p1\"><span class=\"s1\">8 Los sectores en los que se dividen las actividades econ\u00f3micas son: primario, secundario y terciario. El sector primario agrupa diversas actividades relacionadas con la agricultura, la cr\u00eda de animales, la pesca y la miner\u00eda. El sector secundario est\u00e1 conformado por las actividades vinculadas con la industria de la transformaci\u00f3n, incluye la construcci\u00f3n, y el sector terciario agrupa las actividades de servicios.<\/span><\/p>\n<p class=\"p1\"><span class=\"s1\">9 A precios constantes.<\/span><\/p>\n<p class=\"p1\"><span class=\"s1\">10 IPUMS USA (en espa\u00f1ol, \u00abSeries integradas de microdatos de uso p\u00fablico\u00bb) es una base de datos que brinda acceso a m\u00e1s de <\/span><span class=\"s2\">60<\/span><span class=\"s1\"> muestras integradas y de alta precisi\u00f3n de la poblaci\u00f3n estadounidense extra\u00eddas de <\/span><span class=\"s2\">16<\/span><span class=\"s1\"> censos federales y de las encuestas de la comunidad estadounidense del <\/span><span class=\"s2\">2000<\/span><span class=\"s1\"> a la fecha. Para m\u00e1s informaci\u00f3n, v\u00e9ase https:\/\/usa.ipums.org\/usa\/about.shtml<\/span><\/p>\n<h4 class=\"p7\"><span style=\"color: #000000;\">Referencias<\/span><\/h4>\n<p class=\"p8\"><span style=\"color: #000000;\">\u00c1lvarez, A. (febrero-marzo de <span class=\"s7\">2011<\/span>). \u00abM\u00e9xico <span class=\"s7\">2012<\/span>: <span class=\"s8\">\u00bf<\/span>El retorno de los brujos<span class=\"s8\">?<\/span>\u00bb <em><span class=\"s9\">Memoria<\/span><\/em> (<span class=\"s7\">250<\/span>), pp. <span class=\"s7\">4<\/span>&#8211;<span class=\"s7\">11<\/span>.<\/span><\/p>\n<p class=\"p8\"><span style=\"color: #000000;\">\u00c1lvarez, A. y Mart\u00ednez, S. (<span class=\"s7\">2016<\/span>). \u00abThe Mexican economy in <span class=\"s7\">2014<\/span>: between crisis, free trade, social devastation and labor precarization\u00bb. En Levy, N. y Ortiz, E. (coords.), <em><span class=\"s9\">The financialization response to economic disequilibria. European and Latin American Experiences<\/span>.<\/em> Massachusetts: Edward Elgar.<\/span><\/p>\n<p class=\"p8\"><span style=\"color: #000000;\">Antunes, R., Basso, P. y Peroco, F. (<span class=\"s7\">2021<\/span>). \u00abIl lavoro digitale, i soui significati ei suoi effetti, nel quadro del capitalismo pandemico\u00bb. <em><span class=\"s9\">Revista Socioscapes International Journal of Societies, Politics and Cultures<\/span>,<\/em> <span class=\"s7\">2<\/span>(<span class=\"s7\">2<\/span>). Recuperado de http:\/\/www.socioscapes.org\/index.php\/sc\/article\/view\/<span class=\"s7\">112<\/span><\/span><\/p>\n<p class=\"p8\"><span style=\"color: #000000;\">Canales, A. (abril-junio de <span class=\"s7\">2000<\/span>). \u00abMigraci\u00f3n internacional y flexibilidad laboral en el contexto del TLCAN\u00bb. <em><span class=\"s9\">Revista Mexicana de Sociolog\u00eda<\/span><\/em>, <span class=\"s7\">62<\/span>(<span class=\"s7\">2<\/span>), pp. <span class=\"s7\">3<\/span>&#8211;<span class=\"s7\">28<\/span>. Recuperado de https:\/\/www.jstor.org\/stable\/<span class=\"s7\">3541357<\/span><\/span><\/p>\n<p class=\"p8\"><span style=\"color: #000000;\">Cypher, J. y Delgado Wise, R. (<span class=\"s7\">2007<\/span>). \u00abEl modelo de exportaci\u00f3n de fuerza de trabajo barata en M\u00e9xico\u00bb. <span class=\"s9\"><em>Econom\u00eda UNAM<\/em>,<\/span> <span class=\"s7\">4<\/span>(<span class=\"s7\">12<\/span>), pp. <span class=\"s7\">23<\/span>&#8211;<span class=\"s7\">41<\/span>. DOI: https:\/\/doi.org\/<span class=\"s7\">10<\/span>.<span class=\"s7\">22201<\/span>\/fe.<span class=\"s7\">24488143<\/span>e.<span class=\"s7\">2007<\/span>.<span class=\"s7\">012<\/span>.<span class=\"s7\">323<\/span><\/span><\/p>\n<p class=\"p8\"><span style=\"color: #000000;\">De la Garza Toledo, E. (<span class=\"s7\">1999<\/span>). \u00abLas teor\u00edas sobre la reestructuraci\u00f3n productiva\u00bb. En Arango, L.G. y L\u00f3pez, C.M. (comps.), <em><span class=\"s9\">Globalizaci\u00f3n, apertura econ\u00f3mica y relaciones industriales en Am\u00e9rica Latina<\/span><\/em> (pp. <span class=\"s7\">33<\/span>&#8211;<span class=\"s7\">49<\/span>). Colombia: Centro de Estudios Sociales-Universidad Nacional de Colombia. Recuperado de www.bdigital.unal.edu.co\/<span class=\"s7\">1391<\/span>\/<span class=\"s7\">5<\/span>\/<span class=\"s7\">04<\/span>capi<span class=\"s7\">03<\/span>.pdf<\/span><\/p>\n<p class=\"p8\"><span style=\"color: #000000;\">Echenique Romero, X.V. y Z\u00fa\u00f1iga Casas, B. (<span class=\"s7\">2022<\/span>). <span class=\"s9\">TLCAN (UMSCA, T-MEC): <em>Dependencia productiva y financiera de M\u00e9xico<\/em><\/span><em>.<\/em> Ciudad de M\u00e9xico: Facultad de Econom\u00eda-Universidad Nacional Aut\u00f3noma de M\u00e9xico.<\/span><\/p>\n<p class=\"p9\"><span style=\"color: #000000;\"><span class=\"s10\">Esquivel, G. (<\/span><span class=\"s7\">2015<\/span><span class=\"s10\">). <\/span><em>Desigualdad extrema en M\u00e9xico. Concentraci\u00f3n del poder econ\u00f3mico y pol\u00edtico<\/em><span class=\"s10\"><em>.<\/em> M\u00e9xico: OXFAM.<\/span><\/span><\/p>\n<p class=\"p8\"><span style=\"color: #000000;\">Filardo, V. (<span class=\"s7\">2019<\/span>). \u00abJuventud, juventudes, j\u00f3venes: esas palabras\u00bb. <span class=\"s9\">\u00daltima D\u00e9cada<\/span>, <span class=\"s7\">26<\/span>(<span class=\"s7\">50<\/span>), pp. <span class=\"s7\">109<\/span>&#8211;<span class=\"s7\">123<\/span>. Recuperado de https:\/\/ultimadecada.uchile.cl\/index.php\/ud\/article\/view\/<span class=\"s7\">53848<\/span><\/span><\/p>\n<p class=\"p8\"><span style=\"color: #000000;\">Galindo, M. (<span class=\"s7\">2015<\/span>). \u00abM\u00e9xico y la naci\u00f3n\u00bb. <em><span class=\"s9\">Mundo Siglo XXI<\/span><\/em>, X(<span class=\"s7\">35<\/span>), pp. <span class=\"s7\">73<\/span>&#8211;<span class=\"s7\">84<\/span>. Recuperado de http:\/\/hdl.handle.net\/<span class=\"s7\">10469<\/span>\/<span class=\"s7\">7005<\/span><\/span><\/p>\n<p class=\"p8\"><span style=\"color: #000000;\">Guevara Gonz\u00e1lez, X. (<span class=\"s7\">2001<\/span>). \u00abLa inversi\u00f3n extranjera en M\u00e9xico, <span class=\"s7\">1994<\/span>&#8211;<span class=\"s7\">2000<\/span>\u00bb. <em><span class=\"s9\">An\u00e1lisis Econ\u00f3mico<\/span>,<\/em> XVI(<span class=\"s7\">33<\/span>), pp. <span class=\"s7\">149<\/span>&#8211;<span class=\"s7\">187<\/span>.<\/span><\/p>\n<p class=\"p9\"><span style=\"color: #000000;\"><span class=\"s10\">Harvey, D. (<\/span><span class=\"s7\">2010<\/span><span class=\"s10\">). <\/span><em>The enigma of capital and the crises of capitalism<\/em><span class=\"s10\"><em>.<\/em> Oxford: Oxford University Press.<\/span><\/span><\/p>\n<p class=\"p9\"><span style=\"color: #000000;\"><span class=\"s10\">Harvey, D. (<\/span><span class=\"s7\">2008<\/span><span class=\"s10\">)<em>. <\/em><\/span><em>La condici\u00f3n de posmodernidad: investigaci\u00f3n sobre los or\u00edgenes del cambio cultural<\/em><span class=\"s10\"><em>.<\/em> Buenos Aires: Amorrortu. <\/span><\/span><\/p>\n<p class=\"p8\"><span style=\"color: #000000;\">International Labor Office (ILO) (<span class=\"s7\">2021<\/span>). \u00abILO global estimates on international migrant workers (results and methology)\u00bb. Recuperado de https:\/\/www.ilo.org\/wcmsp<span class=\"s7\">5<\/span>\/groups\/public\/&#8212;dgreports\/&#8212;dcomm\/&#8212;publ\/documents\/publication\/wcms _<span class=\"s7\">808935<\/span>.pdf<\/span><\/p>\n<p class=\"p8\"><span style=\"color: #000000;\">Instituto Nacional de Estad\u00edstica y Geograf\u00eda (INEGI) (<span class=\"s7\">25<\/span> de febrero de <span class=\"s7\">2021<\/span>). \u00abComunicado de prensa n\u00fam. <span class=\"s7\">157<\/span>\/<span class=\"s7\">21<\/span>\u00bb. Recuperado de https:\/\/www.inegi.org.mx\/contenidos\/saladeprensa\/boletines\/<span class=\"s7\">2021<\/span>\/pib_pconst\/pib_pconst<span class=\"s7\">2021<\/span>_<span class=\"s7\">02<\/span>.pdf<\/span><\/p>\n<p class=\"p8\"><span style=\"color: #000000;\"><span class=\"s1\">Instituto Nacional de Estad\u00edstica y Geograf\u00eda (INEGI) (<\/span><span class=\"s12\">2022<\/span><span class=\"s1\">). \u00abEncuesta Nacional de Ocupaci\u00f3n y Empleo (ENOE). Nueva Edici\u00f3n. Segundo trimestre de <\/span><span class=\"s12\">2022<\/span><span class=\"s1\">\u00bb. Recuperado de https:\/\/genero.congresocdmx.gob.mx\/wp-content\/uploads\/<\/span><span class=\"s12\">2022<\/span><span class=\"s1\">\/<\/span><span class=\"s12\">11<\/span><span class=\"s1\">\/ENOE.pdf<\/span><\/span><\/p>\n<p class=\"p8\"><span style=\"color: #000000;\"><span class=\"s1\">Lipietz, A. y Leborgne, D. (<\/span><span class=\"s12\">1990<\/span><span class=\"s1\">). \u00abNuevas tecnolog\u00edas, nuevas formas de regulaci\u00f3n. Algunas consecuencias espaciales. En Alburquerque Llorens, F., De Mattos, C.A. y Jordan Fuchs, R. (coords.), <\/span><em><span class=\"s13\">Revoluci\u00f3n tecnol\u00f3gica y reestructuraci\u00f3n productiva: impactos y desaf\u00edos territoriales<\/span><\/em><span class=\"s1\"><em>.<\/em> Santiago de Chile: Instituto Latinoamericano y del Caribe de Planificaci\u00f3n Econ\u00f3mica y Social (ILPES\/ONU)\/Instituto de Estudios Urbanos de la Pontificia Universidad Cat\u00f3lica de Chile (IEU\/PUC)\/Grupo Editor Latinoamericano.<\/span><\/span><\/p>\n<p class=\"p9\"><span style=\"color: #000000;\"><span class=\"s10\">Lope, A., Gibert, F. y Ortiz de Villacian, D. (<\/span><span class=\"s7\">2002<\/span><span class=\"s10\">). <\/span><em>Atajar la precariedad laboral: la concertaci\u00f3n local, <span class=\"s8\">\u00bf<\/span>un marco para abordar las nuevas formas de empleo<span class=\"s8\">?<\/span> <\/em><span class=\"s10\">Barcelona: Icaria.<\/span><\/span><\/p>\n<p class=\"p8\"><span style=\"color: #000000;\">Massey, D. <span class=\"s9\">et al.<\/span> (enero-junio de <span class=\"s7\">2000<\/span>). \u00abTeor\u00edas sobre la migraci\u00f3n internacional: una rese\u00f1a y una evaluaci\u00f3n\u00bb. <span class=\"s9\"><em>Trabajo<\/em>,<\/span> <span class=\"s7\">2<\/span>(<span class=\"s7\">3<\/span>). Recuperado de http:\/\/www<span class=\"s7\">2<\/span>.izt.uam.mx\/sotraem\/Documentos\/Trabajoa<span class=\"s7\">2<\/span>n<span class=\"s7\">32000<\/span>.pdf<\/span><\/p>\n<p class=\"p8\"><span style=\"color: #000000;\">M\u00e1rquez Covarrubias, H. (primer semestre de <span class=\"s7\">2010<\/span>). \u00abDesarrollo y migraci\u00f3n: una lectura desde la econom\u00eda pol\u00edtica cr\u00edtica\u00bb. <span class=\"s9\"><em>Migraci\u00f3n y Desarrollo<\/em>,<\/span> <span class=\"s7\">8<\/span>(<span class=\"s7\">14<\/span>), pp. <span class=\"s7\">59<\/span>&#8211;<span class=\"s7\">87<\/span>.<\/span><\/p>\n<p class=\"p8\"><span style=\"color: #000000;\">Mendoza Enr\u00edquez, H. (julio-diciembre de <span class=\"s7\">2011<\/span>). \u00abLos estudios sobre la juventud en M\u00e9xico\u00bb. <em><span class=\"s9\">Espiral, Estudios sobre Estado y Sociedad<\/span><\/em>, XVIII(<span class=\"s7\">52<\/span>), pp. <span class=\"s7\">193<\/span>&#8211;<span class=\"s7\">224<\/span>.<\/span><\/p>\n<p class=\"p8\"><span style=\"color: #000000;\">Morales, J. (julio-septiembre de <span class=\"s7\">2013<\/span>). \u00abLa inversi\u00f3n extranjera directa en M\u00e9xico <span class=\"s7\">1980<\/span>&#8211;<span class=\"s7\">2011<\/span>, en Samuel Lichtensztenjn\u00bb. <em><span class=\"s9\">Problemas del Desarrollo<\/span><\/em>, <span class=\"s7\">44<\/span>(<span class=\"s7\">174<\/span>).<\/span><\/p>\n<p class=\"p8\"><span style=\"color: #000000;\">Ortiz, E. (<span class=\"s7\">2016<\/span>). \u00abThe limits of the export, led growth model: the Mexican experience. En Levy, N. y Ortiz, E. (eds.), <em><span class=\"s9\">The financialization response to economic disequilibria. European and Latin American experiences<\/span>.<\/em> Gran Breta\u00f1a: Edward Elgar.<\/span><\/p>\n<p class=\"p8\"><span style=\"color: #000000;\">Pedraza Rend\u00f3n, O.H., Garc\u00eda Garc\u00eda, J.O. y Armas Ar\u00e9vela, E. (<span class=\"s7\">2014<\/span>). \u00abInversi\u00f3n extranjera directa en M\u00e9xico: un comportamiento sectorial y regional\u00bb. <em><span class=\"s9\">Cimexus<\/span><\/em>, <span class=\"s7\">6<\/span>(<span class=\"s7\">1<\/span>), pp. <span class=\"s7\">45<\/span>&#8211;<span class=\"s7\">66<\/span>.<\/span><\/p>\n<p class=\"p8\"><span style=\"color: #000000;\">Piore, M.J. (<span class=\"s7\">1979<\/span>). <em><span class=\"s9\">Birds of passage<\/span>. <span class=\"s9\">Migrant labor and industrial societies<\/span>.<\/em> Reino Unido: Cambridge Univerity Press.<\/span><\/p>\n<p class=\"p8\"><span style=\"color: #000000;\"><span class=\"s1\">Pozos Rivera, P. (<\/span><span class=\"s12\">2016<\/span><span class=\"s1\">). <\/span><em><span class=\"s13\">Inserci\u00f3n y condiciones de trabajo de los j\u00f3venes inmigrantes mexicanos en el mercado laboral estadounidense, <\/span><span class=\"s14\">1990<\/span><span class=\"s13\">&#8211;<\/span><span class=\"s14\">2012<\/span><\/em><span class=\"s1\"> (tesis de doctorado). M\u00e9xico: Instituto de Investigaciones Econ\u00f3micas-Universidad Nacional Aut\u00f3noma de M\u00e9xico. <\/span>Recuperado de https:\/\/tesiunam.dgb.unam.mx\/f\/led<span class=\"s7\">1<\/span>i<span class=\"s7\">6<\/span>ghjnxu<span class=\"s7\">3<\/span>tatadxv<span class=\"s7\">7<\/span>ha<span class=\"s7\">9<\/span>s<span class=\"s7\">31<\/span>t<span class=\"s7\">7<\/span>m<span class=\"s7\">8<\/span>x<span class=\"s7\">71<\/span>ls<span class=\"s7\">9<\/span>guyf<span class=\"s7\">7<\/span>y<span class=\"s7\">5<\/span>mct<span class=\"s7\">8<\/span>rv-<span class=\"s7\">18153<\/span><span class=\"s8\">?<\/span>func=full-set-set&amp;set_number=<span class=\"s7\">342145<\/span>&amp;set _entry=<span class=\"s7\">000007<\/span>&amp;format=<span class=\"s7\">999<\/span><\/span><\/p>\n<p class=\"p8\"><span style=\"color: #000000;\">Rold\u00e1n D\u00e1vila, G. (<span class=\"s7\">2009<\/span>). <em><span class=\"s9\">M\u00e9xico y el TLCAN. Los condicionantes de las estrategias y pol\u00edticas de integraci\u00f3n y desarrollo econ\u00f3mico de cara a la migraci\u00f3n laboral (<\/span><span class=\"s15\">1994<\/span><span class=\"s9\">&#8211;<\/span><span class=\"s15\">2005<\/span><span class=\"s9\">)<\/span><\/em> (tesis de doctorado). Madrid: Facultad de Ciencias Econ\u00f3micas y Empresariales-Universidad Complutense de Madrid. Recuperado de https:\/\/core.ac.uk\/download\/pdf\/<span class=\"s7\">19711768<\/span>.pdf<\/span><\/p>\n<p class=\"p8\"><span style=\"color: #000000;\">Rold\u00e1n D\u00e1vila, G. (<span class=\"s7\">2011<\/span>). \u00abLas migraciones laborales internacionales y algunos de sus mitos\u00bb. En Aragon\u00e9s, A.M. (coord.), <em><span class=\"s9\">Mercados de trabajo y migraci\u00f3n internacional <\/span><\/em>(pp. <span class=\"s7\">437<\/span>&#8211;<span class=\"s7\">470<\/span>). M\u00e9xico: Instituto de Investigaciones Econ\u00f3micas-Universidad Nacional Aut\u00f3noma de M\u00e9xico.<\/span><\/p>\n<p class=\"p8\"><span style=\"color: #000000;\">Giorguli, S. (<span class=\"s7\">8<\/span> de julio de <span class=\"s7\">2016<\/span>). \u00abPerdi\u00f3 M\u00e9xico su bono demogr\u00e1fico, la esperanza es el bono de g\u00e9nero\u00bb. <span class=\"s9\">Agencia informativa Conacyt<\/span>. Recuperado de http:\/\/www.cienciamx.com\/index.php\/ciencia\/humanidades\/<span class=\"s7\">8938<\/span>-perdio-mexico-su-bono -demografico-la-esperanza-es-el-bono-de-genero<\/span><\/p>\n<p class=\"p8\"><span style=\"color: #000000;\">Selee, A. y Heredia, C. (<span class=\"s7\">2022<\/span>). \u00abIncreasing opportunities to address migration in North America<span class=\"s16\">\u00bb<\/span>. En Long, T. y Bersin, A. (eds.),<em> <span class=\"s9\">North America <\/span><span class=\"s15\">2<\/span><span class=\"s9\">.<\/span><span class=\"s15\">0<\/span><span class=\"s9\">, forging a continental future <\/span><\/em>(pp. <span class=\"s7\">17<\/span>&#8211;<span class=\"s7\">30<\/span>)<span class=\"s9\">.<\/span> Washington, D.C.: North American Institutes at the Woodrow Wilson International Center for Scholars\/Canada Institute\/Mexico Institute. Recuperado de https:\/\/www.wilsoncenter.org\/publication\/north-america-<span class=\"s7\">20<\/span>-forging -continental-future<\/span><\/p>\n<p class=\"p8\"><span style=\"color: #000000;\">Standing, G. (<span class=\"s7\">2014<\/span>). <em><span class=\"s9\">Precariado, una carta de derechos<\/span>.<\/em> Espa\u00f1a: Capit\u00e1n Swing.<\/span><\/p>\n<p class=\"p8\"><span style=\"color: #000000;\">Taguenca Belmonte, J.A. (<span class=\"s7\">2009<\/span>). \u00abEl concepto de juventud\u00bb. <em><span class=\"s9\">Revista Mexicana de Sociolog\u00eda,<\/span><\/em> <span class=\"s7\">71<\/span>(<span class=\"s7\">1<\/span>), pp. <span class=\"s7\">159<\/span>&#8211;<span class=\"s7\">190<\/span>. Recuperado de https:\/\/www.redalyc.org\/pdf\/<span class=\"s7\">321<\/span>\/<span class=\"s7\">3211<\/span> <span class=\"s7\">6011005<\/span>.pdf<\/span><\/p>\n<p class=\"p8\"><span style=\"color: #000000;\">Wolff, E.N. (<span class=\"s7\">1996<\/span>). \u00abTechnology and the demand for skills\u00bb<em>. <span class=\"s9\">Science Technology Industry<\/span> <\/em>(<span class=\"s7\">18<\/span>), pp. <span class=\"s7\">95<\/span>&#8211;<span class=\"s7\">123<\/span>.<\/span><\/p>\n<p class=\"p8\"><span style=\"color: #000000;\">Zuccarino, M. (<span class=\"s7\">2012<\/span>). \u00abModelos Estadounidense-fordista y japon\u00e9s-toyotista. <span class=\"s8\">\u00bf<\/span>Dos formas de organizaci\u00f3n productiva contrapuestas<span class=\"s8\">?<\/span> Un estudio de caso: trabajadores bolivianos afiliados a la Federaci\u00f3n Obrera Local (FOL) en la primera mitad del siglo XX\u00bb.<em> <span class=\"s9\">Historia Caribe<\/span><\/em>, VII(<span class=\"s7\">21<\/span>), pp. <span class=\"s7\">197<\/span>&#8211;<span class=\"s7\">215<\/span>. Recuperado de https:\/\/www.redalyc.org\/pdf\/<span class=\"s7\">937<\/span>\/<span class=\"s7\">93726861009<\/span>.pdf<\/span><\/p>\n<\/div>\n<div style=\"float: left; background-color: #f2f2f2; padding: 10px; width: 100%;\">\n<p class=\"p1\"><a style=\"font-size: inherit; background-color: #ffffff;\" href=\"http:\/\/creativecommons.org\/licenses\/by-nc-nd\/4.0\/\" rel=\"license\"><img decoding=\"async\" style=\"border-width: 0;\" src=\"https:\/\/i.creativecommons.org\/l\/by-nc-nd\/4.0\/88x31.png\" alt=\"Licencia de Creative Commons\" \/><\/a><\/p>\n<\/div>\n<p><span style=\"color: #808080;\">Este obra est\u00e1 bajo una <a style=\"color: #808080;\" href=\"http:\/\/creativecommons.org\/licenses\/by-nc-nd\/4.0\/\" rel=\"license\">licencia de Creative Commons Reconocimiento-NoComercial-SinObraDerivada 4.0 Internacional<\/a>.<\/span><\/p>\n","protected":false},"excerpt":{"rendered":"<p>Migraci\u00f3n y Desarrollo, volumen 21, n\u00famero 40, primer semestre 2023, es una publicaci\u00f3n semestral editada por la Universidad Aut\u00f3noma de Zacatecas \u00abFrancisco Garc\u00eda Salinas\u00bb, a trav\u00e9s de la Unidad Acad\u00e9mica de Estudios del Desarrollo, Jard\u00edn Ju\u00e1rez 147, colonia Centro, Zacatecas,<\/p>\n","protected":false},"author":2,"featured_media":0,"parent":0,"menu_order":0,"comment_status":"closed","ping_status":"closed","template":"","meta":{"footnotes":""},"class_list":["post-2242","page","type-page","status-publish","hentry"],"_links":{"self":[{"href":"https:\/\/estudiosdeldesarrollo.mx\/migracionydesarrollo\/wp-json\/wp\/v2\/pages\/2242","targetHints":{"allow":["GET"]}}],"collection":[{"href":"https:\/\/estudiosdeldesarrollo.mx\/migracionydesarrollo\/wp-json\/wp\/v2\/pages"}],"about":[{"href":"https:\/\/estudiosdeldesarrollo.mx\/migracionydesarrollo\/wp-json\/wp\/v2\/types\/page"}],"author":[{"embeddable":true,"href":"https:\/\/estudiosdeldesarrollo.mx\/migracionydesarrollo\/wp-json\/wp\/v2\/users\/2"}],"replies":[{"embeddable":true,"href":"https:\/\/estudiosdeldesarrollo.mx\/migracionydesarrollo\/wp-json\/wp\/v2\/comments?post=2242"}],"version-history":[{"count":1,"href":"https:\/\/estudiosdeldesarrollo.mx\/migracionydesarrollo\/wp-json\/wp\/v2\/pages\/2242\/revisions"}],"predecessor-version":[{"id":2246,"href":"https:\/\/estudiosdeldesarrollo.mx\/migracionydesarrollo\/wp-json\/wp\/v2\/pages\/2242\/revisions\/2246"}],"wp:attachment":[{"href":"https:\/\/estudiosdeldesarrollo.mx\/migracionydesarrollo\/wp-json\/wp\/v2\/media?parent=2242"}],"curies":[{"name":"wp","href":"https:\/\/api.w.org\/{rel}","templated":true}]}}