{"id":2193,"date":"2024-01-22T21:37:15","date_gmt":"2024-01-22T21:37:15","guid":{"rendered":"https:\/\/estudiosdeldesarrollo.mx\/migracionydesarrollo\/?page_id=2193"},"modified":"2024-04-10T18:34:41","modified_gmt":"2024-04-10T18:34:41","slug":"numero-40-resumen-rdw","status":"publish","type":"page","link":"https:\/\/estudiosdeldesarrollo.mx\/migracionydesarrollo\/numero-40-resumen-rdw\/","title":{"rendered":"N\u00famero 40 resumen rdw"},"content":{"rendered":"<div id=\"contenedor30\">\n<div style=\"float: left;\">\n<div>\n<p><a href=\"https:\/\/estudiosdeldesarrollo.mx\/migracionydesarrollo\/numero-40\/\"><img loading=\"lazy\" decoding=\"async\" class=\" wp-image-111 alignleft\" src=\"https:\/\/estudiosdeldesarrollo.mx\/migracionydesarrollo\/wp-content\/uploads\/2023\/12\/MyD40portada.jpg\" alt=\"\" width=\"177\" height=\"246\" \/><\/a><\/p>\n<p><span style=\"color: #028575;\"><strong><em>Migraci\u00f3n y Desarrollo<\/em>, volumen 21, n\u00famero 40, primer semestre 2023<\/strong><\/span>, es una publicaci\u00f3n semestral editada por la Universidad Aut\u00f3noma de Zacatecas \u00abFrancisco Garc\u00eda Salinas\u00bb, a trav\u00e9s de la Unidad Acad\u00e9mica de Estudios del Desarrollo, Jard\u00edn Ju\u00e1rez 147, colonia Centro, Zacatecas, C.P. 98000, Tel. (01492) 922 91 09, www.uaz.edu.mx, www.estudiosdeldesarrollo.net, revistamyd@estudiosdeldesarrollo.net. Editor responsable: Ra\u00fal Delgado Wise. Reserva de Derechos al Uso Exclusivo V\u00eda Red C\u00f3mputo No. 04-2015-060212200400-203. ISSN: 2448-7783, ambos otorgados por el Instituto Nacional del Derecho de Autor. Responsable de \u00faltima actualizaci\u00f3n: Unidad Acad\u00e9mica de Estudios del Desarrollo, Maximino Gerardo Luna Estrada, Campus Universitario II, avenida Preparatoria s\/n, fraccionamiento Progreso, Zacatecas, C.P. 98065. Fecha de la \u00faltima modificaci\u00f3n, agosto de 2023.<\/p>\n<p>Las opiniones expresadas por los autores no necesariamente reflejan la postura del editor de la publicaci\u00f3n. Queda estrictamente prohibida la reproducci\u00f3n total o parcial de los contenidos e im\u00e1genes de la publicaci\u00f3n sin previa autorizaci\u00f3n de la Universidad Aut\u00f3noma de Zacatecas \u00abFrancisco Garc\u00eda Salinas\u00bb a trav\u00e9s de la Unidad Acad\u00e9mica de Estudios del Desarrollo.<\/p>\n<p><a style=\"color: #999999;\" href=\"https:\/\/doi.org\/10.35533\/myd.numero40\" target=\"_blank\" rel=\"noopener noreferrer\"> https:\/\/doi.org\/10.35533\/myd.numero40<\/a><\/p>\n<\/div>\n<\/div>\n<div style=\"float: left; background-color: #f2f2f2; padding: 10px; width: 100%;\">\n<h4 style=\"color: #028575;\"><span style=\"color: #028575;\"><b><big>Editorial<\/big><\/b><\/span><\/h4>\n<p><span style=\"font-size: 19.2px; color: #000000;\">Veinte a\u00f1os de impulsar una agenda cr\u00edtica y alternativa de investigaci\u00f3n<\/span><br \/><span style=\"color: #808080;\"><b>Ra\u00fal Delgado Wise<br \/><\/b><a style=\"color: #0088c2;\" href=\"https:\/\/estudiosdeldesarrollo.mx\/migracionydesarrollo\/numero-40-editorial\/\">Texto <span style=\"color: #0088c2;\">completo<\/span><\/a> | <a style=\"color: #0088c2;\" href=\"https:\/\/estudiosdeldesarrollo.mx\/migracionydesarrollo\/wp-content\/uploads\/2024\/01\/40-e.pdf\" target=\"_blank\" rel=\"noopener\">PDF<\/a><\/span><\/p>\n<h4 style=\"color: #028575;\"><span style=\"color: #028575;\"><b><big>Art\u00edculos<\/big><\/b><\/span><\/h4>\n<p><span style=\"font-size: 19.2px; color: #000000;\">Migraci\u00f3n y urbanizaci\u00f3n perif\u00e9rica: el caso de la zona metropolitana del Valle de M\u00e9xico<\/span><br \/><span style=\"color: #808080;\"><b>Ra\u00fal Delgado Wise | Francisco J. Caballero Anguiano | Selene Gaspar Olvera<\/b><\/span><br \/><a style=\"color: #333333;\" href=\"https:\/\/doi.org\/10.35533\/myd.2140.rdw.fjca.sgo\">https:\/\/doi.org\/10.35533\/myd.2140.rdw.fjca.sgo<\/a><br \/><a href=\"https:\/\/estudiosdeldesarrollo.mx\/migracionydesarrollo\/numero-40\/\"><span style=\"color: #808080;\"><span style=\"color: #0088c2;\">Resumen<\/span><\/span><\/a><a><span style=\"color: #0088c2;\"> | <\/span><\/a><a style=\"color: #0088c2;\" href=\"https:\/\/estudiosdeldesarrollo.mx\/migracionydesarrollo\/numero-40-texto-completo-rdw\/\">Texto <span style=\"color: #0088c2;\">completo<\/span><\/a> | <a style=\"color: #0088c2;\" href=\"https:\/\/estudiosdeldesarrollo.mx\/migracionydesarrollo\/wp-content\/uploads\/2024\/01\/40-1.pdf\" target=\"_blank\" rel=\"noopener\">PDF<\/a><\/p>\n<p class=\"p1\" style=\"padding-left: 40px;\">Este trabajo examina el v\u00ednculo entre migraci\u00f3n y urbanizaci\u00f3n perif\u00e9rica bajo el neoliberalismo y se centra en el caso paradigm\u00e1tico de la Zona Metropolitana del Valle de M\u00e9xico (ZMVM), el \u00e1rea urbana m\u00e1s poblada de Am\u00e9rica y la quinta del mundo. El texto se organiza en tres secciones. En primer t\u00e9rmino, se analizan las implicaciones de la reestructuraci\u00f3n neoliberal en M\u00e9xico y se destaca la configuraci\u00f3n de lo que concebimos como el modelo exportador basado en el trabajo. En un segundo momento, se exploran las principales caracter\u00edsticas del proceso de urbanizaci\u00f3n en la ZMVM, al partir de una breve referencia a las etapas primordiales de su desarrollo hist\u00f3rico desde la \u00e9poca prehisp\u00e1nica hasta la actualidad. En tercer lugar, se estudia la relaci\u00f3n entre la migraci\u00f3n interna e internacional y la urbanizaci\u00f3n, incluyendo la movilidad intrametropolitana. Uno de los resultados m\u00e1s relevantes es desvelar el papel crucial que desempe\u00f1a la migraci\u00f3n internacional, a trav\u00e9s de las remesas, como soporte de la reproducci\u00f3n social del sector informal en la zona metropolitana.<\/p>\n<p><span style=\"color: #000000;\"><span style=\"font-size: 19.2px;\">La gobernanza de la migraci\u00f3n y el desarrollo impulsada por las empresas: un reto para la sociedad civil<\/span><\/span><br \/><span style=\"color: #808080;\"><strong>Branka Likic-Brboric<br \/><\/strong><\/span><span style=\"color: #333333;\"><a style=\"color: #333333;\" href=\"https:\/\/doi.org\/10.35533\/myd.2140.blb\">https:\/\/doi.org\/10.35533\/myd.2140.blb<\/a><\/span><br \/><a href=\"https:\/\/estudiosdeldesarrollo.mx\/migracionydesarrollo\/numero-40-resumen-blb\/\"><span style=\"color: #808080;\"><span style=\"color: #0088c2;\">Resumen<\/span><\/span><\/a><span style=\"color: #0088c2;\"> | <a style=\"color: #0088c2;\" href=\"https:\/\/estudiosdeldesarrollo.mx\/migracionydesarrollo\/numero-40-texto-completo-blb\/\">Texto <span style=\"color: #0088c2;\">completo<\/span><\/a> | <a style=\"color: #0088c2;\" href=\"https:\/\/estudiosdeldesarrollo.mx\/migracionydesarrollo\/wp-content\/uploads\/2024\/01\/40-2.pdf\" target=\"_blank\" rel=\"noopener\">PDF<\/a><\/span><\/p>\n<p><span style=\"color: #000000;\"><span style=\"font-size: 19.2px;\">Un contramovimiento del precariado: migraci\u00f3n, trabajo y el enigma de los derechos humanos<\/span><\/span><br \/><span style=\"color: #808080;\"><strong>Carl Ulrik Schierup | Aleksandra Alund<br \/><\/strong><\/span><span style=\"color: #333333;\"><a style=\"color: #333333;\" href=\"https:\/\/doi.org\/10.35533\/myd.2140.cus.aa\">https:\/\/doi.org\/10.35533\/myd.2140.cus.aa<\/a><\/span><br \/><a href=\"https:\/\/estudiosdeldesarrollo.mx\/migracionydesarrollo\/numero-40-resumen-cus\/\"><span style=\"color: #808080;\"><span style=\"color: #0088c2;\">Resumen<\/span><\/span><\/a><span style=\"color: #0088c2;\"> | <a style=\"color: #0088c2;\" href=\"https:\/\/estudiosdeldesarrollo.mx\/migracionydesarrollo\/numero-40-texto-completo-cus\/\">Texto <span style=\"color: #0088c2;\">completo<\/span><\/a> | <a style=\"color: #0088c2;\" href=\"https:\/\/estudiosdeldesarrollo.mx\/migracionydesarrollo\/wp-content\/uploads\/2024\/01\/40-3.pdf\" target=\"_blank\" rel=\"noopener\">PDF<\/a><\/span><\/p>\n<p><span style=\"color: #000000;\"><span style=\"font-size: 19.2px;\">Estereotipos de g\u00e9nero en la movilidad humana: reflexiones y desaf\u00edos desde Argentina<\/span><\/span><br \/><span style=\"color: #808080;\"><strong>Maria Luz Espiro | Sabrina P. Vecchioni<br \/><\/strong><\/span><span style=\"color: #333333;\"><a style=\"color: #333333;\" href=\"https:\/\/doi.org\/10.35533\/myd.2140.mle.spv\">https:\/\/doi.org\/10.35533\/myd.2140.mle.spv<\/a><\/span><br \/><a href=\"https:\/\/estudiosdeldesarrollo.mx\/migracionydesarrollo\/numero-40-resumen-mle\/\"><span style=\"color: #808080;\"><span style=\"color: #0088c2;\">Resumen<\/span><\/span><\/a><span style=\"color: #0088c2;\"> | <a style=\"color: #0088c2;\" href=\"https:\/\/estudiosdeldesarrollo.mx\/migracionydesarrollo\/numero-40-texto-completo-mle\/\">Texto <span style=\"color: #0088c2;\">completo<\/span><\/a> | <a style=\"color: #0088c2;\" href=\"https:\/\/estudiosdeldesarrollo.mx\/migracionydesarrollo\/wp-content\/uploads\/2024\/01\/40-4.pdf\" target=\"_blank\" rel=\"noopener\">PDF<\/a><\/span><\/p>\n<p><span style=\"color: #000000;\"><span style=\"font-size: 19.2px;\">La conformaci\u00f3n de un mercado laboral regional en el sector de servicios, los j\u00f3venes trabajadores en M\u00e9xico y Estados Unidos<\/span><\/span><br \/><span style=\"color: #808080;\"><strong>Patricia Pozos Rivera<br \/><\/strong><\/span><span style=\"color: #333333;\"><a style=\"color: #333333;\" href=\"https:\/\/doi.org\/10.35533\/myd.2140.ppr\">https:\/\/doi.org\/10.35533\/myd.2140.ppr<\/a><\/span><br \/><a href=\"https:\/\/estudiosdeldesarrollo.mx\/migracionydesarrollo\/numero-40-resumen-ppr\/\"><span style=\"color: #808080;\"><span style=\"color: #0088c2;\">Resumen<\/span><\/span><\/a><span style=\"color: #0088c2;\"> | <a style=\"color: #0088c2;\" href=\"https:\/\/estudiosdeldesarrollo.mx\/migracionydesarrollo\/numero-40-texto-completo-ppr\/\">Texto <span style=\"color: #0088c2;\">completo<\/span><\/a> | <a style=\"color: #0088c2;\" href=\"https:\/\/estudiosdeldesarrollo.mx\/migracionydesarrollo\/wp-content\/uploads\/2024\/01\/40-5.pdf\" target=\"_blank\" rel=\"noopener\">PDF<\/a><\/span><\/p>\n<h4 style=\"color: #028575;\"><span style=\"color: #028575;\"><b><big>Coyuntura y debate<\/big><\/b><\/span><\/h4>\n<p><span style=\"font-size: 19.2px; color: #000000;\">Marxismo y desarrollo: una breve genealog\u00eda<\/span><br \/><span style=\"color: #808080;\"><b>Ronaldo Munck<br \/><\/b><\/span><span style=\"color: #333333;\"><a style=\"color: #333333;\" href=\"https:\/\/doi.org\/10.35533\/myd.2140.rm\">https:\/\/doi.org\/10.35533\/myd.2140.rm<\/a><\/span><br \/><a href=\"https:\/\/estudiosdeldesarrollo.mx\/migracionydesarrollo\/numero-40-resumen-rm\/\"><span style=\"color: #808080;\"><span style=\"color: #0088c2;\">Resumen<\/span><\/span><\/a><span style=\"color: #0088c2;\"> | <a style=\"color: #0088c2;\" href=\"https:\/\/estudiosdeldesarrollo.mx\/migracionydesarrollo\/numero-40-texto-completo-rm\/\">Texto <span style=\"color: #0088c2;\">completo<\/span><\/a> | <a style=\"color: #0088c2;\" href=\"https:\/\/estudiosdeldesarrollo.mx\/migracionydesarrollo\/wp-content\/uploads\/2024\/01\/40-6.pdf\" target=\"_blank\" rel=\"noopener\">PDF<\/a><\/span><\/p>\n<h4 style=\"color: #028575;\"><a href=\"https:\/\/estudiosdeldesarrollo.mx\/migracionydesarrollo\/wp-content\/uploads\/2024\/01\/40-s.pdf\" target=\"_blank\" rel=\"noopener\"><span style=\"color: #028575;\"><b><big>Semblanzas<\/big><\/b><\/span><\/a><\/h4>\n<h4 style=\"color: #730057;\"><a style=\"font-size: 16px; background-color: #ffffff;\" href=\"http:\/\/creativecommons.org\/licenses\/by-nc-nd\/4.0\/\" rel=\"license\"><img decoding=\"async\" style=\"border-width: 0;\" src=\"https:\/\/i.creativecommons.org\/l\/by-nc-nd\/4.0\/88x31.png\" alt=\"Licencia de Creative Commons\" \/><\/a><\/h4>\n<\/div>\n<\/div>\n<p><span style=\"color: #808080;\">Este obra est\u00e1 bajo una <a style=\"color: #808080;\" href=\"http:\/\/creativecommons.org\/licenses\/by-nc-nd\/4.0\/\" rel=\"license\">licencia de Creative Commons Reconocimiento-NoComercial-SinObraDerivada 4.0 Internacional<\/a>.<\/span><\/p>\n\n\n<p><\/p>\n","protected":false},"excerpt":{"rendered":"<p>Migraci\u00f3n y Desarrollo, volumen 21, n\u00famero 40, primer semestre 2023, es una publicaci\u00f3n semestral editada por la Universidad Aut\u00f3noma de Zacatecas \u00abFrancisco Garc\u00eda Salinas\u00bb, a trav\u00e9s de la Unidad Acad\u00e9mica de Estudios del Desarrollo, Jard\u00edn Ju\u00e1rez 147, colonia Centro, Zacatecas,<\/p>\n","protected":false},"author":2,"featured_media":0,"parent":0,"menu_order":0,"comment_status":"closed","ping_status":"closed","template":"","meta":{"footnotes":""},"class_list":["post-2193","page","type-page","status-publish","hentry"],"_links":{"self":[{"href":"https:\/\/estudiosdeldesarrollo.mx\/migracionydesarrollo\/wp-json\/wp\/v2\/pages\/2193","targetHints":{"allow":["GET"]}}],"collection":[{"href":"https:\/\/estudiosdeldesarrollo.mx\/migracionydesarrollo\/wp-json\/wp\/v2\/pages"}],"about":[{"href":"https:\/\/estudiosdeldesarrollo.mx\/migracionydesarrollo\/wp-json\/wp\/v2\/types\/page"}],"author":[{"embeddable":true,"href":"https:\/\/estudiosdeldesarrollo.mx\/migracionydesarrollo\/wp-json\/wp\/v2\/users\/2"}],"replies":[{"embeddable":true,"href":"https:\/\/estudiosdeldesarrollo.mx\/migracionydesarrollo\/wp-json\/wp\/v2\/comments?post=2193"}],"version-history":[{"count":5,"href":"https:\/\/estudiosdeldesarrollo.mx\/migracionydesarrollo\/wp-json\/wp\/v2\/pages\/2193\/revisions"}],"predecessor-version":[{"id":2268,"href":"https:\/\/estudiosdeldesarrollo.mx\/migracionydesarrollo\/wp-json\/wp\/v2\/pages\/2193\/revisions\/2268"}],"wp:attachment":[{"href":"https:\/\/estudiosdeldesarrollo.mx\/migracionydesarrollo\/wp-json\/wp\/v2\/media?parent=2193"}],"curies":[{"name":"wp","href":"https:\/\/api.w.org\/{rel}","templated":true}]}}