{"id":2191,"date":"2024-01-22T21:32:41","date_gmt":"2024-01-22T21:32:41","guid":{"rendered":"https:\/\/estudiosdeldesarrollo.mx\/migracionydesarrollo\/?page_id=2191"},"modified":"2024-01-22T21:32:42","modified_gmt":"2024-01-22T21:32:42","slug":"numero-40-editorial","status":"publish","type":"page","link":"https:\/\/estudiosdeldesarrollo.mx\/migracionydesarrollo\/numero-40-editorial\/","title":{"rendered":"N\u00famero 40 editorial"},"content":{"rendered":"<div style=\"float: left;\">\n<div>\n<p><a href=\"https:\/\/estudiosdeldesarrollo.mx\/migracionydesarrollo\/numero-40\/\"><img loading=\"lazy\" decoding=\"async\" class=\" wp-image-111 alignleft\" src=\"https:\/\/estudiosdeldesarrollo.mx\/migracionydesarrollo\/wp-content\/uploads\/2023\/12\/MyD40portada.jpg\" alt=\"\" width=\"177\" height=\"246\" \/><\/a><\/p>\n<p><span style=\"color: #028575;\"><strong><em>Migraci\u00f3n y Desarrollo<\/em>, volumen 21, n\u00famero 40, primer semestre 2023<\/strong><\/span>, es una publicaci\u00f3n semestral editada por la Universidad Aut\u00f3noma de Zacatecas \u00abFrancisco Garc\u00eda Salinas\u00bb, a trav\u00e9s de la Unidad Acad\u00e9mica de Estudios del Desarrollo, Jard\u00edn Ju\u00e1rez 147, colonia Centro, Zacatecas, C.P. 98000, Tel. (01492) 922 91 09, www.uaz.edu.mx, www.estudiosdeldesarrollo.net, revistamyd@estudiosdeldesarrollo.net. Editor responsable: Ra\u00fal Delgado Wise. Reserva de Derechos al Uso Exclusivo V\u00eda Red C\u00f3mputo No. 04-2015-060212200400-203. ISSN: 2448-7783, ambos otorgados por el Instituto Nacional del Derecho de Autor. Responsable de \u00faltima actualizaci\u00f3n: Unidad Acad\u00e9mica de Estudios del Desarrollo, Maximino Gerardo Luna Estrada, Campus Universitario II, avenida Preparatoria s\/n, fraccionamiento Progreso, Zacatecas, C.P. 98065. Fecha de la \u00faltima modificaci\u00f3n, julio de 2023.<\/p>\n<p>Las opiniones expresadas por los autores no necesariamente reflejan la postura del editor de la publicaci\u00f3n. Queda estrictamente prohibida la reproducci\u00f3n total o parcial de los contenidos e im\u00e1genes de la publicaci\u00f3n sin previa autorizaci\u00f3n de la Universidad Aut\u00f3noma de Zacatecas \u00abFrancisco Garc\u00eda Salinas\u00bb a trav\u00e9s de la Unidad Acad\u00e9mica de Estudios del Desarrollo.<\/p>\n<p><a style=\"color: #999999;\" href=\"https:\/\/doi.org\/10.35533\/myd.numero38\" target=\"_blank\" rel=\"noopener noreferrer\"> https:\/\/doi.org\/10.35533\/myd.numero40<\/a><\/p>\n<\/div>\n<\/div>\n<div style=\"float: left; background-color: #f2f2f2; padding: 10px; width: 100%;\">\n<h4 style=\"color: #028575;\"><span style=\"color: #028575;\"><b><big>Editorial<\/big><\/b><\/span><\/h4>\n<h2 class=\"p1\"><span style=\"color: #000000;\">Veinte a\u00f1os de impulsar una agenda cr\u00edtica y alternativa de investigaci\u00f3n<\/span><\/h2>\n<h6 class=\"p5\"><span style=\"color: #000000;\">Ra\u00fal Delgado Wise*<\/span><\/h6>\n<p class=\"p1\" style=\"text-align: right; padding-left: 40px;\"><span class=\"s1\">*<\/span><span class=\"s1\">Mexicano. Docente investigador de la Unidad Acad\u00e9mica en Estudios del Desarrollo, Universidad Aut\u00f3noma de Zacatecas. Presidente de la Red Internacional de Migraci\u00f3n y Desarrollo. Correo-e: rdwise@uaz.edu.mx<\/span><span class=\"s1\">.<br \/>\n<\/span><\/p>\n<p class=\"p1\"><span style=\"color: #000000;\">Con la aparici\u00f3n del n\u00famero <span class=\"s1\">40<\/span> de <em><span class=\"s2\">Migraci\u00f3n y Desarrollo<\/span><\/em> celebramos el vig\u00e9simo aniversario de la revista. A lo largo de estas dos d\u00e9cadas hemos publicado <span class=\"s1\">240<\/span> art\u00edculos que exploran, desde un prisma anal\u00edtico, cr\u00edtico e interdisciplinario, aspectos cardinales de la compleja relaci\u00f3n entre migraci\u00f3n y desarrollo. Nuestro abordaje de la tem\u00e1tica no ha sido en absoluto neutro. Desde un principio nos propusimos desarrollar una visi\u00f3n comprehensiva del fen\u00f3meno que trascendiera las posturas dominantes o hegem\u00f3nicas alineadas a los intereses de los principales pa\u00edses del Norte receptores de migrantes (especialmente Estados Unidos y la Uni\u00f3n Europea) y que son implementadas a trav\u00e9s de una variada gama de pol\u00edticas p\u00fablicas, que cuentan con la anuencia \u2014e incluso, en algunos casos, con el impulso y acompa\u00f1amiento\u2014 de organismos internacionales clave como el Banco Mundial y la Organizaci\u00f3n Internacional para las Migraciones, as\u00ed como algunas entidades regionales como el Banco Interamericano de Desarrollo, el Centro Internacional para el Desarrollo de Pol\u00edticas Migratorias y la Organizaci\u00f3n para la Seguridad y la Cooperaci\u00f3n en Europa.<\/span><\/p>\n<p class=\"p2\"><span style=\"color: #000000;\"><span class=\"s3\">Asumir, como l\u00ednea editorial de la revista, una postura contrahegem\u00f3nica, que caracterizamos tambi\u00e9n como <\/span><em><span class=\"s4\">perspectiva del Sur<\/span><\/em><span class=\"s3\">, nos ha permitido expandir y elevar el debate sobre migraci\u00f3n y desarrollo hacia nuevos y m\u00e1s fecundos horizontes. Frente a la visi\u00f3n dominante, <\/span><em><span class=\"s4\">mainstream<\/span><\/em><span class=\"s3\"> o hegem\u00f3nica entre dicho nexo, que promueve una visi\u00f3n simplista y descontextualizada de dicho nexo centrada en las remesas \u2014concebidas como una palanca de desarrollo para los pa\u00edses de origen del migrante y una suerte de subsidio Norte-Sur\u2014, a trav\u00e9s de la revista se ha construido una visi\u00f3n integral del fen\u00f3meno enmarcada en una concepci\u00f3n cr\u00edtica del capitalismo e imperialismo contempor\u00e1neos. Desde este posicionamiento, lejos de concebir al mercado mundial como la culminaci\u00f3n de la modernidad capitalista y el punto final de un proceso inevitable que no tiene alternativa posible, como lo postula la ideolog\u00eda neoliberal, se ha promovido una concepci\u00f3n alterna en la que la migraci\u00f3n y la cuesti\u00f3n del desarrollo se inscriben \u2014y a la vez inciden\u2014 en la din\u00e1mica nacional y mundial del desarrollo capitalista, la divisi\u00f3n internacional del trabajo, el sistema imperialista de relaciones internacionales de poder, al igual que las contradicciones que rodean a la relaci\u00f3n capital-trabajo.<\/span><\/span><\/p>\n<p class=\"p2\"><span class=\"s3\" style=\"color: #000000;\">Resulta importante agregar, en esta perspectiva, que el capitalismo e imperialismo contempor\u00e1neos han venido a replantear y redimensionar, en m\u00faltiples sentidos, la cuesti\u00f3n de la migraci\u00f3n, el desarrollo y su v\u00ednculo rec\u00edproco. La migraci\u00f3n masiva en direcci\u00f3n Sur-Norte y Sur-Sur, as\u00ed como aquella que se despliega al interior de las naciones perif\u00e9ricas, se ha tornado crecientemente en un desplazamiento poblacional forzado, y a la vez en un factor esencial para la sostenibilidad del sistema. En los hechos \u2014y esto me parece fundamental advertirlo\u2014 se ha convertido en un rasgo distintivo de la reestructuraci\u00f3n neoliberal, en un elemento nodal y estrat\u00e9gico de la regulaci\u00f3n de los mercados laborales y las din\u00e1micas de acumulaci\u00f3n global. Desde este prisma anal\u00edtico, el an\u00e1lisis de la producci\u00f3n y reproducci\u00f3n de la fuerza de trabajo y del ej\u00e9rcito laboral de reserva se complejiza, poniendo de relieve que las remesas, lejos de fungir como una palanca de desarrollo para los pa\u00edses de origen, se convierten en un factor decisivo de la reproducci\u00f3n econ\u00f3mica, social y cultural de la fuerza de trabajo. <\/span><\/p>\n<p class=\"p2\"><span class=\"s3\" style=\"color: #000000;\">Contextualizar el an\u00e1lisis del nexo entre migraci\u00f3n y desarrollo en el marco del capitalismo e imperialismo contempor\u00e1neos, al tiempo que se aporta abundante informaci\u00f3n emp\u00edrica construida sobre la base de una amplia y variada gama de indicadores desmitificadores, ha sido una preocupaci\u00f3n permanente del consejo editorial. Ello nos ha permitido profundizar en el significado e implicaciones de la reestructuraci\u00f3n neoliberal y, en particular, en sus impactos diferenciados a lo largo del horizonte Norte-Sur o centro-periferia. <\/span><\/p>\n<p class=\"p2\"><span class=\"s3\" style=\"color: #000000;\">El an\u00e1lisis y caracterizaci\u00f3n de la crisis multidimensional, de alcances epocales o civilizatorios, por la que atraviesan el capitalismo contempor\u00e1neo y la humanidad entera, ha sido un tema recurrente y un foco de inter\u00e9s continuo. Su abordaje, tomando en consideraci\u00f3n sus causas e impactos diferenciados, evidencia la necesidad de trascender el capitalismo y avanzar hacia una modernidad alternativa, al asignar a la periferia y a las clases subalternas un papel protag\u00f3nico. <\/span><\/p>\n<p class=\"p2\"><span style=\"color: #000000;\">Desde este mirador cr\u00edtico, el an\u00e1lisis de las graves \u2014y peligrosas\u2014 contradicciones por las que transita el capitalismo contempor\u00e1neo cobra especial relevancia. Entre otras cosas, a trav\u00e9s de los diversos trabajos publicados en <em><span class=\"s2\">Migraci\u00f3n y Desarrollo<\/span><\/em>, se advierte: <em><span class=\"s2\">a)<\/span><\/em> la ingente concentraci\u00f3n y centralizaci\u00f3n del capital en las principales potencias imperialistas con el predominio, casi absoluto, del capital monopolista mediante la expansi\u00f3n, a escala planetaria, de un pu\u00f1ado de grandes corporaciones multinacionales; <em><span class=\"s2\">b)<\/span><\/em> la omnipresencia del capital financiero-especulativo en esta trama; <em><span class=\"s2\">c)<\/span><\/em> la cr\u00edtica reestructuraci\u00f3n emprendida por el capital monopolista, al trasladar parte de sus procesos productivos, comerciales y de servicios hacia la periferia en busca de fuerza de trabajo barata y recursos naturales; <em><span class=\"s2\">d)<\/span><\/em> la profunda reestructuraci\u00f3n acometida por los ecosistemas de innovaci\u00f3n, con Silicon Valley a la vanguardia, que acelera las din\u00e1micas de innovaci\u00f3n y pone los productos del trabajo cient\u00edfico y tecnol\u00f3gico (<em><span class=\"s2\">i. e.<\/span><\/em>, del <em><span class=\"s2\">general intellect<\/span><\/em>) al servicio del gran capital; <em><span class=\"s2\">e)<\/span><\/em> la creciente participaci\u00f3n de cient\u00edficos y tecn\u00f3logos provenientes de pa\u00edses perif\u00e9ricos y emergentes en las din\u00e1micas de innovaci\u00f3n y desarrollo de las fuerzas productivas; <em><span class=\"s4\">f)<\/span><\/em><span class=\"s3\"> el curso distorsionado y crecientemente depredador que ha seguido el desarrollo de las fuerzas productivas, que exacerba la contradicci\u00f3n entre valor de uso y valor; y <\/span><em><span class=\"s4\">g)<\/span><\/em><span class=\"s3\"> el desbordamiento y distribuci\u00f3n desigual del ej\u00e9rcito laboral de reserva a escala planetaria, el cual asigna a la periferia el papel de reservorio de fuerza de trabajo barata y flexible, para concentrar en ella una masa desproporcionalmente mayor de la sobrepoblaci\u00f3n generada y excluida por el capital. Esto \u00faltimo desvela un elemento estructural clave para descifrar la naturaleza de la migraci\u00f3n contempor\u00e1nea y su car\u00e1cter predominantemente forzado.<\/span><\/span><\/p>\n<p class=\"p2\"><span style=\"color: #000000;\"><span class=\"s3\">Resulta en particular significativo, en esta vertiente anal\u00edtica, profundizar en la manera como \u00e9stos, junto a otros rasgos distintivos y contradicciones inherentes a la globalizaci\u00f3n neoliberal, contribuyen a replantear \u2014como en efecto se consigna a trav\u00e9s de las p\u00e1ginas de la revista\u2014 la <\/span><em><span class=\"s4\">cuesti\u00f3n del desarrollo<\/span><\/em><span class=\"s3\"> de cara al siglo XXI. Esto nos ha provisto de un mirador privilegiado para desentra\u00f1ar la relaci\u00f3n entre migraci\u00f3n y desarrollo y as\u00ed vislumbrar posibilidades emancipadoras de transformaci\u00f3n social. <\/span><\/span><\/p>\n<p class=\"p2\"><span style=\"color: #000000;\"><span class=\"s3\">Partiendo del pensamiento cr\u00edtico latinoamericano y, en espec\u00edfico, de la teor\u00eda marxista de la dependencia, diversos trabajos publicados en <\/span><em><span class=\"s4\">Migraci\u00f3n y Desarrollo<\/span><\/em><span class=\"s3\"> nos advierten acerca de la emergencia de una <\/span><em><span class=\"s4\">nueva divisi\u00f3n internacional del trabajo<\/span><\/em><span class=\"s3\"> que acent\u00faa las din\u00e1micas de intercambio desigual y redefine, en un sentido profundo, las relaciones de dependencia. En el coraz\u00f3n de estos planteamientos subyace la exportaci\u00f3n de la mercanc\u00eda primordial para la valorizaci\u00f3n del capital: la <\/span><span class=\"s4\"><em>fuerza de trabajo<\/em>.<\/span><span class=\"s3\"> Adem\u00e1s de su exportaci\u00f3n directa por v\u00eda de la migraci\u00f3n laboral, se hace referencia a una exportaci\u00f3n indirecta o incorp\u00f3rea de dicha mercanc\u00eda vinculada con el <\/span><em><span class=\"s4\">modus operandi<\/span><\/em><span class=\"s3\"> de las plantas de ensamble instaladas en los pa\u00edses perif\u00e9ricos. <\/span><\/span><\/p>\n<p class=\"p2\"><span style=\"color: #000000;\">Otro fen\u00f3meno que ha recibido especial atenci\u00f3n en la revista \u2014y en la literatura especializada\u2014 es el correspondiente al acelerado crecimiento que experimenta la migraci\u00f3n calificada y altamente calificada proveniente de la periferia. M\u00e1s que una fuga o ganancia de cerebros, como vulgar y superficialmente se le concibe, se trata de un fen\u00f3meno asociado a la divisi\u00f3n del trabajo en el seno de la manufactura, entre actividades intensivas en conocimiento y en fuerza de trabajo, as\u00ed como a la reestructuraci\u00f3n de los ecosistemas de innovaci\u00f3n.<\/span><\/p>\n<p class=\"p2\"><span class=\"s3\" style=\"color: #000000;\">Teniendo en cuenta estas grandes consideraciones, el horizonte anal\u00edtico cubierto por la revista comprende un vasto abanico tem\u00e1tico que va desde contribuciones te\u00f3ricas y metodol\u00f3gicas al an\u00e1lisis e interpretaci\u00f3n del nexo entre migraci\u00f3n y desarrollo, hasta cuestiones relativas a la agenda migratoria nacional, regional e internacional y la defensa de los derechos humanos de la comunidad migrante, donde la cuesti\u00f3n de la gobernanza migratoria ocupa un lugar trascendental. <\/span><\/p>\n<p class=\"p2\"><span class=\"s3\" style=\"color: #000000;\">Todo lo anterior nos ha permitido perfilar una agenda cr\u00edtica y propositiva de investigaci\u00f3n \u2014y acci\u00f3n\u2014 de car\u00e1cter contrahegem\u00f3nico que, como lo destacamos desde el primer n\u00famero de la revista, m\u00e1s que simplemente negar y contraponerse a la agenda dominante o hegem\u00f3nica de investigaci\u00f3n en el campo, busca trascenderla. <\/span><\/p>\n<p class=\"p2\"><span style=\"color: #000000;\"><span class=\"s3\">No quisiera terminar este breve comentario editorial, a prop\u00f3sito del vig\u00e9simo aniversario de <\/span><em><span class=\"s4\">Migraci\u00f3n y Desarrollo<\/span><\/em><span class=\"s3\">, sin destacar el valioso y profesional trabajo que a lo largo de estas primeras dos d\u00e9cadas han realizado las y los integrantes de nuestro departamento editorial. Vaya para ellos mi m\u00e1s sincero reconocimiento. Vaya tambi\u00e9n mi reconocimiento a quienes, con su conocimiento, entrega y compromiso, han contribuido a construir y enriquecer la agenda cr\u00edtica y alternativa de investigaci\u00f3n promovida por la revista. <\/span><\/span><\/p>\n<p class=\"p2\"><span class=\"s3\" style=\"color: #000000;\">Por \u00faltimo, quisiera subrayar el enorme legado que a lo largo de este trayecto nos ha dejado mi entra\u00f1able colega y amigo, Stephen Castles. Sus valiosos aportes a la revista, sus inapreciables ense\u00f1anzas y su ejemplo a seguir son y seguir\u00e1n siendo para nosotros un referente insoslayable. <\/span><\/p>\n<\/div>\n<div style=\"float: left; background-color: #f2f2f2; padding: 10px; width: 100%;\">\n<p class=\"p1\"><a style=\"font-size: inherit; background-color: #ffffff;\" href=\"http:\/\/creativecommons.org\/licenses\/by-nc-nd\/4.0\/\" rel=\"license\"><img decoding=\"async\" style=\"border-width: 0;\" src=\"https:\/\/i.creativecommons.org\/l\/by-nc-nd\/4.0\/88x31.png\" alt=\"Licencia de Creative Commons\" \/><\/a><\/p>\n<\/div>\n<p><span style=\"color: #808080;\">Este obra est\u00e1 bajo una <a style=\"color: #808080;\" href=\"http:\/\/creativecommons.org\/licenses\/by-nc-nd\/4.0\/\" rel=\"license\">licencia de Creative Commons Reconocimiento-NoComercial-SinObraDerivada 4.0 Internacional<\/a>.<\/span><\/p>\n","protected":false},"excerpt":{"rendered":"<p>Migraci\u00f3n y Desarrollo, volumen 21, n\u00famero 40, primer semestre 2023, es una publicaci\u00f3n semestral editada por la Universidad Aut\u00f3noma de Zacatecas \u00abFrancisco Garc\u00eda Salinas\u00bb, a trav\u00e9s de la Unidad Acad\u00e9mica de Estudios del Desarrollo, Jard\u00edn Ju\u00e1rez 147, colonia Centro, Zacatecas,<\/p>\n","protected":false},"author":2,"featured_media":0,"parent":0,"menu_order":0,"comment_status":"closed","ping_status":"closed","template":"","meta":{"footnotes":""},"class_list":["post-2191","page","type-page","status-publish","hentry"],"_links":{"self":[{"href":"https:\/\/estudiosdeldesarrollo.mx\/migracionydesarrollo\/wp-json\/wp\/v2\/pages\/2191","targetHints":{"allow":["GET"]}}],"collection":[{"href":"https:\/\/estudiosdeldesarrollo.mx\/migracionydesarrollo\/wp-json\/wp\/v2\/pages"}],"about":[{"href":"https:\/\/estudiosdeldesarrollo.mx\/migracionydesarrollo\/wp-json\/wp\/v2\/types\/page"}],"author":[{"embeddable":true,"href":"https:\/\/estudiosdeldesarrollo.mx\/migracionydesarrollo\/wp-json\/wp\/v2\/users\/2"}],"replies":[{"embeddable":true,"href":"https:\/\/estudiosdeldesarrollo.mx\/migracionydesarrollo\/wp-json\/wp\/v2\/comments?post=2191"}],"version-history":[{"count":1,"href":"https:\/\/estudiosdeldesarrollo.mx\/migracionydesarrollo\/wp-json\/wp\/v2\/pages\/2191\/revisions"}],"predecessor-version":[{"id":2192,"href":"https:\/\/estudiosdeldesarrollo.mx\/migracionydesarrollo\/wp-json\/wp\/v2\/pages\/2191\/revisions\/2192"}],"wp:attachment":[{"href":"https:\/\/estudiosdeldesarrollo.mx\/migracionydesarrollo\/wp-json\/wp\/v2\/media?parent=2191"}],"curies":[{"name":"wp","href":"https:\/\/api.w.org\/{rel}","templated":true}]}}