{"id":49,"date":"2018-11-07T17:38:29","date_gmt":"2018-11-07T17:38:29","guid":{"rendered":"https:\/\/estudiosdeldesarrollo.mx\/estudioscriticosdeldesarrollo\/?page_id=49"},"modified":"2022-03-28T18:16:11","modified_gmt":"2022-03-28T18:16:11","slug":"evaluacion-por-pares","status":"publish","type":"page","link":"https:\/\/estudiosdeldesarrollo.mx\/estudioscriticosdeldesarrollo\/evaluacion-por-pares\/","title":{"rendered":"Evaluaci\u00f3n por pares"},"content":{"rendered":"<div class=\"entry-content clearfix\">\n<p>La publicaci\u00f3n de cualquier texto en la revista&nbsp;<em>Estudios Cr\u00edticos del Desarrollo<\/em>&nbsp;est\u00e1 sujeta a las pautas editoriales; ello incluye la evaluaci\u00f3n por pares, etapa fundamental para la construcci\u00f3n del pensamiento cr\u00edtico, que se sustenta en la objetividad, la valoraci\u00f3n de fuentes, la confidencialidad y la contribuci\u00f3n a las decisiones editoriales.<\/p>\n<p>Al respecto, todos los textos se someten a una valoraci\u00f3n editorial preliminar en la que se establece si cumplen con los requisitos y si se adhieren a la tem\u00e1tica de la revista. Los documentos correspondientes a las secciones \u00abArt\u00edculos\u00bb y \u00abDebate\u00bb son evaluados mediante el sistema doble ciego tanto por revisores internos como por revisores externos. En cuanto a la secci\u00f3n \u00abLa voz de los actores\u00bb, por sus caracter\u00edsticas, la selecci\u00f3n y valoraci\u00f3n de los escritos compete al Consejo Editorial.<\/p>\n<p>Es preciso aclarar que todos los participantes en el proceso de evaluaci\u00f3n se rigen por las normas contenidas en el&nbsp;<span style=\"color: #000000;\"><a style=\"color: #000000;\" href=\"https:\/\/estudiosdeldesarrollo.mx\/migracionydesarrollo\/codigo-de-etica\/\" target=\"_blank\" rel=\"noopener noreferrer\">C\u00f3digo de \u00c9tica<\/a><\/span>, que a su vez se sustenta en los<span style=\"color: #000000;\">&nbsp;<a style=\"color: #000000;\" href=\"https:\/\/publicationethics.org\/core-practices\" target=\"_blank\" rel=\"noopener noreferrer\">principios del Comit\u00e9 de \u00c9tica en Publicaci\u00f3n (COPE)<\/a><\/span>. Para que un texto sea publicado, es indispensable que cuente con dos dict\u00e1menes positivos. A continuaci\u00f3n se describe el proceso de evaluaci\u00f3n.<\/p>\n<ul>\n<li>Los resultados del dictamen pueden enunciarse de cuatro formas:<\/li>\n<\/ul>\n<p><em>1.<\/em>&nbsp;Aprobado sin modificaciones<br \/>\n<em>2.<\/em>&nbsp;Aprobado con modificaciones menores<br \/>\n<em>3.<\/em>&nbsp;Aprobado con modificaciones mayores<br \/>\n<em>4.<\/em>&nbsp;No aprobado<\/p>\n<p>Referente a la forma 3, es preciso que el documento modificado sea revisado de nueva cuenta por los \u00e1rbitros.<\/p>\n<ul>\n<li>Si el texto obtiene un dictamen positivo y otro negativo, un tercer \u00e1rbitro realizar\u00e1 la valoraci\u00f3n.<\/li>\n<li>Cabe advertir que la aceptaci\u00f3n de un documento evaluado y aprobado no implica su publicaci\u00f3n inmediata, tal decisi\u00f3n concierne al Consejo Editorial, seg\u00fan los tiempos y las tem\u00e1ticas editoriales.<\/li>\n<li>En caso de dudas o inconformidades acerca del proceso de evaluaci\u00f3n, el autor puede dirigirse al coordinador editorial, quien atender\u00e1 la solicitud.<\/li>\n<\/ul>\n<\/div>\n<footer class=\"entry-meta-bar clearfix\"><\/footer>\n","protected":false},"excerpt":{"rendered":"<p>La publicaci\u00f3n de cualquier texto en la revista&nbsp;Estudios Cr\u00edticos del Desarrollo&nbsp;est\u00e1 sujeta a las pautas editoriales; ello incluye la evaluaci\u00f3n por pares, etapa fundamental para la construcci\u00f3n del pensamiento cr\u00edtico, que se sustenta en la objetividad, la valoraci\u00f3n de fuentes,<\/p>\n","protected":false},"author":2,"featured_media":0,"parent":0,"menu_order":0,"comment_status":"closed","ping_status":"closed","template":"","meta":{"footnotes":""},"class_list":["post-49","page","type-page","status-publish","hentry"],"_links":{"self":[{"href":"https:\/\/estudiosdeldesarrollo.mx\/estudioscriticosdeldesarrollo\/wp-json\/wp\/v2\/pages\/49","targetHints":{"allow":["GET"]}}],"collection":[{"href":"https:\/\/estudiosdeldesarrollo.mx\/estudioscriticosdeldesarrollo\/wp-json\/wp\/v2\/pages"}],"about":[{"href":"https:\/\/estudiosdeldesarrollo.mx\/estudioscriticosdeldesarrollo\/wp-json\/wp\/v2\/types\/page"}],"author":[{"embeddable":true,"href":"https:\/\/estudiosdeldesarrollo.mx\/estudioscriticosdeldesarrollo\/wp-json\/wp\/v2\/users\/2"}],"replies":[{"embeddable":true,"href":"https:\/\/estudiosdeldesarrollo.mx\/estudioscriticosdeldesarrollo\/wp-json\/wp\/v2\/comments?post=49"}],"version-history":[{"count":4,"href":"https:\/\/estudiosdeldesarrollo.mx\/estudioscriticosdeldesarrollo\/wp-json\/wp\/v2\/pages\/49\/revisions"}],"predecessor-version":[{"id":1391,"href":"https:\/\/estudiosdeldesarrollo.mx\/estudioscriticosdeldesarrollo\/wp-json\/wp\/v2\/pages\/49\/revisions\/1391"}],"wp:attachment":[{"href":"https:\/\/estudiosdeldesarrollo.mx\/estudioscriticosdeldesarrollo\/wp-json\/wp\/v2\/media?parent=49"}],"curies":[{"name":"wp","href":"https:\/\/api.w.org\/{rel}","templated":true}]}}